{"id":251,"date":"2018-02-18T23:53:27","date_gmt":"2018-02-18T22:53:27","guid":{"rendered":"https:\/\/site.uit.no\/academiaborealis\/?page_id=251"},"modified":"2019-05-16T23:15:41","modified_gmt":"2019-05-16T21:15:41","slug":"arrangementer-2018-2","status":"publish","type":"page","link":"https:\/\/site.uit.no\/academiaborealis\/arrangementer\/arrangementer-2018-2\/","title":{"rendered":"Arrangementer 2018"},"content":{"rendered":"<p><img decoding=\"async\" class=\"wp-image-126 alignright\" src=\"https:\/\/site.uit.no\/academiaborealis\/wp-content\/uploads\/sites\/257\/2016\/11\/logo20academia20borealis-1-235x300.png\" alt=\"\" width=\"110\" height=\"140\" \/><\/p>\n<div><\/div>\n<div><\/div>\n<div><\/div>\n<div><\/div>\n<div><\/div>\n<div><\/div>\n<div><\/div>\n<div>\n<div>Invitasjon til Harangforedrag:<\/div>\n<h4><strong>onsdag 7. november 2018, kl. 1900<\/strong><\/h4>\n<p><em>Troms\u00f8 Museum Universitetsmuseum, Rotunden.\u00a0<\/em>Lars Th\u00f8ringsvei 10<\/p>\n<h2><strong>Prof. Marit Reigstad og\u00a0<\/strong><strong>Prof. J\u00f8rgen Berge<\/strong><\/h2>\n<p><em><strong>Arktisk og marin biologi,\u00a0\u00a0<\/strong><strong>Norges Fiskerih\u00f8gskole<\/strong><\/em><\/p>\n<p><em><strong>Universitetet i Troms\u00f8, Norges arktiske universitet<\/strong><\/em><\/p>\n<h1>\u2018<strong>Hav i nord og m\u00f8rke\u2019<\/strong><\/h1>\n<p>Havet i nord er i endring. Vi ser p\u00e5 mange m\u00e5ter konturene av et nytt Arktis, og behovet for kunnskap om dette nye Arktis i rask endring er \u00f8kende. Forskningsprosjektene\u00a0<strong><em>Arven etter Nansen<\/em><\/strong>\u00a0og\u00a0<strong><em>Polarnatt-<\/em><\/strong>prosjektet viser p\u00e5 hver sin m\u00e5te hvordan vi gjennom nytenkning og ny teknologi kan snu opp ned p\u00e5 etablerte forestillinger og angripe komplekse forskningsutfordringer i nord<\/p>\n<\/div>\n<div><\/div>\n<div>\n<hr \/>\n<\/div>\n<div>Invitasjon til medlemsm\u00f8te:<\/div>\n<h3 style=\"text-align: left\"><strong>torsdag 3. mai 2018, kl. 1900<\/strong><\/h3>\n<p style=\"text-align: left\">Troms\u00f8 Museum Universitetsmuseum, Rotunden.<br \/>\nLars Th\u00f8ringsvei 10<\/p>\n<h2 style=\"text-align: left\"><strong>Prof. emerita Gerd Bj\u00f8rhovde<\/strong><\/h2>\n<h4 style=\"text-align: left\"><em>Institutt for spr\u00e5k og kultur, UiT Norges arktiske universitet<\/em><\/h4>\n<h2 style=\"text-align: left\">og\u00a0 <strong>prof. Terje Traavik<\/strong><\/h2>\n<h4 style=\"text-align: left\"><em>fhv. prof. ved UiT Norges arktiske universitet <\/em><br \/>\n<em>og forskningssjef ved Gen\u00d8k, Senter for biosikkerhet<\/em><\/h4>\n<p style=\"text-align: left\">samtaler om:<\/p>\n<h2 style=\"text-align: left\">\u201cTilh\u00f8righet, uavhengighet, visjoner:<br \/>\nEr 2018-versjonen det universitetet i nord\u00a0vi dr\u00f8mte om og strebet mot?\u201d<\/h2>\n<p><em>Sp\u00f8rsm\u00e5l og debatt. M\u00f8tet er \u00e5pent for alle interesserte<\/em><\/p>\n<p><strong>V e l k o m m e n!<\/strong><\/p>\n<p>Synn\u00f8ve des Bouvrie,<br \/>\nPreses<\/p>\n<p>&nbsp;<\/p>\n<p>&nbsp;<\/p>\n<p>&nbsp;<\/p>\n<p>&nbsp;<\/p>\n<p>&nbsp;<\/p>\n<hr \/>\n<h2><span style=\"color: #0000ff\"><strong>\u00c5rsm\u00f8teforedrag 2018<\/strong><\/span><\/h2>\n<h3>mandag 12.mars 2018, kl. 1900<\/h3>\n<p><em>Troms\u00f8 Museum Universitetsmuseum, Rotunden.<\/em><\/p>\n<p>Lars Th\u00f8ringsvei 10<\/p>\n<h3 style=\"text-align: left\"><strong>Prof. Dr.polit. Jon-H\u00e5kon Schultz <\/strong><\/h3>\n<p style=\"text-align: left\"><em><strong>Ved Institutt for l\u00e6rerutdanning og pedagogikk<br \/>\n<\/strong><\/em><em><strong>UiT, Norges arktiske universitet<\/strong><\/em><\/p>\n<h3 style=\"text-align: left\">\u2018<strong>Kriser og traumer <\/strong><strong>\u2013 skoleelevers opplevelser av traumatisk stress etter 22. juli og fra tre kriger i Gaza.<\/strong>\u2019<\/h3>\n<p style=\"text-align: left\"><strong>Sammenfatning<\/strong>.<\/p>\n<p><em>Forskning fra de siste 30 \u00e5r har gitt oss god forst\u00e5else av traumer og traumereaksjoner. Det vi har mindre kunnskap om er hvordan traumereaksjoner oppleves for ulike aldersgrupper p\u00e5 ulike sosiale arenaer. Professor Schultz gir oss innblikk fra to forskningsprosjekter om traumeeksponerte elever i Norge og i Gaza.<\/em><\/p>\n<p>Diskusjonen ledes av Prof. Dr. polit. Astrid Strandbu, Institutt for l\u00e6rerutdanning og pedagogikk<\/p>\n<p><em>Sp\u00f8rsm\u00e5l og debatt. M\u00f8tet er \u00e5pent for alle interesserte<\/em><\/p>\n<p><strong>V e l k o m m e n!<\/strong><\/p>\n<p>Synn\u00f8ve des Bouvrie,<br \/>\nPreses<\/p>\n<iframe src=\"http:\/\/www.facebook.com\/plugins\/like.php?href=https%3A%2F%2Fsite.uit.no%2Facademiaborealis%2Farrangementer%2Farrangementer-2018-2%2F&amp;layout=standard&amp;show_faces=true&amp;width=450&amp;action=like&amp;colorscheme=light&amp;height=80\" scrolling=\"no\" frameborder=\"0\" style=\"border:none; overflow:hidden; width:450px; height:80px;\" allowTransparency=\"true\"><\/iframe>","protected":false},"excerpt":{"rendered":"<p>Invitasjon til Harangforedrag: onsdag 7. november 2018, kl. 1900 Troms\u00f8 Museum Universitetsmuseum, Rotunden.\u00a0Lars Th\u00f8ringsvei 10 Prof. Marit Reigstad og\u00a0Prof. J\u00f8rgen Berge Arktisk og marin biologi,\u00a0\u00a0Norges Fiskerih\u00f8gskole Universitetet i Troms\u00f8, Norges arktiske universitet \u2018Hav i nord og m\u00f8rke\u2019 Havet i nord er i endring. Vi ser p\u00e5 mange m\u00e5ter konturene av et nytt Arktis, og behovet [&hellip;]<\/p>\n","protected":false},"author":602,"featured_media":0,"parent":56,"menu_order":0,"comment_status":"closed","ping_status":"closed","template":"","meta":{"footnotes":""},"class_list":["post-251","page","type-page","status-publish","hentry"],"_links":{"self":[{"href":"https:\/\/site.uit.no\/academiaborealis\/wp-json\/wp\/v2\/pages\/251","targetHints":{"allow":["GET"]}}],"collection":[{"href":"https:\/\/site.uit.no\/academiaborealis\/wp-json\/wp\/v2\/pages"}],"about":[{"href":"https:\/\/site.uit.no\/academiaborealis\/wp-json\/wp\/v2\/types\/page"}],"author":[{"embeddable":true,"href":"https:\/\/site.uit.no\/academiaborealis\/wp-json\/wp\/v2\/users\/602"}],"replies":[{"embeddable":true,"href":"https:\/\/site.uit.no\/academiaborealis\/wp-json\/wp\/v2\/comments?post=251"}],"version-history":[{"count":7,"href":"https:\/\/site.uit.no\/academiaborealis\/wp-json\/wp\/v2\/pages\/251\/revisions"}],"predecessor-version":[{"id":282,"href":"https:\/\/site.uit.no\/academiaborealis\/wp-json\/wp\/v2\/pages\/251\/revisions\/282"}],"up":[{"embeddable":true,"href":"https:\/\/site.uit.no\/academiaborealis\/wp-json\/wp\/v2\/pages\/56"}],"wp:attachment":[{"href":"https:\/\/site.uit.no\/academiaborealis\/wp-json\/wp\/v2\/media?parent=251"}],"curies":[{"name":"wp","href":"https:\/\/api.w.org\/{rel}","templated":true}]}}