{"id":1177,"date":"2025-04-15T10:26:37","date_gmt":"2025-04-15T08:26:37","guid":{"rendered":"https:\/\/site.uit.no\/arcticyouth\/?page_id=1177"},"modified":"2026-04-15T12:39:22","modified_gmt":"2026-04-15T10:39:22","slug":"styre","status":"publish","type":"page","link":"https:\/\/site.uit.no\/arcticyouth\/hva_gjor_vi\/styre\/","title":{"rendered":"Styre"},"content":{"rendered":"<p>[et_pb_section fb_built=&raquo;1&#8243; _builder_version=&raquo;4.27.4&#8243; _module_preset=&raquo;default&raquo; background_image=&raquo;https:\/\/site.uit.no\/arcticyouth\/wp-content\/uploads\/sites\/525\/2024\/12\/AY_Background_Long-1.png&raquo; parallax=&raquo;on&raquo; custom_padding=&raquo;26px||1px|||&raquo; hover_enabled=&raquo;0&#8243; global_colors_info=&raquo;{}&raquo; sticky_enabled=&raquo;0&#8243;][et_pb_row disabled_on=&raquo;off|off|off&raquo; _builder_version=&raquo;4.27.0&#8243; _module_preset=&raquo;default&raquo; background_image=&raquo;https:\/\/site.uit.no\/arcticyouth\/wp-content\/uploads\/sites\/525\/2024\/12\/AY_Banner_narrow-4.png&raquo; parallax=&raquo;on&raquo; background_pattern_vertical_offset=&raquo;-15%&raquo; background_pattern_repeat=&raquo;repeat-x&raquo; min_height=&raquo;147px&raquo; custom_padding=&raquo;||25px|||&raquo; locked=&raquo;off&raquo; global_colors_info=&raquo;{}&raquo;][et_pb_column type=&raquo;4_4&#8243; _builder_version=&raquo;4.27.0&#8243; _module_preset=&raquo;default&raquo; global_colors_info=&raquo;{}&raquo;][et_pb_heading title=&raquo;Hvem sitter i styret?&raquo; _builder_version=&raquo;4.27.0&#8243; _module_preset=&raquo;default&raquo; title_font=&raquo;Fredoka|||on|||||&raquo; title_text_color=&raquo;#e63372&#8243; title_font_size=&raquo;49px&raquo; custom_margin=&raquo;|||-83px|false|false&raquo; custom_margin_tablet=&raquo;|||0px|false|false&raquo; custom_margin_phone=&raquo;|||0px|false|false&raquo; custom_margin_last_edited=&raquo;on|tablet&raquo; custom_padding=&raquo;|||0px|false|false&raquo; title_font_size_tablet=&raquo;49px&raquo; title_font_size_phone=&raquo;36px&raquo; title_font_size_last_edited=&raquo;on|phone&raquo; global_colors_info=&raquo;{}&raquo;][\/et_pb_heading][\/et_pb_column][\/et_pb_row][et_pb_row column_structure=&raquo;1_4,1_4,1_4,1_4&#8243; use_custom_gutter=&raquo;on&raquo; gutter_width=&raquo;2&#8243; make_equal=&raquo;on&raquo; disabled_on=&raquo;off|off|off&raquo; _builder_version=&raquo;4.27.4&#8243; _module_preset=&raquo;default&raquo; module_alignment=&raquo;center&raquo; global_colors_info=&raquo;{}&raquo;][et_pb_column type=&raquo;1_4&#8243; _builder_version=&raquo;4.27.0&#8243; _module_preset=&raquo;default&raquo; global_colors_info=&raquo;{}&raquo;][et_pb_image src=&raquo;https:\/\/site.uit.no\/arcticyouth\/wp-content\/uploads\/sites\/525\/2024\/12\/Rita.jpg&raquo; title_text=&raquo;Rita&raquo; _builder_version=&raquo;4.27.4&#8243; _module_preset=&raquo;default&raquo; locked=&raquo;off&raquo; global_colors_info=&raquo;{}&raquo;][\/et_pb_image][\/et_pb_column][et_pb_column type=&raquo;1_4&#8243; _builder_version=&raquo;4.27.0&#8243; _module_preset=&raquo;default&raquo; global_colors_info=&raquo;{}&raquo;][et_pb_text disabled_on=&raquo;off|off|off&raquo; _builder_version=&raquo;4.27.4&#8243; _module_preset=&raquo;default&raquo; text_font=&raquo;|300|||||||&raquo; header_font=&raquo;Fredoka|500||on|||||&raquo; header_text_color=&raquo;#E63372&#8243; header_font_size=&raquo;24px&raquo; header_2_font=&raquo;Fredoka||||||||&raquo; header_2_font_size=&raquo;19px&raquo; text_orientation=&raquo;justified&raquo; locked=&raquo;off&raquo; global_colors_info=&raquo;{}&raquo;]<\/p>\n<h1 style=\"text-align: left\">Rita s\u00f8rly<\/h1>\n<h2 style=\"text-align: left\">Senterleder<\/h2>\n<h2>AP5 Leder<\/h2>\n<h2 style=\"text-align: left\">Professor<\/h2>\n<p style=\"text-align: left\">Jeg arbeider med samarbeidsbasert forskning, og er opptatt av narrativ teori og metode. Jeg liker \u00e5 reise, lese, h\u00f8re p\u00e5 musikk, se film og arbeide i hagen.<\/p>\n<p>[\/et_pb_text][\/et_pb_column][et_pb_column type=&raquo;1_4&#8243; _builder_version=&raquo;4.27.0&#8243; _module_preset=&raquo;default&raquo; global_colors_info=&raquo;{}&raquo;][et_pb_image src=&raquo;https:\/\/site.uit.no\/arcticyouth\/wp-content\/uploads\/sites\/525\/2025\/03\/Marius.jpg&raquo; title_text=&raquo;Marius&raquo; disabled_on=&raquo;off|off|off&raquo; _builder_version=&raquo;4.27.4&#8243; _module_preset=&raquo;default&raquo; global_colors_info=&raquo;{}&raquo;][\/et_pb_image][\/et_pb_column][et_pb_column type=&raquo;1_4&#8243; _builder_version=&raquo;4.27.0&#8243; _module_preset=&raquo;default&raquo; global_colors_info=&raquo;{}&raquo;][et_pb_text _builder_version=&raquo;4.27.4&#8243; _module_preset=&raquo;default&raquo; text_font=&raquo;|300|||||||&raquo; header_font=&raquo;Fredoka|500||on|||||&raquo; header_text_color=&raquo;#E63372&#8243; header_font_size=&raquo;24px&raquo; header_2_font=&raquo;Fredoka||||||||&raquo; header_2_font_size=&raquo;19px&raquo; text_orientation=&raquo;justified&raquo; global_colors_info=&raquo;{}&raquo;]<\/p>\n<h1>Marius Storvik<\/h1>\n<h2 style=\"text-align: left\">AP1 leder<\/h2>\n<h2>F\u00f8rsteamanuensis<\/h2>\n<p style=\"text-align: left\">Jeg er jurist med en doktorgrad om tvang i helsevesenet. Mine forskningsinteresser er hvordan juss kan st\u00f8tte barn og unge. Ellers er jeg truckf\u00f8rer uten truck, kokk uten restaurant og dikter uten forlag.<\/p>\n<p>[\/et_pb_text][\/et_pb_column][\/et_pb_row][et_pb_row column_structure=&raquo;1_4,1_4,1_4,1_4&#8243; use_custom_gutter=&raquo;on&raquo; gutter_width=&raquo;2&#8243; make_equal=&raquo;on&raquo; disabled_on=&raquo;off|off|off&raquo; _builder_version=&raquo;4.27.4&#8243; _module_preset=&raquo;default&raquo; module_alignment=&raquo;center&raquo; locked=&raquo;off&raquo; global_colors_info=&raquo;{}&raquo;][et_pb_column type=&raquo;1_4&#8243; _builder_version=&raquo;4.27.0&#8243; _module_preset=&raquo;default&raquo; global_colors_info=&raquo;{}&raquo;][et_pb_image src=&raquo;https:\/\/site.uit.no\/arcticyouth\/wp-content\/uploads\/sites\/525\/2024\/12\/8.png&raquo; alt=&raquo;Photo of Merete Saus&raquo; title_text=&raquo;8&#8243; _builder_version=&raquo;4.27.4&#8243; _module_preset=&raquo;default&raquo; global_colors_info=&raquo;{}&raquo;][\/et_pb_image][\/et_pb_column][et_pb_column type=&raquo;1_4&#8243; _builder_version=&raquo;4.27.0&#8243; _module_preset=&raquo;default&raquo; global_colors_info=&raquo;{}&raquo;][et_pb_text _builder_version=&raquo;4.27.4&#8243; _module_preset=&raquo;default&raquo; text_font=&raquo;|300|||||||&raquo; header_font=&raquo;Fredoka|500||on|||||&raquo; header_text_color=&raquo;#E63372&#8243; header_font_size=&raquo;24px&raquo; header_2_font=&raquo;Fredoka||||||||&raquo; header_2_font_size=&raquo;19px&raquo; text_orientation=&raquo;justified&raquo; global_colors_info=&raquo;{}&raquo;]<\/p>\n<h1>Merete Saus<\/h1>\n<h2>AP2 leder<\/h2>\n<h2>Professor<\/h2>\n<p style=\"text-align: left\">Jeg skrev min PhD innen barnevern i samisk kontekst. Mine forskningsinteresser er skoleutvikling, minoriteter, barnevern, psykisk helse og barn og unge. Jeg liker \u00e5 isbade og g\u00e5 fjellturer.<\/p>\n<p>[\/et_pb_text][\/et_pb_column][et_pb_column type=&raquo;1_4&#8243; _builder_version=&raquo;4.27.0&#8243; _module_preset=&raquo;default&raquo; global_colors_info=&raquo;{}&raquo;][et_pb_image src=&raquo;https:\/\/site.uit.no\/arcticyouth\/wp-content\/uploads\/sites\/525\/2026\/02\/Tone-Rasmussen-scaled.jpg&raquo; title_text=&raquo;Tone Rasmussen&raquo; disabled_on=&raquo;off|off|off&raquo; _builder_version=&raquo;4.27.5&#8243; _module_preset=&raquo;default&raquo; global_colors_info=&raquo;{}&raquo;][\/et_pb_image][\/et_pb_column][et_pb_column type=&raquo;1_4&#8243; _builder_version=&raquo;4.27.0&#8243; _module_preset=&raquo;default&raquo; global_colors_info=&raquo;{}&raquo;][et_pb_text _builder_version=&raquo;4.27.4&#8243; _module_preset=&raquo;default&raquo; text_font=&raquo;|300|||||||&raquo; header_font=&raquo;Fredoka|500||on|||||&raquo; header_text_color=&raquo;#E63372&#8243; header_font_size=&raquo;24px&raquo; header_2_font=&raquo;Fredoka||||||||&raquo; header_2_font_size=&raquo;19px&raquo; text_orientation=&raquo;justified&raquo; global_colors_info=&raquo;{}&raquo;]<\/p>\n<h1 style=\"text-align: left\">Tone Rasmussen<\/h1>\n<h2 style=\"text-align: left\">Regionleder<\/h2>\n<h2 style=\"text-align: left\">Redd Barna region nord<\/h2>\n<p style=\"text-align: left\">Regionleder med ansvar for Redd Barnas arbeid lokalt i Nordland, Troms og Finnmark. Erfaring med frivillig ledelse og konflikth\u00e5ndtering.\u00a0Glad i quiz.<\/p>\n<p>[\/et_pb_text][\/et_pb_column][\/et_pb_row][et_pb_row column_structure=&raquo;1_4,1_4,1_4,1_4&#8243; use_custom_gutter=&raquo;on&raquo; gutter_width=&raquo;2&#8243; make_equal=&raquo;on&raquo; disabled_on=&raquo;off|off|off&raquo; _builder_version=&raquo;4.27.4&#8243; _module_preset=&raquo;default&raquo; module_alignment=&raquo;center&raquo; locked=&raquo;off&raquo; global_colors_info=&raquo;{}&raquo;][et_pb_column type=&raquo;1_4&#8243; _builder_version=&raquo;4.27.0&#8243; _module_preset=&raquo;default&raquo; global_colors_info=&raquo;{}&raquo;][et_pb_image src=&raquo;https:\/\/site.uit.no\/arcticyouth\/wp-content\/uploads\/sites\/525\/2025\/02\/Marcela-Douglas.jpg&raquo; _builder_version=&raquo;4.27.6&#8243; _module_preset=&raquo;default&raquo; title_text=&raquo;Marcela Douglas&raquo; hover_enabled=&raquo;0&#8243; sticky_enabled=&raquo;0&#8243;][\/et_pb_image][\/et_pb_column][et_pb_column type=&raquo;1_4&#8243; _builder_version=&raquo;4.27.0&#8243; _module_preset=&raquo;default&raquo; global_colors_info=&raquo;{}&raquo;][et_pb_text _builder_version=&raquo;4.27.4&#8243; _module_preset=&raquo;default&raquo; text_font=&raquo;|300|||||||&raquo; header_font=&raquo;Fredoka|500||on|||||&raquo; header_text_color=&raquo;#E63372&#8243; header_font_size=&raquo;24px&raquo; header_2_font=&raquo;Fredoka||||||||&raquo; header_2_font_size=&raquo;19px&raquo; text_orientation=&raquo;justified&raquo; global_colors_info=&raquo;{}&raquo;]<\/p>\n<h1 style=\"text-align: left\">Marcela DOUGLAS<\/h1>\n<h2 style=\"text-align: left\">AP3 leder<\/h2>\n<h2 style=\"text-align: left\">f\u00f8rsteamanuensis<\/h2>\n<p style=\"text-align: left\"><span>Jeg har PhD i visuell sosialantropologi, mine forskningsinteresser er innen minoritetsstudier, psykisk helse, minnekultur, og formidling av sensitive temaer. Jeg liker \u00e5 h\u00f8re p\u00e5 musikk, jogge, isbade, se film og lese.\u00a0<\/span><\/p>\n<p>[\/et_pb_text][\/et_pb_column][et_pb_column type=&raquo;1_4&#8243; _builder_version=&raquo;4.27.0&#8243; _module_preset=&raquo;default&raquo; global_colors_info=&raquo;{}&raquo;][et_pb_image src=&raquo;https:\/\/site.uit.no\/arcticyouth\/wp-content\/uploads\/sites\/525\/2024\/12\/9.png&raquo; alt=&raquo;Photo of Hilde Laholt&raquo; title_text=&raquo;Hilde Laholt&raquo; _builder_version=&raquo;4.27.4&#8243; _module_preset=&raquo;default&raquo; global_colors_info=&raquo;{}&raquo;][\/et_pb_image][\/et_pb_column][et_pb_column type=&raquo;1_4&#8243; _builder_version=&raquo;4.27.0&#8243; _module_preset=&raquo;default&raquo; global_colors_info=&raquo;{}&raquo;][et_pb_text _builder_version=&raquo;4.27.4&#8243; _module_preset=&raquo;default&raquo; text_font=&raquo;|300|||||||&raquo; header_font=&raquo;Fredoka|500||on|||||&raquo; header_text_color=&raquo;#E63372&#8243; header_font_size=&raquo;24px&raquo; header_2_font=&raquo;Fredoka||||||||&raquo; header_2_font_size=&raquo;19px&raquo; text_orientation=&raquo;justified&raquo; global_colors_info=&raquo;{}&raquo;]<\/p>\n<h1 style=\"text-align: left\">Hilde Laholt<\/h1>\n<h2 style=\"text-align: left\">AP4 leder<\/h2>\n<h2 style=\"text-align: left\">Helsesykepleier og f\u00f8rsteamanuensis<\/h2>\n<p style=\"text-align: left\">Jeg underviser og forsker i helsesykepleiefaget. Jeg liker \u00e5 g\u00e5 p\u00e5 ski og spille tromme.<\/p>\n<p>[\/et_pb_text][\/et_pb_column][\/et_pb_row][et_pb_row column_structure=&raquo;1_4,1_4,1_4,1_4&#8243; use_custom_gutter=&raquo;on&raquo; gutter_width=&raquo;2&#8243; make_equal=&raquo;on&raquo; disabled_on=&raquo;off|off|off&raquo; _builder_version=&raquo;4.27.4&#8243; _module_preset=&raquo;default&raquo; module_alignment=&raquo;center&raquo; hover_enabled=&raquo;0&#8243; global_colors_info=&raquo;{}&raquo; sticky_enabled=&raquo;0&#8243;][et_pb_column type=&raquo;1_4&#8243; _builder_version=&raquo;4.27.0&#8243; _module_preset=&raquo;default&raquo; global_colors_info=&raquo;{}&raquo;][et_pb_image src=&raquo;https:\/\/site.uit.no\/arcticyouth\/wp-content\/uploads\/sites\/525\/2025\/04\/Styre_Marius-Sjomaeling.png&raquo; title_text=&raquo;Styre_Marius Sj\u00f8m\u00e6ling&raquo; disabled_on=&raquo;off|off|off&raquo; _builder_version=&raquo;4.27.4&#8243; _module_preset=&raquo;default&raquo; global_colors_info=&raquo;{}&raquo;][\/et_pb_image][\/et_pb_column][et_pb_column type=&raquo;1_4&#8243; _builder_version=&raquo;4.27.0&#8243; _module_preset=&raquo;default&raquo; global_colors_info=&raquo;{}&raquo;][et_pb_text _builder_version=&raquo;4.27.4&#8243; _module_preset=&raquo;default&raquo; text_font=&raquo;|300|||||||&raquo; header_font=&raquo;Fredoka|500||on|||||&raquo; header_text_color=&raquo;#E63372&#8243; header_font_size=&raquo;24px&raquo; header_2_font=&raquo;Fredoka||||||||&raquo; header_2_font_size=&raquo;19px&raquo; text_orientation=&raquo;justified&raquo; global_colors_info=&raquo;{}&raquo;]<\/p>\n<h1 style=\"text-align: left\">Marius Sj\u00f8m\u00e6ling<\/h1>\n<h2 style=\"text-align: left\">Seniorr\u00e5dgiver<\/h2>\n<h2 style=\"text-align: left\">Senter for brukermedvirkning og avdeling barne- og ungdomshelse<\/h2>\n<h2 style=\"text-align: left\">Helsedirektoratet<\/h2>\n<p style=\"text-align: left\">Jeg jobber i Helsedirektoratet som seniorr\u00e5dgiver med bruker- og p\u00e5r\u00f8rendemedvirkning der jeg er s\u00e6rlig opptatt av unge og unge voksnes medvirkning i helsetjenestene.<br \/>For \u00e5 koble av s\u00e5 bruker jeg mye i tid i hagen b\u00e5de sommer og vinter.<\/p>\n<p>[\/et_pb_text][\/et_pb_column][et_pb_column type=&raquo;1_4&#8243; _builder_version=&raquo;4.27.0&#8243; _module_preset=&raquo;default&raquo; global_colors_info=&raquo;{}&raquo;][et_pb_image src=&raquo;https:\/\/site.uit.no\/arcticyouth\/wp-content\/uploads\/sites\/525\/2025\/04\/Styre_Inger-Lise-Busch-Hansen.jpg&raquo; title_text=&raquo;Styre_Inger-Lise Busch Hansen&raquo; disabled_on=&raquo;off|off|off&raquo; _builder_version=&raquo;4.27.4&#8243; _module_preset=&raquo;default&raquo; global_colors_info=&raquo;{}&raquo;][\/et_pb_image][\/et_pb_column][et_pb_column type=&raquo;1_4&#8243; _builder_version=&raquo;4.27.0&#8243; _module_preset=&raquo;default&raquo; global_colors_info=&raquo;{}&raquo;][et_pb_text _builder_version=&raquo;4.27.4&#8243; _module_preset=&raquo;default&raquo; text_font=&raquo;|300|||||||&raquo; header_font=&raquo;Fredoka|500||on|||||&raquo; header_text_color=&raquo;#E63372&#8243; header_font_size=&raquo;24px&raquo; header_2_font=&raquo;Fredoka||||||||&raquo; header_2_font_size=&raquo;19px&raquo; text_orientation=&raquo;justified&raquo; global_colors_info=&raquo;{}&raquo;]<\/p>\n<h1 style=\"text-align: left\">Inger-Lise Busch Hansen<\/h1>\n<h2 style=\"text-align: left\">Seniorr\u00e5dgiver<\/h2>\n<h2 style=\"text-align: left\">KS<\/h2>\n<p style=\"text-align: left\">Jeg jobber som seniorr\u00e5dgiver i KS region Nord, med oppvekst og utdanning som hovedomr\u00e5de.<br \/>Jeg er utdannet lektor, og har en MBA fra Nord universitet.<br \/>Fritiden brukes til familien, lesing, h\u00e5ndarbeid, diktskriving, TV-serier, naturopplevelser og reiser.<\/p>\n<p>[\/et_pb_text][\/et_pb_column][\/et_pb_row][\/et_pb_section]<\/p>\n","protected":false},"excerpt":{"rendered":"<p>Rita s\u00f8rly Senterleder AP5 Leder Professor Jeg arbeider med samarbeidsbasert forskning, og er opptatt av narrativ teori og metode. Jeg liker \u00e5 reise, lese, h\u00f8re p\u00e5 musikk, se film og arbeide i hagen.Marius Storvik AP1 leder F\u00f8rsteamanuensis Jeg er jurist med en doktorgrad om tvang i helsevesenet. Mine forskningsinteresser er hvordan juss kan st\u00f8tte barn [&hellip;]<\/p>\n","protected":false},"author":123681,"featured_media":0,"parent":428,"menu_order":7,"comment_status":"closed","ping_status":"closed","template":"","meta":{"_et_pb_use_builder":"on","_et_pb_old_content":"","_et_gb_content_width":"","footnotes":""},"class_list":["post-1177","page","type-page","status-publish","hentry"],"_links":{"self":[{"href":"https:\/\/site.uit.no\/arcticyouth\/wp-json\/wp\/v2\/pages\/1177","targetHints":{"allow":["GET"]}}],"collection":[{"href":"https:\/\/site.uit.no\/arcticyouth\/wp-json\/wp\/v2\/pages"}],"about":[{"href":"https:\/\/site.uit.no\/arcticyouth\/wp-json\/wp\/v2\/types\/page"}],"author":[{"embeddable":true,"href":"https:\/\/site.uit.no\/arcticyouth\/wp-json\/wp\/v2\/users\/123681"}],"replies":[{"embeddable":true,"href":"https:\/\/site.uit.no\/arcticyouth\/wp-json\/wp\/v2\/comments?post=1177"}],"version-history":[{"count":2,"href":"https:\/\/site.uit.no\/arcticyouth\/wp-json\/wp\/v2\/pages\/1177\/revisions"}],"predecessor-version":[{"id":1883,"href":"https:\/\/site.uit.no\/arcticyouth\/wp-json\/wp\/v2\/pages\/1177\/revisions\/1883"}],"up":[{"embeddable":true,"href":"https:\/\/site.uit.no\/arcticyouth\/wp-json\/wp\/v2\/pages\/428"}],"wp:attachment":[{"href":"https:\/\/site.uit.no\/arcticyouth\/wp-json\/wp\/v2\/media?parent=1177"}],"curies":[{"name":"wp","href":"https:\/\/api.w.org\/{rel}","templated":true}]}}