{"id":513,"date":"2024-12-16T11:26:18","date_gmt":"2024-12-16T10:26:18","guid":{"rendered":"https:\/\/site.uit.no\/arcticyouth\/?page_id=513"},"modified":"2026-02-20T09:53:58","modified_gmt":"2026-02-20T08:53:58","slug":"arbeidspakke-1","status":"publish","type":"page","link":"https:\/\/site.uit.no\/arcticyouth\/hva_gjor_vi\/arbeidspakke-1\/","title":{"rendered":"Arbeidspakke 1"},"content":{"rendered":"<p>[et_pb_section fb_built=&raquo;1&#8243; _builder_version=&raquo;4.27.4&#8243; _module_preset=&raquo;default&raquo; background_image=&raquo;https:\/\/site.uit.no\/arcticyouth\/wp-content\/uploads\/sites\/525\/2024\/12\/AY_Background_Long-1.png&raquo; parallax=&raquo;on&raquo; custom_padding=&raquo;26px||1px|||&raquo; global_colors_info=&raquo;{}&raquo;][et_pb_row _builder_version=&raquo;4.27.0&#8243; _module_preset=&raquo;default&raquo; background_image=&raquo;https:\/\/site.uit.no\/arcticyouth\/wp-content\/uploads\/sites\/525\/2024\/12\/AY_Banner_narrow-6.png&raquo; parallax=&raquo;on&raquo; background_pattern_vertical_offset=&raquo;-15%&raquo; background_pattern_repeat=&raquo;repeat-x&raquo; min_height=&raquo;147px&raquo; custom_padding=&raquo;||25px|||&raquo; locked=&raquo;off&raquo; global_colors_info=&raquo;{}&raquo;][et_pb_column type=&raquo;4_4&#8243; _builder_version=&raquo;4.27.0&#8243; _module_preset=&raquo;default&raquo; global_colors_info=&raquo;{}&raquo;][et_pb_heading title=&raquo;Hva jobber vi med?&raquo; _builder_version=&raquo;4.27.0&#8243; _module_preset=&raquo;default&raquo; title_font=&raquo;Fredoka|||on|||||&raquo; title_text_color=&raquo;#e63372&#8243; title_font_size=&raquo;49px&raquo; custom_margin=&raquo;|||-83px|false|false&raquo; custom_margin_tablet=&raquo;|||0px|false|false&raquo; custom_margin_phone=&raquo;|||0px|false|false&raquo; custom_margin_last_edited=&raquo;on|tablet&raquo; custom_padding=&raquo;|||0px|false|false&raquo; title_font_size_tablet=&raquo;49px&raquo; title_font_size_phone=&raquo;36px&raquo; title_font_size_last_edited=&raquo;on|phone&raquo; global_colors_info=&raquo;{}&raquo;][\/et_pb_heading][\/et_pb_column][\/et_pb_row][et_pb_row column_structure=&raquo;3_5,2_5&#8243; _builder_version=&raquo;4.27.0&#8243; _module_preset=&raquo;default&raquo; custom_padding=&raquo;||85px|||&raquo; global_colors_info=&raquo;{}&raquo;][et_pb_column type=&raquo;3_5&#8243; _builder_version=&raquo;4.27.0&#8243; _module_preset=&raquo;default&raquo; global_colors_info=&raquo;{}&raquo;][et_pb_blurb image_icon_width=&raquo;36px&raquo; icon_alignment=&raquo;left&raquo; content_max_width=&raquo;683px&raquo; _builder_version=&raquo;4.27.4&#8243; _module_preset=&raquo;default&raquo; header_font=&raquo;Fredoka||||||||&raquo; body_font=&raquo;Fredoka|||on|||||&raquo; body_text_align=&raquo;justify&raquo; body_text_color=&raquo;#E63372&#8243; body_font_size=&raquo;25px&raquo; body_line_height=&raquo;1.3em&raquo; text_orientation=&raquo;justified&raquo; custom_margin=&raquo;0px|||-62px|false|false&raquo; custom_margin_tablet=&raquo;0px|||-62px|false|false&raquo; custom_margin_phone=&raquo;0px|||0px|false|false&raquo; custom_margin_last_edited=&raquo;on|phone&raquo; global_colors_info=&raquo;{}&raquo;]<\/p>\n<p>Innovativ tverrfaglig utdanning og profesjonell praksis i sosialt arbeid og barnevern som st\u00f8tter utsatte barn og unge<\/p>\n<p>[\/et_pb_blurb][et_pb_text _builder_version=&raquo;4.27.4&#8243; _module_preset=&raquo;default&raquo; text_font=&raquo;|300|||||||&raquo; text_font_size=&raquo;17px&raquo; text_line_height=&raquo;1.8em&raquo; text_orientation=&raquo;justified&raquo; global_colors_info=&raquo;{}&raquo;]<\/p>\n<p>I arbeidspakke 1 retter deltakerne s\u00f8kelyset mot innovasjon innenfor tverrprofesjonelle utdanninger og praksisut\u00f8velse, med m\u00e5l om \u00e5 st\u00f8tte barn og unge i utsatte oppvekstvilk\u00e5r. Gjennom utvikling av et inter-organisatorisk tjenestekoordinasjonskart over ulike velferdsinstanser som yter tjenester til barn, unge og deres familier, s\u00f8ker vi \u00e5 samle kommunens helhetlige ansvar for forebygging, tjenester og tverretatlig samarbeid p\u00e5 tvers av de ulike tjenesteomr\u00e5dene. Ut fra dette kartet skal vi utvikle et tverrprofesjonelt e-l\u00e6ringsprogram, til bruk for b\u00e5de studenter i ulike utdanningsl\u00f8p og profesjonsut\u00f8ver i ulike tjenester, med form\u00e5l om \u00e5 synliggj\u00f8re og tilgjengeliggj\u00f8re mest mulig helhetlig tjenesteyting til m\u00e5lgruppen.<\/p>\n<p>Deltakerne i AP 1 er to Ph.d.-kandidater og to forskere fra UiT samt en forsker fra Helsinki universitet. Arbeidspakken har et m\u00e5l om samarbeidsbasert forskning med praksisfeltet, og representanter fra Nav, barneverntjeneste, prosjektet Nye M\u00f8nstre og organisasjonen Redd Barna vil delta i v\u00e5r referansegruppe. I tillegg har arbeidspakken m\u00e5l om \u00e5 styre samarbeidet mellom forskning og utdanning, gjennom \u00e5 involvere studenter ved bachelor- og masterl\u00f8pene i barnevern og sosialt arbeid i deler av prosjektet.<\/p>\n<p>[\/et_pb_text][\/et_pb_column][et_pb_column type=&raquo;2_5&#8243; _builder_version=&raquo;4.27.0&#8243; _module_preset=&raquo;default&raquo; global_colors_info=&raquo;{}&raquo;][et_pb_image src=&raquo;https:\/\/site.uit.no\/arcticyouth\/wp-content\/uploads\/sites\/525\/2024\/12\/AP-1.png&raquo; title_text=&raquo;AP (1)&raquo; _builder_version=&raquo;4.27.0&#8243; _module_preset=&raquo;default&raquo; custom_margin=&raquo;29px|||||&raquo; global_colors_info=&raquo;{}&raquo;][\/et_pb_image][\/et_pb_column][\/et_pb_row][et_pb_row disabled_on=&raquo;off|off|off&raquo; _builder_version=&raquo;4.27.0&#8243; _module_preset=&raquo;default&raquo; background_image=&raquo;https:\/\/site.uit.no\/arcticyouth\/wp-content\/uploads\/sites\/525\/2024\/12\/AY_Banner_narrow-4.png&raquo; parallax=&raquo;on&raquo; background_pattern_vertical_offset=&raquo;-15%&raquo; background_pattern_repeat=&raquo;repeat-x&raquo; min_height=&raquo;147px&raquo; custom_padding=&raquo;||25px|||&raquo; locked=&raquo;off&raquo; global_colors_info=&raquo;{}&raquo;][et_pb_column type=&raquo;4_4&#8243; _builder_version=&raquo;4.27.0&#8243; _module_preset=&raquo;default&raquo; global_colors_info=&raquo;{}&raquo;][et_pb_heading title=&raquo;Hvem jobber i arbeidspakke 1?&raquo; _builder_version=&raquo;4.27.0&#8243; _module_preset=&raquo;default&raquo; title_font=&raquo;Fredoka|||on|||||&raquo; title_text_color=&raquo;#e63372&#8243; title_font_size=&raquo;49px&raquo; custom_margin=&raquo;|||-83px|false|false&raquo; custom_margin_tablet=&raquo;|||0px|false|false&raquo; custom_margin_phone=&raquo;|||0px|false|false&raquo; custom_margin_last_edited=&raquo;on|tablet&raquo; custom_padding=&raquo;|||0px|false|false&raquo; title_font_size_tablet=&raquo;49px&raquo; title_font_size_phone=&raquo;36px&raquo; title_font_size_last_edited=&raquo;on|phone&raquo; global_colors_info=&raquo;{}&raquo;][\/et_pb_heading][\/et_pb_column][\/et_pb_row][et_pb_row column_structure=&raquo;1_4,1_4,1_4,1_4&#8243; use_custom_gutter=&raquo;on&raquo; gutter_width=&raquo;2&#8243; make_equal=&raquo;on&raquo; disabled_on=&raquo;off|off|off&raquo; _builder_version=&raquo;4.27.4&#8243; _module_preset=&raquo;default&raquo; module_alignment=&raquo;center&raquo; global_colors_info=&raquo;{}&raquo;][et_pb_column type=&raquo;1_4&#8243; _builder_version=&raquo;4.27.0&#8243; _module_preset=&raquo;default&raquo; global_colors_info=&raquo;{}&raquo;][et_pb_image src=&raquo;https:\/\/site.uit.no\/arcticyouth\/wp-content\/uploads\/sites\/525\/2025\/03\/Marius.jpg&raquo; title_text=&raquo;Marius&raquo; _builder_version=&raquo;4.27.4&#8243; _module_preset=&raquo;default&raquo; global_colors_info=&raquo;{}&raquo;][\/et_pb_image][\/et_pb_column][et_pb_column type=&raquo;1_4&#8243; _builder_version=&raquo;4.27.0&#8243; _module_preset=&raquo;default&raquo; global_colors_info=&raquo;{}&raquo;][et_pb_text _builder_version=&raquo;4.27.4&#8243; _module_preset=&raquo;default&raquo; text_font=&raquo;|300|||||||&raquo; header_font=&raquo;Fredoka|500||on|||||&raquo; header_text_color=&raquo;#E63372&#8243; header_font_size=&raquo;24px&raquo; header_2_font=&raquo;Fredoka||||||||&raquo; header_2_font_size=&raquo;19px&raquo; text_orientation=&raquo;justified&raquo; global_colors_info=&raquo;{}&raquo;]<\/p>\n<h1>Marius Storvik<\/h1>\n<h2>Arbeidspakkeleder<\/h2>\n<h2>F\u00f8rsteamanuensis<\/h2>\n<p style=\"text-align: left\">Jeg er jurist med en doktorgrad om tvang i helsevesenet. Mine forskningsinteresser er hvordan juss kan st\u00f8tte barn og unge. Ellers er jeg truckf\u00f8rer uten truck, kokk uten restaurant og dikter uten forlag.<\/p>\n<p>[\/et_pb_text][\/et_pb_column][et_pb_column type=&raquo;1_4&#8243; _builder_version=&raquo;4.27.0&#8243; _module_preset=&raquo;default&raquo; global_colors_info=&raquo;{}&raquo;][et_pb_image src=&raquo;https:\/\/site.uit.no\/arcticyouth\/wp-content\/uploads\/sites\/525\/2024\/12\/11.png&raquo; title_text=&raquo;11&#8243; disabled_on=&raquo;off|off|off&raquo; _builder_version=&raquo;4.27.4&#8243; _module_preset=&raquo;default&raquo; global_colors_info=&raquo;{}&raquo;][\/et_pb_image][\/et_pb_column][et_pb_column type=&raquo;1_4&#8243; _builder_version=&raquo;4.27.0&#8243; _module_preset=&raquo;default&raquo; global_colors_info=&raquo;{}&raquo;][et_pb_text _builder_version=&raquo;4.27.4&#8243; _module_preset=&raquo;default&raquo; text_font=&raquo;|300|||||||&raquo; header_font=&raquo;Fredoka|500||on|||||&raquo; header_text_color=&raquo;#E63372&#8243; header_font_size=&raquo;24px&raquo; header_2_font=&raquo;Fredoka||||||||&raquo; header_2_font_size=&raquo;19px&raquo; text_orientation=&raquo;justified&raquo; global_colors_info=&raquo;{}&raquo;]<\/p>\n<h1>Aina A. Kane<\/h1>\n<h2><\/h2>\n<h2 style=\"text-align: left\">Dosent<\/h2>\n<p style=\"text-align: left\">Jeg underviser i juridiske emner i sosialarbeiderutdanningene og forsker p\u00e5 hvordan lovgivning fungerer som rammeverk og verkt\u00f8y for borgeres rettssikkerhet i ulike velferdstjenester. P\u00e5 min fritid finner jeg glede i familie, friluftsliv og h\u00e5ndarbeid.<\/p>\n<p>[\/et_pb_text][\/et_pb_column][\/et_pb_row][et_pb_row column_structure=&raquo;1_4,1_4,1_4,1_4&#8243; use_custom_gutter=&raquo;on&raquo; gutter_width=&raquo;2&#8243; make_equal=&raquo;on&raquo; disabled_on=&raquo;off|off|off&raquo; _builder_version=&raquo;4.27.4&#8243; _module_preset=&raquo;default&raquo; module_alignment=&raquo;center&raquo; global_colors_info=&raquo;{}&raquo;][et_pb_column type=&raquo;1_4&#8243; _builder_version=&raquo;4.27.0&#8243; _module_preset=&raquo;default&raquo; global_colors_info=&raquo;{}&raquo;][et_pb_image src=&raquo;https:\/\/site.uit.no\/arcticyouth\/wp-content\/uploads\/sites\/525\/2025\/02\/Agnete-Bersvendsen.jpg&raquo; title_text=&raquo;Agnete Bersvendsen&raquo; _builder_version=&raquo;4.27.4&#8243; _module_preset=&raquo;default&raquo; global_colors_info=&raquo;{}&raquo;][\/et_pb_image][\/et_pb_column][et_pb_column type=&raquo;1_4&#8243; _builder_version=&raquo;4.27.0&#8243; _module_preset=&raquo;default&raquo; global_colors_info=&raquo;{}&raquo;][et_pb_text _builder_version=&raquo;4.27.4&#8243; _module_preset=&raquo;default&raquo; text_font=&raquo;|300|||||||&raquo; header_font=&raquo;Fredoka|500||on|||||&raquo; header_text_color=&raquo;#E63372&#8243; header_font_size=&raquo;24px&raquo; header_2_font=&raquo;Fredoka||||||||&raquo; header_2_font_size=&raquo;19px&raquo; text_orientation=&raquo;justified&raquo; global_colors_info=&raquo;{}&raquo;]<\/p>\n<h1>Agnete Bersvendsen<\/h1>\n<h2>Universitetslektor<\/h2>\n<p style=\"text-align: left\">Jeg er dypt engasjert i \u00e5 kjempe for utsatte barn og unge, s\u00e6rlig de som har opplevd vold og overgrep. Jeg liker \u00e5 v\u00e6re mor, akademiker, jeger, forfatter og potetbonde.<\/p>\n<p>[\/et_pb_text][\/et_pb_column][et_pb_column type=&raquo;1_4&#8243; _builder_version=&raquo;4.27.0&#8243; _module_preset=&raquo;default&raquo; global_colors_info=&raquo;{}&raquo;][et_pb_image src=&raquo;https:\/\/site.uit.no\/arcticyouth\/wp-content\/uploads\/sites\/525\/2025\/02\/Asne-W.-Lindahl.jpg&raquo; title_text=&raquo;\u00c5sne W. Lindahl&raquo; _builder_version=&raquo;4.27.4&#8243; _module_preset=&raquo;default&raquo; locked=&raquo;off&raquo; global_colors_info=&raquo;{}&raquo;][\/et_pb_image][\/et_pb_column][et_pb_column type=&raquo;1_4&#8243; _builder_version=&raquo;4.27.0&#8243; _module_preset=&raquo;default&raquo; global_colors_info=&raquo;{}&raquo;][et_pb_text _builder_version=&raquo;4.27.4&#8243; _module_preset=&raquo;default&raquo; text_font=&raquo;|300|||||||&raquo; header_font=&raquo;Fredoka|500||on|||||&raquo; header_text_color=&raquo;#E63372&#8243; header_font_size=&raquo;24px&raquo; header_2_font=&raquo;Fredoka||||||||&raquo; header_2_font_size=&raquo;19px&raquo; text_orientation=&raquo;justified&raquo; global_colors_info=&raquo;{}&raquo;]<\/p>\n<h1>\u00c5sne W. Lindahl<\/h1>\n<h2>Stipendiat<\/h2>\n<p style=\"text-align: left\">Doktorgradsarbeidet mitt unders\u00f8ker hvordan velferdstjenester i Norge st\u00f8tter familier med lav sosio\u00f8konomisk status. P\u00e5 fritiden liker jeg \u00e5 male, skrive, lese, trene og tilbringe tid med familien min.<\/p>\n<p>[\/et_pb_text][\/et_pb_column][\/et_pb_row][et_pb_row column_structure=&raquo;1_4,1_4,1_4,1_4&#8243; use_custom_gutter=&raquo;on&raquo; gutter_width=&raquo;2&#8243; make_equal=&raquo;on&raquo; disabled_on=&raquo;off|off|off&raquo; _builder_version=&raquo;4.27.0&#8243; _module_preset=&raquo;default&raquo; module_alignment=&raquo;center&raquo; global_colors_info=&raquo;{}&raquo;][et_pb_column type=&raquo;1_4&#8243; _builder_version=&raquo;4.27.0&#8243; _module_preset=&raquo;default&raquo; global_colors_info=&raquo;{}&raquo;][et_pb_image src=&raquo;https:\/\/site.uit.no\/arcticyouth\/wp-content\/uploads\/sites\/525\/2025\/02\/Ilse-Julkunen.jpg&raquo; title_text=&raquo;Ilse-Julkunen&raquo; _builder_version=&raquo;4.27.4&#8243; _module_preset=&raquo;default&raquo; locked=&raquo;off&raquo; global_colors_info=&raquo;{}&raquo;][\/et_pb_image][\/et_pb_column][et_pb_column type=&raquo;1_4&#8243; _builder_version=&raquo;4.27.0&#8243; _module_preset=&raquo;default&raquo; global_colors_info=&raquo;{}&raquo;][et_pb_text _builder_version=&raquo;4.27.4&#8243; _module_preset=&raquo;default&raquo; text_font=&raquo;|300|||||||&raquo; header_font=&raquo;Fredoka|500||on|||||&raquo; header_text_color=&raquo;#E63372&#8243; header_font_size=&raquo;24px&raquo; header_2_font=&raquo;Fredoka||||||||&raquo; header_2_font_size=&raquo;19px&raquo; text_orientation=&raquo;justified&raquo; global_colors_info=&raquo;{}&raquo;]<\/p>\n<h1>Ilse Julkunen<\/h1>\n<h2>Professor<\/h2>\n<h2>University of Helsinki<\/h2>\n<p style=\"text-align: left\">Forskningen min handler om s\u00e5rbarhet blant unge, overganger, forskningsmetodikk i praksisforskning og sp\u00f8rsm\u00e5l om gjennomslagskraft. Jeg finner glede i sykling, yoga og dans, og ikke minst i hyttelivet.<\/p>\n<p>[\/et_pb_text][\/et_pb_column][et_pb_column type=&raquo;1_4&#8243; _builder_version=&raquo;4.27.0&#8243; _module_preset=&raquo;default&raquo; global_colors_info=&raquo;{}&raquo;][et_pb_image src=&raquo;https:\/\/site.uit.no\/arcticyouth\/wp-content\/uploads\/sites\/525\/2025\/02\/Wenche-Kjaempenes.jpg&raquo; title_text=&raquo;Wenche Kj\u00e6mpenes&raquo; _builder_version=&raquo;4.27.4&#8243; _module_preset=&raquo;default&raquo; locked=&raquo;off&raquo; global_colors_info=&raquo;{}&raquo;][\/et_pb_image][\/et_pb_column][et_pb_column type=&raquo;1_4&#8243; _builder_version=&raquo;4.27.0&#8243; _module_preset=&raquo;default&raquo; global_colors_info=&raquo;{}&raquo;][et_pb_text _builder_version=&raquo;4.27.4&#8243; _module_preset=&raquo;default&raquo; text_font=&raquo;|300|||||||&raquo; header_font=&raquo;Fredoka|500||on|||||&raquo; header_text_color=&raquo;#E63372&#8243; header_font_size=&raquo;24px&raquo; header_2_font=&raquo;Fredoka||||||||&raquo; header_2_font_size=&raquo;19px&raquo; text_orientation=&raquo;justified&raquo; global_colors_info=&raquo;{}&raquo;]<\/p>\n<h1>Wenche Kj\u00e6mpenes<\/h1>\n<h2>F\u00f8rstEAmanuensis<\/h2>\n<p><span data-contrast=\"none\" xml:lang=\"NB-NO\" lang=\"NB-NO\" class=\"TextRun SCXW245486121 BCX8\"><span class=\"NormalTextRun SCXW245486121 BCX8\">Jeg er i min forskning opptatt <\/span><span class=\"NormalTextRun ContextualSpellingAndGrammarErrorV2Themed SCXW245486121 BCX8\">av\u00a0 profesjoner<\/span><span class=\"NormalTextRun SCXW245486121 BCX8\">, kunnskapsutvikling og tverrprofesjonelt og tverrsektorielt samarbeid og hvordan store og komplekse organisasjoner anvender\/ikke anvender kunnskap utviklet i\u00a0 <\/span><span class=\"NormalTextRun SpellingErrorV2Themed SCXW245486121 BCX8\">medforskningsprosjekter<\/span><span class=\"NormalTextRun SCXW245486121 BCX8\"> (aksjonsforskning<\/span><span class=\"NormalTextRun ContextualSpellingAndGrammarErrorV2Themed SCXW245486121 BCX8\">) .<\/span><span class=\"NormalTextRun SCXW245486121 BCX8\"> Mine fritidsinteresser er korsang, kulturaktiviteter og friluftsliv.<\/span><\/span><span class=\"EOP SCXW245486121 BCX8\" data-ccp-props=\"{&quot;335551550&quot;:2,&quot;335551620&quot;:2,&quot;335557856&quot;:16777215,&quot;335559685&quot;:142,&quot;335559738&quot;:0,&quot;335559739&quot;:0}\">\u00a0<\/span><\/p>\n<p>[\/et_pb_text][\/et_pb_column][\/et_pb_row][et_pb_row column_structure=&raquo;1_4,1_4,1_4,1_4&#8243; use_custom_gutter=&raquo;on&raquo; gutter_width=&raquo;2&#8243; make_equal=&raquo;on&raquo; disabled_on=&raquo;off|off|off&raquo; _builder_version=&raquo;4.27.0&#8243; _module_preset=&raquo;default&raquo; module_alignment=&raquo;center&raquo; global_colors_info=&raquo;{}&raquo;][et_pb_column type=&raquo;1_4&#8243; _builder_version=&raquo;4.27.0&#8243; _module_preset=&raquo;default&raquo; global_colors_info=&raquo;{}&raquo;][et_pb_image src=&raquo;https:\/\/site.uit.no\/arcticyouth\/wp-content\/uploads\/sites\/525\/2025\/03\/tone-mortensen.jpg&raquo; title_text=&raquo;tone mortensen&raquo; _builder_version=&raquo;4.27.4&#8243; _module_preset=&raquo;default&raquo; locked=&raquo;off&raquo; global_colors_info=&raquo;{}&raquo;][\/et_pb_image][\/et_pb_column][et_pb_column type=&raquo;1_4&#8243; _builder_version=&raquo;4.27.0&#8243; _module_preset=&raquo;default&raquo; global_colors_info=&raquo;{}&raquo;][et_pb_text _builder_version=&raquo;4.27.4&#8243; _module_preset=&raquo;default&raquo; text_font=&raquo;|300|||||||&raquo; header_font=&raquo;Fredoka|500||on|||||&raquo; header_text_color=&raquo;#E63372&#8243; header_font_size=&raquo;24px&raquo; header_2_font=&raquo;Fredoka||||||||&raquo; header_2_font_size=&raquo;19px&raquo; text_orientation=&raquo;justified&raquo; global_colors_info=&raquo;{}&raquo;]<\/p>\n<h1>Tone Mortensen<\/h1>\n<h2 style=\"text-align: left\">Enhetsleder<\/h2>\n<h2 style=\"text-align: left\">Barneverntjenesten i Troms\u00f8<\/h2>\n<p style=\"text-align: left\">Jeg er enhetsleder for Barneverntjenesten i Troms\u00f8, som skal sikre at barn og foreldre som lever under forhold som kan skade deres helse og utvikling, f\u00e5r n\u00f8dvendig hjelp, omsorg og beskyttelse til rett tid \u2013 med vekt p\u00e5 medvirkning. P\u00e5 fritiden n\u00e6res jeg av \u00e5 v\u00e6re sammen med familie og venner, og liker strikking, matlaging og turer i fj\u00e6re og fjell.<\/p>\n<p>[\/et_pb_text][\/et_pb_column][et_pb_column type=&raquo;1_4&#8243; _builder_version=&raquo;4.27.0&#8243; _module_preset=&raquo;default&raquo; global_colors_info=&raquo;{}&raquo;][et_pb_image src=&raquo;https:\/\/site.uit.no\/arcticyouth\/wp-content\/uploads\/sites\/525\/2025\/03\/Sylvia.jpg&raquo; title_text=&raquo;Sylvia&raquo; disabled_on=&raquo;off|off|off&raquo; _builder_version=&raquo;4.27.4&#8243; _module_preset=&raquo;default&raquo; global_colors_info=&raquo;{}&raquo;][\/et_pb_image][\/et_pb_column][et_pb_column type=&raquo;1_4&#8243; _builder_version=&raquo;4.27.0&#8243; _module_preset=&raquo;default&raquo; global_colors_info=&raquo;{}&raquo;][et_pb_text disabled_on=&raquo;off|off|off&raquo; _builder_version=&raquo;4.27.4&#8243; _module_preset=&raquo;default&raquo; text_font=&raquo;|300|||||||&raquo; header_font=&raquo;Fredoka|500||on|||||&raquo; header_text_color=&raquo;#E63372&#8243; header_font_size=&raquo;24px&raquo; header_2_font=&raquo;Fredoka||||||||&raquo; header_2_font_size=&raquo;19px&raquo; text_orientation=&raquo;justified&raquo; global_colors_info=&raquo;{}&raquo;]<\/p>\n<h1 style=\"text-align: left\">Sylvia Marie Persson<\/h1>\n<h2 style=\"text-align: left\">Barnevernspedagog<\/h2>\n<h2 style=\"text-align: left\">barneverntjenesten i Troms\u00f8<\/h2>\n<p style=\"text-align: left\">Jeg er interessert i hvordan lov og rammeverk hjelper oss i sosialt arbeid og jeg liker systematisk, detaljorientert arbeid som hjelper meg \u00e5 navigere i komplekse utfordringer. P\u00e5 fritiden pr\u00f8ver jeg \u00e5 v\u00e6re en morsom og engasjert mamma, f\u00e5 utl\u00f8p for mine kreative sider og tilbringe kvalitetstid med familie og venner.<\/p>\n<p>[\/et_pb_text][\/et_pb_column][\/et_pb_row][et_pb_row column_structure=&raquo;1_4,1_4,1_4,1_4&#8243; use_custom_gutter=&raquo;on&raquo; gutter_width=&raquo;2&#8243; make_equal=&raquo;on&raquo; disabled_on=&raquo;off|off|off&raquo; _builder_version=&raquo;4.27.0&#8243; _module_preset=&raquo;default&raquo; module_alignment=&raquo;center&raquo; global_colors_info=&raquo;{}&raquo;][et_pb_column type=&raquo;1_4&#8243; _builder_version=&raquo;4.27.0&#8243; _module_preset=&raquo;default&raquo; global_colors_info=&raquo;{}&raquo;][et_pb_image src=&raquo;https:\/\/site.uit.no\/arcticyouth\/wp-content\/uploads\/sites\/525\/2025\/03\/Maria-Karlsen.jpeg&raquo; title_text=&raquo;Maria Karlsen&raquo; _builder_version=&raquo;4.27.4&#8243; _module_preset=&raquo;default&raquo; locked=&raquo;off&raquo; global_colors_info=&raquo;{}&raquo;][\/et_pb_image][\/et_pb_column][et_pb_column type=&raquo;1_4&#8243; _builder_version=&raquo;4.27.0&#8243; _module_preset=&raquo;default&raquo; global_colors_info=&raquo;{}&raquo;][et_pb_text _builder_version=&raquo;4.27.4&#8243; _module_preset=&raquo;default&raquo; text_font=&raquo;|300|||||||&raquo; header_font=&raquo;Fredoka|500||on|||||&raquo; header_text_color=&raquo;#E63372&#8243; header_font_size=&raquo;24px&raquo; header_2_font=&raquo;Fredoka||||||||&raquo; header_2_font_size=&raquo;19px&raquo; text_orientation=&raquo;justified&raquo; global_colors_info=&raquo;{}&raquo;]<\/p>\n<h1 style=\"text-align: left\">Maria Karlsen<\/h1>\n<h2 style=\"text-align: left\">Familiekoordinator<\/h2>\n<h2 style=\"text-align: left\">Nye m\u00f8nstre<\/h2>\n<p style=\"text-align: left\">Jeg er helsesykepleier og arbeider som familiekoordinator i prosjektet &laquo;Nye m\u00f8nstre-trygg oppvekst&raquo;. Faglig er jeg engasjert i barn og unges helse, oppvekst og levek\u00e5r. P\u00e5 fritiden finner jeg glede i sykling, b\u00e6rplukking, fjellturer og tid med familien min.<\/p>\n<p>[\/et_pb_text][\/et_pb_column][et_pb_column type=&raquo;1_4&#8243; _builder_version=&raquo;4.27.0&#8243; _module_preset=&raquo;default&raquo; global_colors_info=&raquo;{}&raquo;][et_pb_image src=&raquo;https:\/\/site.uit.no\/arcticyouth\/wp-content\/uploads\/sites\/525\/2025\/05\/thumbnail_image004-e1746625067235.jpg&raquo; title_text=&raquo;Julia Torbergsen&raquo; disabled_on=&raquo;on|on|on&raquo; _builder_version=&raquo;4.27.4&#8243; _module_preset=&raquo;default&raquo; border_width_all=&raquo;1px&raquo; disabled=&raquo;on&raquo; global_colors_info=&raquo;{}&raquo;][\/et_pb_image][\/et_pb_column][et_pb_column type=&raquo;1_4&#8243; _builder_version=&raquo;4.27.0&#8243; _module_preset=&raquo;default&raquo; global_colors_info=&raquo;{}&raquo;][et_pb_text disabled_on=&raquo;off|off|off&raquo; _builder_version=&raquo;4.27.4&#8243; _module_preset=&raquo;default&raquo; text_font=&raquo;|300|||||||&raquo; header_font=&raquo;Fredoka|500||on|||||&raquo; header_text_color=&raquo;#E63372&#8243; header_font_size=&raquo;24px&raquo; header_2_font=&raquo;Fredoka||||||||&raquo; header_2_font_size=&raquo;19px&raquo; text_orientation=&raquo;justified&raquo; global_colors_info=&raquo;{}&raquo;]<\/p>\n<h1>Julia Torbergsen<\/h1>\n<h2>Prosjektleder<\/h2>\n<h2>Nye m\u00f8nstre<\/h2>\n<p style=\"text-align: left\">Jeg jobber som prosjektleder for \u00abNye m\u00f8nstre \u2013 Trygg oppvekst\u00bb i Troms\u00f8 kommune. Prosjektet skal hjelpe familier som lever i lavinntekt. P\u00e5 fritiden liker jeg \u00e5 lese b\u00f8ker, lage mat og drive med hagearbeid.<\/p>\n<p>[\/et_pb_text][\/et_pb_column][\/et_pb_row][et_pb_row disabled_on=&raquo;off|off|off&raquo; _builder_version=&raquo;4.27.0&#8243; _module_preset=&raquo;default&raquo; background_image=&raquo;https:\/\/site.uit.no\/arcticyouth\/wp-content\/uploads\/sites\/525\/2024\/12\/AY_Banner_narrow-2.png&raquo; parallax=&raquo;on&raquo; background_pattern_vertical_offset=&raquo;-15%&raquo; background_pattern_repeat=&raquo;repeat-x&raquo; min_height=&raquo;147px&raquo; custom_padding=&raquo;||25px|||&raquo; locked=&raquo;off&raquo; global_colors_info=&raquo;{}&raquo;][et_pb_column type=&raquo;4_4&#8243; _builder_version=&raquo;4.27.0&#8243; _module_preset=&raquo;default&raquo; global_colors_info=&raquo;{}&raquo;][et_pb_heading title=&raquo;Hva skjer i Arbeidspakke 1?&raquo; _builder_version=&raquo;4.27.0&#8243; _module_preset=&raquo;default&raquo; title_font=&raquo;Fredoka|||on|||||&raquo; title_text_color=&raquo;#e63372&#8243; title_font_size=&raquo;49px&raquo; custom_margin=&raquo;|||-83px|false|false&raquo; custom_margin_tablet=&raquo;|||0px|false|false&raquo; custom_margin_phone=&raquo;|||0px|false|false&raquo; custom_margin_last_edited=&raquo;on|tablet&raquo; custom_padding=&raquo;|||0px|false|false&raquo; title_font_size_tablet=&raquo;49px&raquo; title_font_size_phone=&raquo;36px&raquo; title_font_size_last_edited=&raquo;on|phone&raquo; global_colors_info=&raquo;{}&raquo;][\/et_pb_heading][\/et_pb_column][\/et_pb_row][et_pb_row disabled_on=&raquo;off|off|off&raquo; _builder_version=&raquo;4.27.0&#8243; _module_preset=&raquo;default&raquo; global_colors_info=&raquo;{}&raquo;][et_pb_column type=&raquo;4_4&#8243; _builder_version=&raquo;4.27.0&#8243; _module_preset=&raquo;default&raquo; global_colors_info=&raquo;{}&raquo;][et_pb_post_slider include_categories=&raquo;10&#8243; excerpt_length=&raquo;100&#8243; show_meta=&raquo;off&raquo; disabled_on=&raquo;off|off|off&raquo; _builder_version=&raquo;4.27.0&#8243; _module_preset=&raquo;default&raquo; body_font=&raquo;|300|||||||&raquo; background_color=&raquo;rgba(230,51,114,0.41)&raquo; custom_button=&raquo;on&raquo; button_text_color=&raquo;#E63372&#8243; button_border_width=&raquo;1px&raquo; button_border_radius=&raquo;11px&raquo; button_font=&raquo;Fredoka|600||on|||||&raquo; background_layout=&raquo;light&raquo; global_colors_info=&raquo;{}&raquo;][\/et_pb_post_slider][\/et_pb_column][\/et_pb_row][\/et_pb_section]<\/p>\n","protected":false},"excerpt":{"rendered":"<p>Innovativ tverrfaglig utdanning og profesjonell praksis i sosialt arbeid og barnevern som st\u00f8tter utsatte barn og ungeI arbeidspakke 1 retter deltakerne s\u00f8kelyset mot innovasjon innenfor tverrprofesjonelle utdanninger og praksisut\u00f8velse, med m\u00e5l om \u00e5 st\u00f8tte barn og unge i utsatte oppvekstvilk\u00e5r. Gjennom utvikling av et inter-organisatorisk tjenestekoordinasjonskart over ulike velferdsinstanser som yter tjenester til barn, unge [&hellip;]<\/p>\n","protected":false},"author":123681,"featured_media":0,"parent":428,"menu_order":1,"comment_status":"closed","ping_status":"closed","template":"","meta":{"_et_pb_use_builder":"on","_et_pb_old_content":"","_et_gb_content_width":"","footnotes":""},"class_list":["post-513","page","type-page","status-publish","hentry"],"_links":{"self":[{"href":"https:\/\/site.uit.no\/arcticyouth\/wp-json\/wp\/v2\/pages\/513","targetHints":{"allow":["GET"]}}],"collection":[{"href":"https:\/\/site.uit.no\/arcticyouth\/wp-json\/wp\/v2\/pages"}],"about":[{"href":"https:\/\/site.uit.no\/arcticyouth\/wp-json\/wp\/v2\/types\/page"}],"author":[{"embeddable":true,"href":"https:\/\/site.uit.no\/arcticyouth\/wp-json\/wp\/v2\/users\/123681"}],"replies":[{"embeddable":true,"href":"https:\/\/site.uit.no\/arcticyouth\/wp-json\/wp\/v2\/comments?post=513"}],"version-history":[{"count":3,"href":"https:\/\/site.uit.no\/arcticyouth\/wp-json\/wp\/v2\/pages\/513\/revisions"}],"predecessor-version":[{"id":1722,"href":"https:\/\/site.uit.no\/arcticyouth\/wp-json\/wp\/v2\/pages\/513\/revisions\/1722"}],"up":[{"embeddable":true,"href":"https:\/\/site.uit.no\/arcticyouth\/wp-json\/wp\/v2\/pages\/428"}],"wp:attachment":[{"href":"https:\/\/site.uit.no\/arcticyouth\/wp-json\/wp\/v2\/media?parent=513"}],"curies":[{"name":"wp","href":"https:\/\/api.w.org\/{rel}","templated":true}]}}