{"id":514,"date":"2024-12-16T11:41:41","date_gmt":"2024-12-16T10:41:41","guid":{"rendered":"https:\/\/site.uit.no\/arcticyouth\/?page_id=514"},"modified":"2026-03-16T13:08:03","modified_gmt":"2026-03-16T12:08:03","slug":"arbeidspakke-5","status":"publish","type":"page","link":"https:\/\/site.uit.no\/arcticyouth\/hva_gjor_vi\/arbeidspakke-5\/","title":{"rendered":"Arbeidspakke 5"},"content":{"rendered":"<p>[et_pb_section fb_built=&raquo;1&#8243; _builder_version=&raquo;4.27.0&#8243; _module_preset=&raquo;default&raquo; background_image=&raquo;https:\/\/site.uit.no\/arcticyouth\/wp-content\/uploads\/sites\/525\/2024\/12\/AY_Background_Long-1.png&raquo; parallax=&raquo;on&raquo; custom_padding=&raquo;26px||1px|||&raquo; locked=&raquo;off&raquo; global_colors_info=&raquo;{}&raquo;][et_pb_row _builder_version=&raquo;4.27.0&#8243; _module_preset=&raquo;default&raquo; background_image=&raquo;https:\/\/site.uit.no\/arcticyouth\/wp-content\/uploads\/sites\/525\/2024\/12\/AY_Banner_narrow-6.png&raquo; parallax=&raquo;on&raquo; background_pattern_vertical_offset=&raquo;-15%&raquo; background_pattern_repeat=&raquo;repeat-x&raquo; min_height=&raquo;147px&raquo; custom_padding=&raquo;||25px|||&raquo; locked=&raquo;off&raquo; global_colors_info=&raquo;{}&raquo;][et_pb_column type=&raquo;4_4&#8243; _builder_version=&raquo;4.27.0&#8243; _module_preset=&raquo;default&raquo; global_colors_info=&raquo;{}&raquo;][et_pb_heading title=&raquo;Hva jobber vi med?&raquo; _builder_version=&raquo;4.27.0&#8243; _module_preset=&raquo;default&raquo; title_font=&raquo;Fredoka|||on|||||&raquo; title_text_color=&raquo;#e63372&#8243; title_font_size=&raquo;49px&raquo; custom_margin=&raquo;|||-83px|false|false&raquo; custom_margin_tablet=&raquo;|||0px|false|false&raquo; custom_margin_phone=&raquo;|||0px|false|false&raquo; custom_margin_last_edited=&raquo;on|tablet&raquo; custom_padding=&raquo;|||0px|false|false&raquo; title_font_size_tablet=&raquo;49px&raquo; title_font_size_phone=&raquo;36px&raquo; title_font_size_last_edited=&raquo;on|phone&raquo; global_colors_info=&raquo;{}&raquo;][\/et_pb_heading][\/et_pb_column][\/et_pb_row][et_pb_row column_structure=&raquo;3_5,2_5&#8243; _builder_version=&raquo;4.27.0&#8243; _module_preset=&raquo;default&raquo; custom_padding=&raquo;||85px|||&raquo; global_colors_info=&raquo;{}&raquo;][et_pb_column type=&raquo;3_5&#8243; _builder_version=&raquo;4.27.0&#8243; _module_preset=&raquo;default&raquo; global_colors_info=&raquo;{}&raquo;][et_pb_blurb image_icon_width=&raquo;36px&raquo; icon_alignment=&raquo;left&raquo; content_max_width=&raquo;683px&raquo; _builder_version=&raquo;4.27.0&#8243; _module_preset=&raquo;default&raquo; header_font=&raquo;Fredoka||||||||&raquo; body_font=&raquo;Fredoka|||on|||||&raquo; body_text_align=&raquo;justify&raquo; body_text_color=&raquo;#E63372&#8243; body_font_size=&raquo;25px&raquo; body_line_height=&raquo;1.3em&raquo; text_orientation=&raquo;justified&raquo; custom_margin=&raquo;0px|||-62px|false|false&raquo; global_colors_info=&raquo;{}&raquo;]<\/p>\n<p>Innovative tverrfaglige utdanninger og profesjonell praksis som inkluderer involvering fra brukere av helse- og omsorgstjenester<\/p>\n<p>[\/et_pb_blurb][et_pb_text _builder_version=&raquo;4.27.0&#8243; _module_preset=&raquo;default&raquo; text_font=&raquo;&#8211;et_global_body_font|300|||||||&raquo; text_font_size=&raquo;17px&raquo; text_line_height=&raquo;1.8em&raquo; text_orientation=&raquo;justified&raquo; global_colors_info=&raquo;{}&raquo;]<\/p>\n<p><span>Arbeidspakke 5 er et forskningssamarbeid mellom brukerorganisasjoner p\u00e5 rus- og psykisk helsefeltet, profesjonsutdanninger og forskere fra Institutt for barnevern og sosialt arbeid, l\u00e6rerutdanning og pedagogikk og helse- og omsorgsfag. M\u00e5let er \u00e5 utvikle kunnskap som bidrar til nye digitale undervisningsprogrammer med tema barn og unge som lever i familier med rus og\/ eller psykiske helseutfordringer. Den demokratiske involveringen av brukerorganisasjoner er sentralt i arbeidet, hvor vi alle samarbeider om utvikling, planlegging, gjennomf\u00f8ring og evaluering av undervisning i utdanningene v\u00e5re.<\/span><\/p>\n<p><span>Gjennom samarbeidsbaserte verksted med brukerorganisasjoner, et pedagogisk team og forskere, skal vi b\u00e5de utvikle undervisningsprogrammer, ha dialogkaf\u00e9er med barn og unge, arrangere en digital, offentlig utstilling og v\u00e6re synlig i lokale og regionale sammenhenger. Forskningen v\u00e5r er n\u00f8ye knyttet sammen med undervisning, og viser betydningen av den praksisn\u00e6re tiln\u00e6rmingen til kunnskapsutvikling.<\/span><\/p>\n<p>Senteret tilrettelegger for samarbeidsbasert forskning mellom helsefaglige-, pedagogiske og sosialfaglige faglige milj\u00f8er p\u00e5 UiT, Norges arktiske universitet, Finnish Youth Research Society og brukerorganisasjonene BAR, Marborg, A- larm og Headspace.<\/p>\n<p>[\/et_pb_text][\/et_pb_column][et_pb_column type=&raquo;2_5&#8243; _builder_version=&raquo;4.27.0&#8243; _module_preset=&raquo;default&raquo; global_colors_info=&raquo;{}&raquo;][et_pb_image src=&raquo;https:\/\/site.uit.no\/arcticyouth\/wp-content\/uploads\/sites\/525\/2024\/12\/AP-5.png&raquo; title_text=&raquo;AP (5)&raquo; _builder_version=&raquo;4.27.0&#8243; _module_preset=&raquo;default&raquo; global_colors_info=&raquo;{}&raquo;][\/et_pb_image][\/et_pb_column][\/et_pb_row][et_pb_row disabled_on=&raquo;off|off|off&raquo; _builder_version=&raquo;4.27.0&#8243; _module_preset=&raquo;default&raquo; background_image=&raquo;https:\/\/site.uit.no\/arcticyouth\/wp-content\/uploads\/sites\/525\/2024\/12\/AY_Banner_narrow-4.png&raquo; parallax=&raquo;on&raquo; background_pattern_vertical_offset=&raquo;-15%&raquo; background_pattern_repeat=&raquo;repeat-x&raquo; min_height=&raquo;147px&raquo; custom_padding=&raquo;||25px|||&raquo; locked=&raquo;off&raquo; global_colors_info=&raquo;{}&raquo;][et_pb_column type=&raquo;4_4&#8243; _builder_version=&raquo;4.27.0&#8243; _module_preset=&raquo;default&raquo; global_colors_info=&raquo;{}&raquo;][et_pb_heading title=&raquo;Hvem jobber i arbeidspakke 5?&raquo; _builder_version=&raquo;4.27.0&#8243; _module_preset=&raquo;default&raquo; title_font=&raquo;Fredoka|||on|||||&raquo; title_text_color=&raquo;#e63372&#8243; title_font_size=&raquo;49px&raquo; custom_margin=&raquo;|||-83px|false|false&raquo; custom_margin_tablet=&raquo;|||0px|false|false&raquo; custom_margin_phone=&raquo;|||0px|false|false&raquo; custom_margin_last_edited=&raquo;on|tablet&raquo; custom_padding=&raquo;|||0px|false|false&raquo; title_font_size_tablet=&raquo;49px&raquo; title_font_size_phone=&raquo;36px&raquo; title_font_size_last_edited=&raquo;on|phone&raquo; global_colors_info=&raquo;{}&raquo;][\/et_pb_heading][\/et_pb_column][\/et_pb_row][et_pb_row column_structure=&raquo;1_4,1_4,1_4,1_4&#8243; use_custom_gutter=&raquo;on&raquo; gutter_width=&raquo;2&#8243; make_equal=&raquo;on&raquo; disabled_on=&raquo;off|off|off&raquo; _builder_version=&raquo;4.27.4&#8243; _module_preset=&raquo;default&raquo; module_alignment=&raquo;center&raquo; locked=&raquo;off&raquo; global_colors_info=&raquo;{}&raquo;][et_pb_column type=&raquo;1_4&#8243; _builder_version=&raquo;4.27.0&#8243; _module_preset=&raquo;default&raquo; global_colors_info=&raquo;{}&raquo;][et_pb_image src=&raquo;https:\/\/site.uit.no\/arcticyouth\/wp-content\/uploads\/sites\/525\/2024\/12\/Rita.jpg&raquo; title_text=&raquo;Rita&raquo; _builder_version=&raquo;4.27.4&#8243; _module_preset=&raquo;default&raquo; global_colors_info=&raquo;{}&raquo;][\/et_pb_image][\/et_pb_column][et_pb_column type=&raquo;1_4&#8243; _builder_version=&raquo;4.27.0&#8243; _module_preset=&raquo;default&raquo; global_colors_info=&raquo;{}&raquo;][et_pb_text disabled_on=&raquo;off|off|off&raquo; _builder_version=&raquo;4.27.4&#8243; _module_preset=&raquo;default&raquo; text_font=&raquo;|300|||||||&raquo; header_font=&raquo;Fredoka|500||on|||||&raquo; header_text_color=&raquo;#E63372&#8243; header_font_size=&raquo;24px&raquo; header_2_font=&raquo;Fredoka||||||||&raquo; header_2_font_size=&raquo;19px&raquo; text_orientation=&raquo;justified&raquo; global_colors_info=&raquo;{}&raquo;]<\/p>\n<h1 style=\"text-align: left\">Rita s\u00f8rly<\/h1>\n<h2 style=\"text-align: left\">Senterleder<\/h2>\n<h2 style=\"text-align: left\">Arbeidspakkeleder<\/h2>\n<h2 style=\"text-align: left\">Professor<\/h2>\n<p style=\"text-align: left\">Jeg arbeider med samarbeidsbasert forskning, og er opptatt av narrativ teori og metode. Jeg liker \u00e5 reise, lese, h\u00f8re p\u00e5 musikk, se film og arbeide i hagen.<\/p>\n<p>[\/et_pb_text][\/et_pb_column][et_pb_column type=&raquo;1_4&#8243; _builder_version=&raquo;4.27.0&#8243; _module_preset=&raquo;default&raquo; global_colors_info=&raquo;{}&raquo;][et_pb_image src=&raquo;https:\/\/site.uit.no\/arcticyouth\/wp-content\/uploads\/sites\/525\/2025\/02\/Var-Mathisen-IHO-UiT-AP-5.jpg&raquo; title_text=&raquo;Va\u030ar Mathisen IHO UiT AP 5&#8243; _builder_version=&raquo;4.27.4&#8243; _module_preset=&raquo;default&raquo; global_colors_info=&raquo;{}&raquo;][\/et_pb_image][\/et_pb_column][et_pb_column type=&raquo;1_4&#8243; _builder_version=&raquo;4.27.0&#8243; _module_preset=&raquo;default&raquo; global_colors_info=&raquo;{}&raquo;][et_pb_text _builder_version=&raquo;4.27.4&#8243; _module_preset=&raquo;default&raquo; text_font=&raquo;|300|||||||&raquo; header_font=&raquo;Fredoka|500||on|||||&raquo; header_text_color=&raquo;#E63372&#8243; header_font_size=&raquo;24px&raquo; header_2_font=&raquo;Fredoka||||||||&raquo; header_2_font_size=&raquo;19px&raquo; text_orientation=&raquo;justified&raquo; global_colors_info=&raquo;{}&raquo;]<\/p>\n<h1 style=\"text-align: left\">V\u00e5r Mathisen<\/h1>\n<h2>F\u00f8rsteamanuensis<\/h2>\n<p style=\"text-align: left\">Jeg arbeider med samarbeidsforskning innen psykisk helse og rus, familie og hverdagsliv. Jeg liker \u00e5 v\u00e6re ute i naturen, jobbe i hagen, lage mat, lese, strikke og se film.<\/p>\n<p>[\/et_pb_text][\/et_pb_column][\/et_pb_row][et_pb_row column_structure=&raquo;1_4,1_4,1_4,1_4&#8243; use_custom_gutter=&raquo;on&raquo; gutter_width=&raquo;2&#8243; make_equal=&raquo;on&raquo; disabled_on=&raquo;off|off|off&raquo; _builder_version=&raquo;4.27.0&#8243; _module_preset=&raquo;default&raquo; module_alignment=&raquo;center&raquo; locked=&raquo;off&raquo; global_colors_info=&raquo;{}&raquo;][et_pb_column type=&raquo;1_4&#8243; _builder_version=&raquo;4.27.0&#8243; _module_preset=&raquo;default&raquo; global_colors_info=&raquo;{}&raquo;][et_pb_image src=&raquo;https:\/\/site.uit.no\/arcticyouth\/wp-content\/uploads\/sites\/525\/2025\/02\/Trond-Eriksen-IHO-UiT-AP-5.png&raquo; title_text=&raquo;Trond Eriksen IHO UiT AP 5&#8243; _builder_version=&raquo;4.27.4&#8243; _module_preset=&raquo;default&raquo; global_colors_info=&raquo;{}&raquo;][\/et_pb_image][\/et_pb_column][et_pb_column type=&raquo;1_4&#8243; _builder_version=&raquo;4.27.0&#8243; _module_preset=&raquo;default&raquo; global_colors_info=&raquo;{}&raquo;][et_pb_text _builder_version=&raquo;4.27.4&#8243; _module_preset=&raquo;default&raquo; text_font=&raquo;|300|||||||&raquo; header_font=&raquo;Fredoka|500||on|||||&raquo; header_text_color=&raquo;#E63372&#8243; header_font_size=&raquo;24px&raquo; header_2_font=&raquo;Fredoka||||||||&raquo; header_2_font_size=&raquo;19px&raquo; text_orientation=&raquo;justified&raquo; global_colors_info=&raquo;{}&raquo;]<\/p>\n<h1 style=\"text-align: left\">Trond Eriksen<\/h1>\n<h2 style=\"text-align: left\">F\u00f8rsteamanuensis<\/h2>\n<p>Faglig er jeg opptatt av dialogiske relasjoner i bygging og deling av kunnskap, og hvordan v\u00e5re emosjoner har betydning for identitetsutvikling.<br \/>P\u00e5 fritiden liker jeg \u00e5 trene, se film og tv-serier samt h\u00f8re p\u00e5 musikk (s\u00e6rlig mine to BS\u2019er: Bruce Springsteen og Black Sabbath).<\/p>\n<p>[\/et_pb_text][\/et_pb_column][et_pb_column type=&raquo;1_4&#8243; _builder_version=&raquo;4.27.0&#8243; _module_preset=&raquo;default&raquo; global_colors_info=&raquo;{}&raquo;][et_pb_image src=&raquo;https:\/\/site.uit.no\/arcticyouth\/wp-content\/uploads\/sites\/525\/2025\/02\/Bengt-Karlsson-IBS-UiT-AP-5.jpg&raquo; title_text=&raquo;Bengt Karlsson IBS UiT AP 5&#8243; _builder_version=&raquo;4.27.4&#8243; _module_preset=&raquo;default&raquo; global_colors_info=&raquo;{}&raquo;][\/et_pb_image][\/et_pb_column][et_pb_column type=&raquo;1_4&#8243; _builder_version=&raquo;4.27.0&#8243; _module_preset=&raquo;default&raquo; global_colors_info=&raquo;{}&raquo;][et_pb_text _builder_version=&raquo;4.27.4&#8243; _module_preset=&raquo;default&raquo; text_font=&raquo;|300|||||||&raquo; header_font=&raquo;Fredoka|500||on|||||&raquo; header_text_color=&raquo;#E63372&#8243; header_font_size=&raquo;24px&raquo; header_2_font=&raquo;Fredoka||||||||&raquo; header_2_font_size=&raquo;19px&raquo; text_orientation=&raquo;justified&raquo; global_colors_info=&raquo;{}&raquo;]<\/p>\n<h1>Bengt Karlsson<\/h1>\n<h2>Professor emeritus<\/h2>\n<p style=\"text-align: left\">Faglig er jeg opptatt av dialogiske relasjoner i bygging og deling av kunnskap, og hvordan v\u00e5re emosjoner har betydning for identitetsutvikling.\u00a0P\u00e5 fritiden liker jeg \u00e5 trene, se film og tv-serier samt h\u00f8re p\u00e5 musikk (s\u00e6rlig mine to BS\u2019er: Bruce Springsteen og Black Sabbath).<\/p>\n<p>[\/et_pb_text][\/et_pb_column][\/et_pb_row][et_pb_row column_structure=&raquo;1_4,1_4,1_4,1_4&#8243; use_custom_gutter=&raquo;on&raquo; gutter_width=&raquo;2&#8243; make_equal=&raquo;on&raquo; disabled_on=&raquo;off|off|off&raquo; _builder_version=&raquo;4.27.0&#8243; _module_preset=&raquo;default&raquo; module_alignment=&raquo;center&raquo; locked=&raquo;off&raquo; global_colors_info=&raquo;{}&raquo;][et_pb_column type=&raquo;1_4&#8243; _builder_version=&raquo;4.27.0&#8243; _module_preset=&raquo;default&raquo; global_colors_info=&raquo;{}&raquo;][et_pb_image src=&raquo;https:\/\/site.uit.no\/arcticyouth\/wp-content\/uploads\/sites\/525\/2025\/02\/Lars-Age-Rotvold-ILP-UiT-Ap-5.png&raquo; title_text=&raquo;Lars \u00c5ge Rotvold ILP UiT Ap 5&#8243; _builder_version=&raquo;4.27.4&#8243; _module_preset=&raquo;default&raquo; global_colors_info=&raquo;{}&raquo;][\/et_pb_image][\/et_pb_column][et_pb_column type=&raquo;1_4&#8243; _builder_version=&raquo;4.27.0&#8243; _module_preset=&raquo;default&raquo; global_colors_info=&raquo;{}&raquo;][et_pb_text _builder_version=&raquo;4.27.4&#8243; _module_preset=&raquo;default&raquo; text_font=&raquo;|300|||||||&raquo; header_font=&raquo;Fredoka|500||on|||||&raquo; header_text_color=&raquo;#E63372&#8243; header_font_size=&raquo;24px&raquo; header_2_font=&raquo;Fredoka||||||||&raquo; header_2_font_size=&raquo;19px&raquo; text_orientation=&raquo;justified&raquo; global_colors_info=&raquo;{}&raquo;]<\/p>\n<h1>Lars \u00c5ge Rotvold<\/h1>\n<h2 style=\"text-align: left\">Dosent utdanningsledelse<\/h2>\n<p style=\"text-align: left\">Undervisnings- og forskningsmessig arbeider jeg med etter- og videreutdanning der medbestemmelse hos studentene st\u00e5r sentralt. P\u00e5 fritiden er det to typer tur som er viktig; kultur og turer i natur<\/p>\n<p>[\/et_pb_text][\/et_pb_column][et_pb_column type=&raquo;1_4&#8243; _builder_version=&raquo;4.27.0&#8243; _module_preset=&raquo;default&raquo; global_colors_info=&raquo;{}&raquo;][et_pb_image src=&raquo;https:\/\/site.uit.no\/arcticyouth\/wp-content\/uploads\/sites\/525\/2025\/02\/Ase-Slettbakk-ILP-UiT-AP5.jpg&raquo; title_text=&raquo;\u00c5se Slettbakk ILP UiT AP5&#8243; _builder_version=&raquo;4.27.4&#8243; _module_preset=&raquo;default&raquo; global_colors_info=&raquo;{}&raquo;][\/et_pb_image][\/et_pb_column][et_pb_column type=&raquo;1_4&#8243; _builder_version=&raquo;4.27.0&#8243; _module_preset=&raquo;default&raquo; global_colors_info=&raquo;{}&raquo;][et_pb_text _builder_version=&raquo;4.27.4&#8243; _module_preset=&raquo;default&raquo; text_font=&raquo;|300|||||||&raquo; header_font=&raquo;Fredoka|500||on|||||&raquo; header_text_color=&raquo;#E63372&#8243; header_font_size=&raquo;24px&raquo; header_2_font=&raquo;Fredoka||||||||&raquo; header_2_font_size=&raquo;19px&raquo; text_orientation=&raquo;justified&raquo; global_colors_info=&raquo;{}&raquo;]<\/p>\n<h1>\u00c5se Slettbakk<\/h1>\n<h2>F\u00f8rstelektor<\/h2>\n<p style=\"text-align: left\">Jeg arbeider med forskning, undervisning og veiledning av skoleledere. Jeg liker turer i fjellet, til fots og p\u00e5 ski, praktiserer yoga, leser og strikker.<\/p>\n<p>[\/et_pb_text][\/et_pb_column][\/et_pb_row][et_pb_row column_structure=&raquo;1_4,1_4,1_4,1_4&#8243; use_custom_gutter=&raquo;on&raquo; gutter_width=&raquo;2&#8243; make_equal=&raquo;on&raquo; disabled_on=&raquo;off|off|off&raquo; _builder_version=&raquo;4.27.0&#8243; _module_preset=&raquo;default&raquo; module_alignment=&raquo;center&raquo; locked=&raquo;off&raquo; global_colors_info=&raquo;{}&raquo;][et_pb_column type=&raquo;1_4&#8243; _builder_version=&raquo;4.27.0&#8243; _module_preset=&raquo;default&raquo; global_colors_info=&raquo;{}&raquo;][et_pb_image src=&raquo;https:\/\/site.uit.no\/arcticyouth\/wp-content\/uploads\/sites\/525\/2025\/02\/Sofia_Laine_Finnish-Youth-Research-Society-AP-5-scaled.jpg&raquo; title_text=&raquo;Sofia_Laine_Finnish Youth Research Society AP 5&#8243; _builder_version=&raquo;4.27.4&#8243; _module_preset=&raquo;default&raquo; global_colors_info=&raquo;{}&raquo;][\/et_pb_image][\/et_pb_column][et_pb_column type=&raquo;1_4&#8243; _builder_version=&raquo;4.27.0&#8243; _module_preset=&raquo;default&raquo; global_colors_info=&raquo;{}&raquo;][et_pb_text _builder_version=&raquo;4.27.4&#8243; _module_preset=&raquo;default&raquo; text_font=&raquo;|300|||||||&raquo; header_font=&raquo;Fredoka|500||on|||||&raquo; header_text_color=&raquo;#E63372&#8243; header_font_size=&raquo;24px&raquo; header_2_font=&raquo;Fredoka||||||||&raquo; header_2_font_size=&raquo;19px&raquo; text_orientation=&raquo;justified&raquo; global_colors_info=&raquo;{}&raquo;]<\/p>\n<h1>Sofia Laine<\/h1>\n<h2 style=\"text-align: left\">professor<\/h2>\n<h2 style=\"text-align: left\">Finnish Youth Research Society<\/h2>\n<p style=\"text-align: left\">Hobbyer: Flerarts- og hel\u00e5rs skog- og hageliv, praktiserer selvforsyning, dans, yoga, klovneri.<\/p>\n<p>[\/et_pb_text][\/et_pb_column][et_pb_column type=&raquo;1_4&#8243; _builder_version=&raquo;4.27.0&#8243; _module_preset=&raquo;default&raquo; global_colors_info=&raquo;{}&raquo;][et_pb_image src=&raquo;https:\/\/site.uit.no\/arcticyouth\/wp-content\/uploads\/sites\/525\/2025\/02\/Tommy-Sjafjell-A-larm-AP5.jpg&raquo; title_text=&raquo;Tommy-Sj\u00e5fjell A-larm AP5&#8243; _builder_version=&raquo;4.27.4&#8243; _module_preset=&raquo;default&raquo; global_colors_info=&raquo;{}&raquo;][\/et_pb_image][\/et_pb_column][et_pb_column type=&raquo;1_4&#8243; _builder_version=&raquo;4.27.0&#8243; _module_preset=&raquo;default&raquo; global_colors_info=&raquo;{}&raquo;][et_pb_text _builder_version=&raquo;4.27.4&#8243; _module_preset=&raquo;default&raquo; text_font=&raquo;|300|||||||&raquo; header_font=&raquo;Fredoka|500||on|||||&raquo; header_text_color=&raquo;#E63372&#8243; header_font_size=&raquo;24px&raquo; header_2_font=&raquo;Fredoka||||||||&raquo; header_2_font_size=&raquo;19px&raquo; text_orientation=&raquo;justified&raquo; global_colors_info=&raquo;{}&raquo;]<\/p>\n<h1>Tommy Sj\u00e5fjell<\/h1>\n<h2 style=\"text-align: left\">Brukerrepresentant<\/h2>\n<h2 style=\"text-align: left\">A-larm<\/h2>\n<h2>KORUS s\u00f8r<\/h2>\n<p style=\"text-align: left\">Jeg er brukerrepresentant fra bruker- og p\u00e5r\u00f8rendeorganisasjonen A-larm, og jobber til daglig i KORUS s\u00f8r. P\u00e5 fritiden liker jeg \u00e5 trene, og se p\u00e5 film.<\/p>\n<p>[\/et_pb_text][\/et_pb_column][\/et_pb_row][et_pb_row column_structure=&raquo;1_4,1_4,1_4,1_4&#8243; use_custom_gutter=&raquo;on&raquo; gutter_width=&raquo;2&#8243; make_equal=&raquo;on&raquo; disabled_on=&raquo;off|off|off&raquo; _builder_version=&raquo;4.27.0&#8243; _module_preset=&raquo;default&raquo; module_alignment=&raquo;center&raquo; locked=&raquo;off&raquo; global_colors_info=&raquo;{}&raquo;][et_pb_column type=&raquo;1_4&#8243; _builder_version=&raquo;4.27.0&#8243; _module_preset=&raquo;default&raquo; global_colors_info=&raquo;{}&raquo;][et_pb_image src=&raquo;https:\/\/site.uit.no\/arcticyouth\/wp-content\/uploads\/sites\/525\/2025\/02\/Andrea-Rotschild-BAR-AP-5.jpeg&raquo; title_text=&raquo;Andrea Rotschild BAR AP 5&#8243; _builder_version=&raquo;4.27.4&#8243; _module_preset=&raquo;default&raquo; global_colors_info=&raquo;{}&raquo;][\/et_pb_image][\/et_pb_column][et_pb_column type=&raquo;1_4&#8243; _builder_version=&raquo;4.27.0&#8243; _module_preset=&raquo;default&raquo; global_colors_info=&raquo;{}&raquo;][et_pb_text _builder_version=&raquo;4.27.4&#8243; _module_preset=&raquo;default&raquo; text_font=&raquo;|300|||||||&raquo; header_font=&raquo;Fredoka|500||on|||||&raquo; header_text_color=&raquo;#E63372&#8243; header_font_size=&raquo;24px&raquo; header_2_font=&raquo;Fredoka||||||||&raquo; header_2_font_size=&raquo;19px&raquo; text_orientation=&raquo;justified&raquo; global_colors_info=&raquo;{}&raquo;]<\/p>\n<h1>Andrea Rothschild<\/h1>\n<h2>R\u00e5dgiver<\/h2>\n<h2>Ly<\/h2>\n<p>Jeg leder prosjektet v\u00e5rt \u00abUngt Nettverk Barnevern\u00bb som har som m\u00e5l om \u00e5 samle unges erfaringer med barnevernet. P\u00e5 fritiden liker jeg \u00e5 trene, v\u00e6re sosial og passe hunder.<\/p>\n<p>[\/et_pb_text][\/et_pb_column][et_pb_column type=&raquo;1_4&#8243; _builder_version=&raquo;4.27.0&#8243; _module_preset=&raquo;default&raquo; global_colors_info=&raquo;{}&raquo;][et_pb_image src=&raquo;https:\/\/site.uit.no\/arcticyouth\/wp-content\/uploads\/sites\/525\/2025\/11\/Portrett-2-scaled-e1769527183465.jpg&raquo; title_text=&raquo;Portrett 2&#8243; _builder_version=&raquo;4.27.5&#8243; _module_preset=&raquo;default&raquo; global_colors_info=&raquo;{}&raquo;][\/et_pb_image][\/et_pb_column][et_pb_column type=&raquo;1_4&#8243; _builder_version=&raquo;4.27.0&#8243; _module_preset=&raquo;default&raquo; global_colors_info=&raquo;{}&raquo;][et_pb_text _builder_version=&raquo;4.27.4&#8243; _module_preset=&raquo;default&raquo; text_font=&raquo;|300|||||||&raquo; header_font=&raquo;Fredoka|500||on|||||&raquo; header_text_color=&raquo;#E63372&#8243; header_font_size=&raquo;24px&raquo; header_2_font=&raquo;Fredoka||||||||&raquo; header_2_font_size=&raquo;19px&raquo; text_orientation=&raquo;justified&raquo; global_colors_info=&raquo;{}&raquo;]<\/p>\n<h1>B\u00e5rd Bertelsen<\/h1>\n<h2 style=\"text-align: left\"><span style=\"text-align: justify\">F\u00f8rstamanuensis<\/span><\/h2>\n<div dir=\"ltr\" data-olk-copy-source=\"MessageBody\">Jeg arbeider med forskning p\u00e5 folks m\u00f8te med samfunnets helse- og sosialinstitusjoner, terapeutrollen, og med samfunnsvitenskapelige innganger til \u00e5 forst\u00e5 psykologi og psykisk helsepraksiser. P\u00e5 fritiden liker jeg \u00e5 spille bass og lage mat, lese b\u00f8ker (men gj\u00f8r det alt for lite!), og v\u00e6re sammen med de som betyr mest for meg.\u00a0<\/div>\n<h2 style=\"text-align: justify\"><\/h2>\n<p>[\/et_pb_text][\/et_pb_column][\/et_pb_row][et_pb_row column_structure=&raquo;1_4,1_4,1_4,1_4&#8243; use_custom_gutter=&raquo;on&raquo; gutter_width=&raquo;2&#8243; make_equal=&raquo;on&raquo; disabled_on=&raquo;off|off|off&raquo; _builder_version=&raquo;4.27.0&#8243; _module_preset=&raquo;default&raquo; module_alignment=&raquo;center&raquo; locked=&raquo;off&raquo; global_colors_info=&raquo;{}&raquo;][et_pb_column type=&raquo;1_4&#8243; _builder_version=&raquo;4.27.0&#8243; _module_preset=&raquo;default&raquo; global_colors_info=&raquo;{}&raquo;][et_pb_image src=&raquo;https:\/\/site.uit.no\/arcticyouth\/wp-content\/uploads\/sites\/525\/2025\/02\/Wibecke-Arst-Marborg-Ap-5.jpg&raquo; title_text=&raquo;Wibecke \u00c5rst Marborg Ap 5&#8243; _builder_version=&raquo;4.27.4&#8243; _module_preset=&raquo;default&raquo; global_colors_info=&raquo;{}&raquo;][\/et_pb_image][\/et_pb_column][et_pb_column type=&raquo;1_4&#8243; _builder_version=&raquo;4.27.0&#8243; _module_preset=&raquo;default&raquo; global_colors_info=&raquo;{}&raquo;][et_pb_text _builder_version=&raquo;4.27.4&#8243; _module_preset=&raquo;default&raquo; text_font=&raquo;|300|||||||&raquo; header_font=&raquo;Fredoka|500||on|||||&raquo; header_text_color=&raquo;#E63372&#8243; header_font_size=&raquo;24px&raquo; header_2_font=&raquo;Fredoka||||||||&raquo; header_2_font_size=&raquo;19px&raquo; text_orientation=&raquo;justified&raquo; global_colors_info=&raquo;{}&raquo;]<\/p>\n<h1>Wibecke \u00c5rst<\/h1>\n<h2 style=\"text-align: left\">Arbeider som brukermedvirker i marborg, leder av boreas-brukerstyrt oppf\u00f8lgingstilbud for rusavhengige<\/h2>\n<div data-olk-copy-source=\"MessageBody\">\n<div>Jeg er opptatt av autonomi og medvirkningsperspektivet i v\u00e5rt helsevesen. <span style=\"font-size: 16px\">Ellers er jeg glad i livet, v\u00e6re med venner\/familie, se film, h\u00f8re lydb\u00f8ker\/podcaster samt g\u00e5 p\u00e5 teater og konserter.<\/span><\/div>\n<\/div>\n<p>[\/et_pb_text][\/et_pb_column][et_pb_column type=&raquo;1_4&#8243; _builder_version=&raquo;4.27.0&#8243; _module_preset=&raquo;default&raquo; global_colors_info=&raquo;{}&raquo;][et_pb_image src=&raquo;https:\/\/site.uit.no\/arcticyouth\/wp-content\/uploads\/sites\/525\/2025\/11\/profilbilde.jpg&raquo; title_text=&raquo;profilbilde&raquo; _builder_version=&raquo;4.27.4&#8243; _module_preset=&raquo;default&raquo; global_colors_info=&raquo;{}&raquo;][\/et_pb_image][\/et_pb_column][et_pb_column type=&raquo;1_4&#8243; _builder_version=&raquo;4.27.0&#8243; _module_preset=&raquo;default&raquo; global_colors_info=&raquo;{}&raquo;][et_pb_text _builder_version=&raquo;4.27.4&#8243; _module_preset=&raquo;default&raquo; text_font=&raquo;|300|||||||&raquo; header_font=&raquo;Fredoka|500||on|||||&raquo; header_text_color=&raquo;#E63372&#8243; header_font_size=&raquo;24px&raquo; header_2_font=&raquo;Fredoka||||||||&raquo; header_2_font_size=&raquo;19px&raquo; text_orientation=&raquo;justified&raquo; global_colors_info=&raquo;{}&raquo;]<\/p>\n<h1>Ingvild H. Vollen<\/h1>\n<h2 style=\"text-align: left\">Stipendiat<\/h2>\n<div data-olk-copy-source=\"MessageBody\">\n<div>\n<div data-olk-copy-source=\"MessageBody\">Jeg arbeider med samarbeidsbasert forskning og er opptatt av \u00e5 lytte til ungdoms egne erfaringer. Prosjektet mitt har en styrkebasert tiln\u00e6rming, der jeg ser p\u00e5 hva som fungerer og hva vi kan bygge videre p\u00e5. P\u00e5 fritiden liker jeg \u00e5 v\u00e6re aktiv ute i naturen, b\u00e5de ved havet og p\u00e5 fjellet, samt tilbringe tid med familie og gode venner.<\/div>\n<\/div>\n<\/div>\n<p>[\/et_pb_text][\/et_pb_column][\/et_pb_row][et_pb_row column_structure=&raquo;1_4,1_4,1_4,1_4&#8243; use_custom_gutter=&raquo;on&raquo; gutter_width=&raquo;2&#8243; make_equal=&raquo;on&raquo; disabled_on=&raquo;off|off|off&raquo; _builder_version=&raquo;4.27.4&#8243; _module_preset=&raquo;default&raquo; module_alignment=&raquo;center&raquo; locked=&raquo;off&raquo; global_colors_info=&raquo;{}&raquo;][et_pb_column type=&raquo;1_4&#8243; _builder_version=&raquo;4.27.0&#8243; _module_preset=&raquo;default&raquo; global_colors_info=&raquo;{}&raquo;][et_pb_image src=&raquo;https:\/\/site.uit.no\/arcticyouth\/wp-content\/uploads\/sites\/525\/2026\/01\/Profilbilde-1-e1769527372604.jpg&raquo; title_text=&raquo;Anne Fjelnseth&raquo; disabled_on=&raquo;off|off|off&raquo; _builder_version=&raquo;4.27.5&#8243; _module_preset=&raquo;default&raquo; border_width_all=&raquo;1px&raquo; global_colors_info=&raquo;{}&raquo;][\/et_pb_image][\/et_pb_column][et_pb_column type=&raquo;1_4&#8243; _builder_version=&raquo;4.27.0&#8243; _module_preset=&raquo;default&raquo; global_colors_info=&raquo;{}&raquo;][et_pb_text disabled_on=&raquo;off|off|off&raquo; _builder_version=&raquo;4.27.5&#8243; _module_preset=&raquo;default&raquo; text_font=&raquo;|300|||||||&raquo; header_font=&raquo;Fredoka|500||on|||||&raquo; header_text_color=&raquo;#E63372&#8243; header_font_size=&raquo;24px&raquo; header_2_font=&raquo;Fredoka||||||||&raquo; header_2_font_size=&raquo;19px&raquo; text_orientation=&raquo;justified&raquo; global_colors_info=&raquo;{}&raquo;]<\/p>\n<h1>Anne Bergljot Fjelnseth<\/h1>\n<h2>Stipendiat<\/h2>\n<div data-olk-copy-source=\"MessageBody\">\n<p>Jeg er stipendiat ved UiT Norges arktiske universitet og forsker p\u00e5 boligsosialt arbeid og brukermedvirkning, med utgangspunkt i at boligsosialt arbeid handler om langt mer enn tak over hodet. P\u00e5 fritiden driver jeg moderat fysisk aktivitet, tilpasset et like moderat ambisjonsniv\u00e5. Jeg liker \u00e5 lese, men kamuflerer det gjerne ved \u00e5 h\u00f8re p\u00e5 The Big Four innen thrash metal.<\/p>\n<\/div>\n<p>[\/et_pb_text][\/et_pb_column][et_pb_column type=&raquo;1_4&#8243; _builder_version=&raquo;4.27.0&#8243; _module_preset=&raquo;default&raquo; global_colors_info=&raquo;{}&raquo;][et_pb_image src=&raquo;https:\/\/site.uit.no\/arcticyouth\/wp-content\/uploads\/sites\/525\/2026\/03\/Maria-F.-Kvamme-AP5.jpg&raquo; _builder_version=&raquo;4.27.5&#8243; _module_preset=&raquo;default&raquo; title_text=&raquo;Maria F. Kvamme AP5&#8243; hover_enabled=&raquo;0&#8243; sticky_enabled=&raquo;0&#8243;][\/et_pb_image][\/et_pb_column][et_pb_column type=&raquo;1_4&#8243; _builder_version=&raquo;4.27.0&#8243; _module_preset=&raquo;default&raquo; global_colors_info=&raquo;{}&raquo;][et_pb_text _builder_version=&raquo;4.27.5&#8243; _module_preset=&raquo;default&raquo; text_font=&raquo;|300|||||||&raquo; header_font=&raquo;Fredoka|500||on|||||&raquo; header_text_color=&raquo;#E63372&#8243; header_font_size=&raquo;24px&raquo; header_2_font=&raquo;Fredoka||||||||&raquo; header_2_font_size=&raquo;19px&raquo; text_orientation=&raquo;justified&raquo; hover_enabled=&raquo;0&#8243; global_colors_info=&raquo;{}&raquo; sticky_enabled=&raquo;0&#8243;]<\/p>\n<h1 data-log-name=\"DisplayName\" class=\"primaryText-652\" title=\"Maria Fredriksen Kvamme\">Maria Fredriksen Kvamme<\/h1>\n<h2 style=\"text-align: left\">F\u00f8rsteamanuensis<\/h2>\n<div data-olk-copy-source=\"MessageBody\">\n<div data-olk-copy-source=\"MessageBody\">\n<div data-olk-copy-source=\"MessageBody\">Jeg er s\u00e6rlig opptatt av unges hverdagsliv, helse, trivsel, tilh\u00f8righet og oppvekstvilk\u00e5r, og arbeider ofte med bruk av samarbeidende, visuelle og\/ eller antropologiske tiln\u00e6rminger.\u00a0P\u00e5 fritida liker jeg aller best \u00e5 tilbringe tid med familie og venner, og \u00e5 v\u00e6re ute p\u00e5 fjellet og p\u00e5 havet.\u00a0<\/div>\n<\/div>\n<\/div>\n<p>[\/et_pb_text][\/et_pb_column][\/et_pb_row][et_pb_row disabled_on=&raquo;off|off|off&raquo; _builder_version=&raquo;4.27.0&#8243; _module_preset=&raquo;default&raquo; background_image=&raquo;https:\/\/site.uit.no\/arcticyouth\/wp-content\/uploads\/sites\/525\/2024\/12\/AY_Banner_narrow-2.png&raquo; parallax=&raquo;on&raquo; background_pattern_vertical_offset=&raquo;-15%&raquo; background_pattern_repeat=&raquo;repeat-x&raquo; min_height=&raquo;147px&raquo; custom_padding=&raquo;||25px|||&raquo; locked=&raquo;off&raquo; global_colors_info=&raquo;{}&raquo;][et_pb_column type=&raquo;4_4&#8243; _builder_version=&raquo;4.27.0&#8243; _module_preset=&raquo;default&raquo; global_colors_info=&raquo;{}&raquo;][et_pb_heading title=&raquo;Hva skjer i Arbeidspakke 5?&raquo; _builder_version=&raquo;4.27.0&#8243; _module_preset=&raquo;default&raquo; title_font=&raquo;Fredoka|||on|||||&raquo; title_text_color=&raquo;#e63372&#8243; title_font_size=&raquo;49px&raquo; custom_margin=&raquo;|||-83px|false|false&raquo; custom_margin_tablet=&raquo;|||0px|false|false&raquo; custom_margin_phone=&raquo;|||0px|false|false&raquo; custom_margin_last_edited=&raquo;on|tablet&raquo; custom_padding=&raquo;|||0px|false|false&raquo; title_font_size_tablet=&raquo;49px&raquo; title_font_size_phone=&raquo;36px&raquo; title_font_size_last_edited=&raquo;on|phone&raquo; global_colors_info=&raquo;{}&raquo;][\/et_pb_heading][\/et_pb_column][\/et_pb_row][et_pb_row disabled_on=&raquo;off|off|off&raquo; _builder_version=&raquo;4.27.0&#8243; _module_preset=&raquo;default&raquo; global_colors_info=&raquo;{}&raquo;][et_pb_column type=&raquo;4_4&#8243; _builder_version=&raquo;4.27.0&#8243; _module_preset=&raquo;default&raquo; global_colors_info=&raquo;{}&raquo;][et_pb_post_slider include_categories=&raquo;14&#8243; excerpt_length=&raquo;100&#8243; show_meta=&raquo;off&raquo; disabled_on=&raquo;off|off|off&raquo; _builder_version=&raquo;4.27.4&#8243; _module_preset=&raquo;default&raquo; body_font=&raquo;|300|||||||&raquo; background_color=&raquo;rgba(230,51,114,0.41)&raquo; custom_button=&raquo;on&raquo; button_text_color=&raquo;#E63372&#8243; button_border_width=&raquo;1px&raquo; button_border_radius=&raquo;11px&raquo; button_font=&raquo;Fredoka|600||on|||||&raquo; background_layout=&raquo;light&raquo; locked=&raquo;off&raquo; global_colors_info=&raquo;{}&raquo;][\/et_pb_post_slider][\/et_pb_column][\/et_pb_row][\/et_pb_section]<\/p>\n","protected":false},"excerpt":{"rendered":"<p>Innovative tverrfaglige utdanninger og profesjonell praksis som inkluderer involvering fra brukere av helse- og omsorgstjenesterArbeidspakke 5 er et forskningssamarbeid mellom brukerorganisasjoner p\u00e5 rus- og psykisk helsefeltet, profesjonsutdanninger og forskere fra Institutt for barnevern og sosialt arbeid, l\u00e6rerutdanning og pedagogikk og helse- og omsorgsfag. M\u00e5let er \u00e5 utvikle kunnskap som bidrar til nye digitale undervisningsprogrammer med [&hellip;]<\/p>\n","protected":false},"author":123681,"featured_media":0,"parent":428,"menu_order":5,"comment_status":"closed","ping_status":"closed","template":"","meta":{"_et_pb_use_builder":"on","_et_pb_old_content":"","_et_gb_content_width":"","footnotes":""},"class_list":["post-514","page","type-page","status-publish","hentry"],"_links":{"self":[{"href":"https:\/\/site.uit.no\/arcticyouth\/wp-json\/wp\/v2\/pages\/514","targetHints":{"allow":["GET"]}}],"collection":[{"href":"https:\/\/site.uit.no\/arcticyouth\/wp-json\/wp\/v2\/pages"}],"about":[{"href":"https:\/\/site.uit.no\/arcticyouth\/wp-json\/wp\/v2\/types\/page"}],"author":[{"embeddable":true,"href":"https:\/\/site.uit.no\/arcticyouth\/wp-json\/wp\/v2\/users\/123681"}],"replies":[{"embeddable":true,"href":"https:\/\/site.uit.no\/arcticyouth\/wp-json\/wp\/v2\/comments?post=514"}],"version-history":[{"count":2,"href":"https:\/\/site.uit.no\/arcticyouth\/wp-json\/wp\/v2\/pages\/514\/revisions"}],"predecessor-version":[{"id":1819,"href":"https:\/\/site.uit.no\/arcticyouth\/wp-json\/wp\/v2\/pages\/514\/revisions\/1819"}],"up":[{"embeddable":true,"href":"https:\/\/site.uit.no\/arcticyouth\/wp-json\/wp\/v2\/pages\/428"}],"wp:attachment":[{"href":"https:\/\/site.uit.no\/arcticyouth\/wp-json\/wp\/v2\/media?parent=514"}],"curies":[{"name":"wp","href":"https:\/\/api.w.org\/{rel}","templated":true}]}}