{"id":517,"date":"2024-12-16T11:41:38","date_gmt":"2024-12-16T10:41:38","guid":{"rendered":"https:\/\/site.uit.no\/arcticyouth\/?page_id=517"},"modified":"2026-04-15T12:35:42","modified_gmt":"2026-04-15T10:35:42","slug":"arbeidspakke-3","status":"publish","type":"page","link":"https:\/\/site.uit.no\/arcticyouth\/hva_gjor_vi\/arbeidspakke-3\/","title":{"rendered":"Arbeidspakke 3"},"content":{"rendered":"<p>[et_pb_section fb_built=&raquo;1&#8243; _builder_version=&raquo;4.27.0&#8243; _module_preset=&raquo;default&raquo; background_image=&raquo;https:\/\/site.uit.no\/arcticyouth\/wp-content\/uploads\/sites\/525\/2024\/12\/AY_Background_Long-1.png&raquo; parallax=&raquo;on&raquo; custom_padding=&raquo;26px||1px|||&raquo; locked=&raquo;off&raquo; global_colors_info=&raquo;{}&raquo;][et_pb_row _builder_version=&raquo;4.27.0&#8243; _module_preset=&raquo;default&raquo; background_image=&raquo;https:\/\/site.uit.no\/arcticyouth\/wp-content\/uploads\/sites\/525\/2024\/12\/AY_Banner_narrow-6.png&raquo; parallax=&raquo;on&raquo; background_pattern_vertical_offset=&raquo;-15%&raquo; background_pattern_repeat=&raquo;repeat-x&raquo; min_height=&raquo;147px&raquo; custom_padding=&raquo;||25px|||&raquo; locked=&raquo;off&raquo; global_colors_info=&raquo;{}&raquo;][et_pb_column type=&raquo;4_4&#8243; _builder_version=&raquo;4.27.0&#8243; _module_preset=&raquo;default&raquo; global_colors_info=&raquo;{}&raquo;][et_pb_heading title=&raquo;Hva jobber vi med?&raquo; _builder_version=&raquo;4.27.0&#8243; _module_preset=&raquo;default&raquo; title_font=&raquo;Fredoka|||on|||||&raquo; title_text_color=&raquo;#e63372&#8243; title_font_size=&raquo;49px&raquo; custom_margin=&raquo;|||-83px|false|false&raquo; custom_margin_tablet=&raquo;|||0px|false|false&raquo; custom_margin_phone=&raquo;|||0px|false|false&raquo; custom_margin_last_edited=&raquo;on|tablet&raquo; custom_padding=&raquo;|||0px|false|false&raquo; title_font_size_tablet=&raquo;49px&raquo; title_font_size_phone=&raquo;36px&raquo; title_font_size_last_edited=&raquo;on|phone&raquo; global_colors_info=&raquo;{}&raquo;][\/et_pb_heading][\/et_pb_column][\/et_pb_row][et_pb_row column_structure=&raquo;3_5,2_5&#8243; _builder_version=&raquo;4.27.0&#8243; _module_preset=&raquo;default&raquo; custom_padding=&raquo;||85px|||&raquo; global_colors_info=&raquo;{}&raquo;][et_pb_column type=&raquo;3_5&#8243; _builder_version=&raquo;4.27.0&#8243; _module_preset=&raquo;default&raquo; global_colors_info=&raquo;{}&raquo;][et_pb_blurb image_icon_width=&raquo;36px&raquo; icon_alignment=&raquo;left&raquo; content_max_width=&raquo;683px&raquo; _builder_version=&raquo;4.27.0&#8243; _module_preset=&raquo;default&raquo; header_font=&raquo;Fredoka||||||||&raquo; body_font=&raquo;Fredoka|||on|||||&raquo; body_text_align=&raquo;justify&raquo; body_text_color=&raquo;#E63372&#8243; body_font_size=&raquo;25px&raquo; body_line_height=&raquo;1.3em&raquo; text_orientation=&raquo;justified&raquo; custom_margin=&raquo;0px|||-62px|false|false&raquo; global_colors_info=&raquo;{}&raquo;]<\/p>\n<p>Innovativ tverrfaglig utdanning og profesjonell praksis for utsatte barn og ungdom i S\u00e1pmi<\/p>\n<p>[\/et_pb_blurb][et_pb_text _builder_version=&raquo;4.27.0&#8243; _module_preset=&raquo;default&raquo; text_font=&raquo;&#8211;et_global_body_font|300|||||||&raquo; text_font_size=&raquo;17px&raquo; text_line_height=&raquo;1.8em&raquo; text_orientation=&raquo;justified&raquo; global_colors_info=&raquo;{}&raquo;]<\/p>\n<p><span>Arbeidspakke 3 har som m\u00e5l \u00e5 fremme barn og unges stemmer og behov i S\u00e1pmi i tr\u00e5d med FNs barnekonvensjon.<\/span><\/p>\n<p><span>Arbeidspakke 3 vil fokusere p\u00e5 tre hovedtemaer:<\/span><\/p>\n<ol>\n<li style=\"list-style-type: none\">\n<ol>\n<li><span>Forvaltning og velferdstjenester for barn og unge med samisk eller annen minoritetsbakgrunn<\/span><\/li>\n<li><span>Barn og unges livssituasjoner og hverdagsliv i S\u00e1pmi<\/span><\/li>\n<li><span>Helse- og sosialfaglige utdanninger i S\u00e1pmi<\/span><\/li>\n<\/ol>\n<\/li>\n<\/ol>\n<p>I arbeidspakken legges det vekt p\u00e5 \u00e5 skape m\u00f8teplasser der barn og unge, studenter, forskere, profesjoner og organisasjoner kan m\u00f8tes for \u00e5 dele erfaringer og utforske ulike tiln\u00e6rminger som kan styrke barn og unges hverdagsliv og trivsel i S\u00e1pmi. Arbeidspakken vil jobbe for \u00e5 synliggj\u00f8re ulike utfordringer og muligheter, og ta i bruk kreative rammer for dialog og refleksjon. Eksempler p\u00e5 aktiviteter er dialogkafeer, workshops og kulturelle arrangement. I arbeidspakke 3 deltar forskere fra UiT i samarbeid med NASAK, Redd Barna og THL (Finnish Institute for Health and Welfare).<\/p>\n<p>[\/et_pb_text][\/et_pb_column][et_pb_column type=&raquo;2_5&#8243; _builder_version=&raquo;4.27.0&#8243; _module_preset=&raquo;default&raquo; global_colors_info=&raquo;{}&raquo;][et_pb_image src=&raquo;https:\/\/site.uit.no\/arcticyouth\/wp-content\/uploads\/sites\/525\/2024\/12\/AP-3.png&raquo; title_text=&raquo;AP (3)&raquo; _builder_version=&raquo;4.27.0&#8243; _module_preset=&raquo;default&raquo; custom_padding=&raquo;32px|||||&raquo; global_colors_info=&raquo;{}&raquo;][\/et_pb_image][\/et_pb_column][\/et_pb_row][et_pb_row disabled_on=&raquo;off|off|off&raquo; _builder_version=&raquo;4.27.0&#8243; _module_preset=&raquo;default&raquo; background_image=&raquo;https:\/\/site.uit.no\/arcticyouth\/wp-content\/uploads\/sites\/525\/2024\/12\/AY_Banner_narrow-4.png&raquo; parallax=&raquo;on&raquo; background_pattern_vertical_offset=&raquo;-15%&raquo; background_pattern_repeat=&raquo;repeat-x&raquo; min_height=&raquo;147px&raquo; custom_padding=&raquo;||25px|||&raquo; locked=&raquo;off&raquo; global_colors_info=&raquo;{}&raquo;][et_pb_column type=&raquo;4_4&#8243; _builder_version=&raquo;4.27.0&#8243; _module_preset=&raquo;default&raquo; global_colors_info=&raquo;{}&raquo;][et_pb_heading title=&raquo;Hvem jobber i arbeidspakke 3?&raquo; _builder_version=&raquo;4.27.0&#8243; _module_preset=&raquo;default&raquo; title_font=&raquo;Fredoka|||on|||||&raquo; title_text_color=&raquo;#e63372&#8243; title_font_size=&raquo;49px&raquo; custom_margin=&raquo;|||-83px|false|false&raquo; custom_margin_tablet=&raquo;|||0px|false|false&raquo; custom_margin_phone=&raquo;|||0px|false|false&raquo; custom_margin_last_edited=&raquo;on|tablet&raquo; custom_padding=&raquo;|||0px|false|false&raquo; title_font_size_tablet=&raquo;49px&raquo; title_font_size_phone=&raquo;36px&raquo; title_font_size_last_edited=&raquo;on|phone&raquo; global_colors_info=&raquo;{}&raquo;][\/et_pb_heading][\/et_pb_column][\/et_pb_row][et_pb_row column_structure=&raquo;1_4,1_4,1_4,1_4&#8243; use_custom_gutter=&raquo;on&raquo; gutter_width=&raquo;2&#8243; make_equal=&raquo;on&raquo; disabled_on=&raquo;off|off|off&raquo; _builder_version=&raquo;4.27.0&#8243; _module_preset=&raquo;default&raquo; module_alignment=&raquo;center&raquo; global_colors_info=&raquo;{}&raquo;][et_pb_column type=&raquo;1_4&#8243; _builder_version=&raquo;4.27.0&#8243; _module_preset=&raquo;default&raquo; global_colors_info=&raquo;{}&raquo;][et_pb_image src=&raquo;https:\/\/site.uit.no\/arcticyouth\/wp-content\/uploads\/sites\/525\/2025\/02\/Marcela-Douglas.jpg&raquo; title_text=&raquo;Marcela Douglas&raquo; _builder_version=&raquo;4.27.4&#8243; _module_preset=&raquo;default&raquo; global_colors_info=&raquo;{}&raquo;][\/et_pb_image][\/et_pb_column][et_pb_column type=&raquo;1_4&#8243; _builder_version=&raquo;4.27.0&#8243; _module_preset=&raquo;default&raquo; global_colors_info=&raquo;{}&raquo;][et_pb_text _builder_version=&raquo;4.27.5&#8243; _module_preset=&raquo;default&raquo; text_font=&raquo;|300|||||||&raquo; header_font=&raquo;Fredoka|500||on|||||&raquo; header_text_color=&raquo;#E63372&#8243; header_font_size=&raquo;24px&raquo; header_2_font=&raquo;Fredoka||||||||&raquo; header_2_font_size=&raquo;19px&raquo; text_orientation=&raquo;justified&raquo; global_colors_info=&raquo;{}&raquo;]<\/p>\n<h1>Marcela Douglas<\/h1>\n<h2>Arbeidspakkeleder<\/h2>\n<p style=\"text-align: left\">Jeg har PhD i visuell sosialantropologi, mine forskningsinteresser er innen minoritetsstudier, psykisk helse, minnekultur, og formidling av sensitive temaer. Jeg liker \u00e5 h\u00f8re p\u00e5 musikk, jogge, isbade, se film og lese.<\/p>\n<p>[\/et_pb_text][\/et_pb_column][et_pb_column type=&raquo;1_4&#8243; _builder_version=&raquo;4.27.0&#8243; _module_preset=&raquo;default&raquo; global_colors_info=&raquo;{}&raquo;][et_pb_image src=&raquo;https:\/\/site.uit.no\/arcticyouth\/wp-content\/uploads\/sites\/525\/2025\/02\/Tanja-Banerji.jpg&raquo; title_text=&raquo;Tanja Banerji&raquo; _builder_version=&raquo;4.27.4&#8243; _module_preset=&raquo;default&raquo; global_colors_info=&raquo;{}&raquo;][\/et_pb_image][\/et_pb_column][et_pb_column type=&raquo;1_4&#8243; _builder_version=&raquo;4.27.0&#8243; _module_preset=&raquo;default&raquo; global_colors_info=&raquo;{}&raquo;][et_pb_text _builder_version=&raquo;4.27.4&#8243; _module_preset=&raquo;default&raquo; text_font=&raquo;|300|||||||&raquo; header_font=&raquo;Fredoka|500||on|||||&raquo; header_text_color=&raquo;#E63372&#8243; header_font_size=&raquo;24px&raquo; header_2_font=&raquo;Fredoka||||||||&raquo; header_2_font_size=&raquo;19px&raquo; text_orientation=&raquo;justified&raquo; global_colors_info=&raquo;{}&raquo;]<\/p>\n<h1>Tanja Banerji<\/h1>\n<h2>Universitetslektor<\/h2>\n<p style=\"text-align: left\">Jeg underviser sosialarbeidere og er opptatt av \u2013og forsker p\u00e5 rekreasjonsbruk av rusmidler og alternative ungdomskulturer. Jeg er ogs\u00e5 interessert i internasjonale og globale perspektiver p\u00e5 sosialt arbeid.<\/p>\n<p>[\/et_pb_text][\/et_pb_column][\/et_pb_row][et_pb_row column_structure=&raquo;1_4,1_4,1_4,1_4&#8243; use_custom_gutter=&raquo;on&raquo; gutter_width=&raquo;2&#8243; make_equal=&raquo;on&raquo; disabled_on=&raquo;off|off|off&raquo; _builder_version=&raquo;4.27.0&#8243; _module_preset=&raquo;default&raquo; module_alignment=&raquo;center&raquo; global_colors_info=&raquo;{}&raquo;][et_pb_column type=&raquo;1_4&#8243; _builder_version=&raquo;4.27.0&#8243; _module_preset=&raquo;default&raquo; global_colors_info=&raquo;{}&raquo;][et_pb_image src=&raquo;https:\/\/site.uit.no\/arcticyouth\/wp-content\/uploads\/sites\/525\/2025\/02\/Eva-Josefsen.jpg&raquo; title_text=&raquo;Eva Josefsen&raquo; _builder_version=&raquo;4.27.4&#8243; _module_preset=&raquo;default&raquo; global_colors_info=&raquo;{}&raquo;][\/et_pb_image][\/et_pb_column][et_pb_column type=&raquo;1_4&#8243; _builder_version=&raquo;4.27.0&#8243; _module_preset=&raquo;default&raquo; global_colors_info=&raquo;{}&raquo;][et_pb_text _builder_version=&raquo;4.27.4&#8243; _module_preset=&raquo;default&raquo; text_font=&raquo;|300|||||||&raquo; header_font=&raquo;Fredoka|500||on|||||&raquo; header_text_color=&raquo;#E63372&#8243; header_font_size=&raquo;24px&raquo; header_2_font=&raquo;Fredoka||||||||&raquo; header_2_font_size=&raquo;19px&raquo; text_orientation=&raquo;justified&raquo; global_colors_info=&raquo;{}&raquo;]<\/p>\n<h1>Eva Josefsen<\/h1>\n<h2 style=\"text-align: left\">Professor i samfunnsvitenskap<\/h2>\n<p style=\"text-align: left\">Jeg har PhD i statsvitenskap. Min forskning har v\u00e6rt fokusert p\u00e5 samiske perspektiver, hvor det samiske blant annet har v\u00e6rt knyttet til temaer som likestilling og diskriminering, naturressurser, demokratiske valg og offentlig forvaltning.<\/p>\n<p>[\/et_pb_text][\/et_pb_column][et_pb_column type=&raquo;1_4&#8243; _builder_version=&raquo;4.27.0&#8243; _module_preset=&raquo;default&raquo; global_colors_info=&raquo;{}&raquo;][et_pb_image src=&raquo;https:\/\/site.uit.no\/arcticyouth\/wp-content\/uploads\/sites\/525\/2025\/02\/may-helen-schanche-nasak-wp-3.png&raquo; title_text=&raquo;may helen schanche nasak wp 3&#8243; _builder_version=&raquo;4.27.4&#8243; _module_preset=&raquo;default&raquo; global_colors_info=&raquo;{}&raquo;][\/et_pb_image][\/et_pb_column][et_pb_column type=&raquo;1_4&#8243; _builder_version=&raquo;4.27.0&#8243; _module_preset=&raquo;default&raquo; global_colors_info=&raquo;{}&raquo;][et_pb_text _builder_version=&raquo;4.27.4&#8243; _module_preset=&raquo;default&raquo; text_font=&raquo;|300|||||||&raquo; header_font=&raquo;Fredoka|500||on|||||&raquo; header_text_color=&raquo;#E63372&#8243; header_font_size=&raquo;24px&raquo; header_2_font=&raquo;Fredoka||||||||&raquo; header_2_font_size=&raquo;19px&raquo; text_orientation=&raquo;justified&raquo; global_colors_info=&raquo;{}&raquo;]<\/p>\n<h1 style=\"text-align: left\">May Helen Schanche<\/h1>\n<h2>Leder p\u00e5 NASAK<\/h2>\n<p style=\"text-align: left\">NASAK har som form\u00e5l \u00e5 bidra til \u00e5 styrke kvaliteten p\u00e5 tjenestenes arbeid med samiske barn, voksne og familier og til et mer likeverdig tilbud til samisk befolkning i alle samiske omr\u00e5der. Videre er jeg interessert i duodji, reising, kultur, hest og familie.<\/p>\n<p>[\/et_pb_text][\/et_pb_column][\/et_pb_row][et_pb_row column_structure=&raquo;1_4,1_4,1_4,1_4&#8243; use_custom_gutter=&raquo;on&raquo; gutter_width=&raquo;2&#8243; make_equal=&raquo;on&raquo; disabled_on=&raquo;off|off|off&raquo; _builder_version=&raquo;4.27.0&#8243; _module_preset=&raquo;default&raquo; module_alignment=&raquo;center&raquo; locked=&raquo;off&raquo; global_colors_info=&raquo;{}&raquo;][et_pb_column type=&raquo;1_4&#8243; _builder_version=&raquo;4.27.0&#8243; _module_preset=&raquo;default&raquo; global_colors_info=&raquo;{}&raquo;][et_pb_image src=&raquo;https:\/\/site.uit.no\/arcticyouth\/wp-content\/uploads\/sites\/525\/2025\/03\/niila-scaled.jpg&raquo; title_text=&raquo;niila&raquo; _builder_version=&raquo;4.27.4&#8243; _module_preset=&raquo;default&raquo; global_colors_info=&raquo;{}&raquo;][\/et_pb_image][\/et_pb_column][et_pb_column type=&raquo;1_4&#8243; _builder_version=&raquo;4.27.0&#8243; _module_preset=&raquo;default&raquo; global_colors_info=&raquo;{}&raquo;][et_pb_text _builder_version=&raquo;4.27.4&#8243; _module_preset=&raquo;default&raquo; text_font=&raquo;|300|||||||&raquo; header_font=&raquo;Fredoka|500||on|||||&raquo; header_text_color=&raquo;#E63372&#8243; header_font_size=&raquo;24px&raquo; header_2_font=&raquo;Fredoka||||||||&raquo; header_2_font_size=&raquo;19px&raquo; text_orientation=&raquo;justified&raquo; global_colors_info=&raquo;{}&raquo;]<\/p>\n<h1 style=\"text-align: left\">Niila Rahko<\/h1>\n<h2 style=\"text-align: left\">THL (Det finske helseinstituttet)<\/h2>\n<p style=\"text-align: left\">Jeg er sykepleier og psykoterapeut under utdanning, og jobber som planlegger ved det finske helseinstituttet (THL). Jeg har en sterk tilknytning til mine samiske r\u00f8tter og min samiske kultur, som jeg aktivt tar med meg inn i mitt profesjonelle og personlige liv. P\u00e5 fritiden liker jeg \u00e5 tilbringe tid med familien, reise nordover og delta i friluftsaktiviteter.<\/p>\n<p>[\/et_pb_text][\/et_pb_column][et_pb_column type=&raquo;1_4&#8243; _builder_version=&raquo;4.27.0&#8243; _module_preset=&raquo;default&raquo; global_colors_info=&raquo;{}&raquo;][et_pb_image src=&raquo;https:\/\/site.uit.no\/arcticyouth\/wp-content\/uploads\/sites\/525\/2025\/03\/Siss-Mari-Solli-scaled.jpg&raquo; title_text=&raquo;Siss Mari Solli&raquo; disabled_on=&raquo;off|off|off&raquo; _builder_version=&raquo;4.27.4&#8243; _module_preset=&raquo;default&raquo; global_colors_info=&raquo;{}&raquo;][\/et_pb_image][\/et_pb_column][et_pb_column type=&raquo;1_4&#8243; _builder_version=&raquo;4.27.0&#8243; _module_preset=&raquo;default&raquo; global_colors_info=&raquo;{}&raquo;][et_pb_text _builder_version=&raquo;4.27.4&#8243; _module_preset=&raquo;default&raquo; text_font=&raquo;|300|||||||&raquo; header_font=&raquo;Fredoka|500||on|||||&raquo; header_text_color=&raquo;#E63372&#8243; header_font_size=&raquo;24px&raquo; header_2_font=&raquo;Fredoka||||||||&raquo; header_2_font_size=&raquo;19px&raquo; text_orientation=&raquo;justified&raquo; global_colors_info=&raquo;{}&raquo;]<\/p>\n<h1 style=\"text-align: left\">Siss-Mari Solli<\/h1>\n<h2>Universitetslektor<\/h2>\n<p style=\"text-align: left\">Jeg underviser og veileder sosialarbeidere. Jeg er interessert i sosialt arbeid i alle kontekster, b\u00e5de nasjonalt og internasjonalt, hvordan sosialarbeideren forst\u00e5r brukeren og samfunnet vi er i og hvordan dette p\u00e5virker de ulike tiln\u00e6rmingene vi velger. P\u00e5 fritiden liker jeg \u00e5 reise, v\u00e6re p\u00e5 hytta, p\u00e5 tur med hunden og lage god mat.<\/p>\n<p>[\/et_pb_text][\/et_pb_column][\/et_pb_row][et_pb_row column_structure=&raquo;1_4,1_4,1_4,1_4&#8243; use_custom_gutter=&raquo;on&raquo; gutter_width=&raquo;2&#8243; make_equal=&raquo;on&raquo; disabled_on=&raquo;off|off|off&raquo; _builder_version=&raquo;4.27.0&#8243; _module_preset=&raquo;default&raquo; module_alignment=&raquo;center&raquo; locked=&raquo;off&raquo; global_colors_info=&raquo;{}&raquo;][et_pb_column type=&raquo;1_4&#8243; _builder_version=&raquo;4.27.0&#8243; _module_preset=&raquo;default&raquo; global_colors_info=&raquo;{}&raquo;][et_pb_image src=&raquo;https:\/\/site.uit.no\/arcticyouth\/wp-content\/uploads\/sites\/525\/2025\/03\/bilde-Monica-scaled.jpg&raquo; title_text=&raquo;bilde Monica&raquo; disabled_on=&raquo;off|off|off&raquo; _builder_version=&raquo;4.27.4&#8243; _module_preset=&raquo;default&raquo; global_colors_info=&raquo;{}&raquo;][\/et_pb_image][\/et_pb_column][et_pb_column type=&raquo;1_4&#8243; _builder_version=&raquo;4.27.0&#8243; _module_preset=&raquo;default&raquo; global_colors_info=&raquo;{}&raquo;][et_pb_text _builder_version=&raquo;4.27.4&#8243; _module_preset=&raquo;default&raquo; text_font=&raquo;|300|||||||&raquo; header_font=&raquo;Fredoka|500||on|||||&raquo; header_text_color=&raquo;#E63372&#8243; header_font_size=&raquo;24px&raquo; header_2_font=&raquo;Fredoka||||||||&raquo; header_2_font_size=&raquo;19px&raquo; text_orientation=&raquo;justified&raquo; global_colors_info=&raquo;{}&raquo;]<\/p>\n<h1 style=\"text-align: left\">Monica Skrindo Sedahl<\/h1>\n<h2>Universitetslektor<\/h2>\n<p style=\"text-align: left\">Jeg underviser og veileder sosialarbeidere og har lang erfaring fra praksisfeltet og arbeid med barn, unge og familier i ulike s\u00e5rbare livssituasjoner. Jeg er s\u00e6rlig opptatt av internasjonalisering av utdanningene. Ellers liker jeg \u00e5 falle til ro med en god bok, delta p\u00e5 ulike kulturelle arrangementer, v\u00e6re p\u00e5 fjellet og stranden og oppdage og utforske nye steder.<\/p>\n<p>[\/et_pb_text][\/et_pb_column][et_pb_column type=&raquo;1_4&#8243; _builder_version=&raquo;4.27.0&#8243; _module_preset=&raquo;default&raquo; global_colors_info=&raquo;{}&raquo;][\/et_pb_column][et_pb_column type=&raquo;1_4&#8243; _builder_version=&raquo;4.27.0&#8243; _module_preset=&raquo;default&raquo; global_colors_info=&raquo;{}&raquo;][\/et_pb_column][\/et_pb_row][et_pb_row disabled_on=&raquo;off|off|off&raquo; _builder_version=&raquo;4.27.0&#8243; _module_preset=&raquo;default&raquo; background_image=&raquo;https:\/\/site.uit.no\/arcticyouth\/wp-content\/uploads\/sites\/525\/2024\/12\/AY_Banner_narrow-2.png&raquo; parallax=&raquo;on&raquo; background_pattern_vertical_offset=&raquo;-15%&raquo; background_pattern_repeat=&raquo;repeat-x&raquo; min_height=&raquo;147px&raquo; custom_padding=&raquo;||25px|||&raquo; locked=&raquo;off&raquo; global_colors_info=&raquo;{}&raquo;][et_pb_column type=&raquo;4_4&#8243; _builder_version=&raquo;4.27.0&#8243; _module_preset=&raquo;default&raquo; global_colors_info=&raquo;{}&raquo;][et_pb_heading title=&raquo;Hva skjer i Arbeidspakke 3?&raquo; _builder_version=&raquo;4.27.0&#8243; _module_preset=&raquo;default&raquo; title_font=&raquo;Fredoka|||on|||||&raquo; title_text_color=&raquo;#e63372&#8243; title_font_size=&raquo;49px&raquo; custom_margin=&raquo;|||-83px|false|false&raquo; custom_margin_tablet=&raquo;|||0px|false|false&raquo; custom_margin_phone=&raquo;|||0px|false|false&raquo; custom_margin_last_edited=&raquo;on|tablet&raquo; custom_padding=&raquo;|||0px|false|false&raquo; title_font_size_tablet=&raquo;49px&raquo; title_font_size_phone=&raquo;36px&raquo; title_font_size_last_edited=&raquo;on|phone&raquo; global_colors_info=&raquo;{}&raquo;][\/et_pb_heading][\/et_pb_column][\/et_pb_row][et_pb_row _builder_version=&raquo;4.27.0&#8243; _module_preset=&raquo;default&raquo; global_colors_info=&raquo;{}&raquo;][et_pb_column type=&raquo;4_4&#8243; _builder_version=&raquo;4.27.0&#8243; _module_preset=&raquo;default&raquo; global_colors_info=&raquo;{}&raquo;][et_pb_post_slider include_categories=&raquo;12&#8243; excerpt_length=&raquo;100&#8243; show_meta=&raquo;off&raquo; disabled_on=&raquo;off|off|off&raquo; _builder_version=&raquo;4.27.0&#8243; _module_preset=&raquo;default&raquo; body_font=&raquo;|300|||||||&raquo; background_color=&raquo;rgba(230,51,114,0.41)&raquo; custom_button=&raquo;on&raquo; button_text_color=&raquo;#E63372&#8243; button_border_width=&raquo;1px&raquo; button_border_radius=&raquo;11px&raquo; button_font=&raquo;Fredoka|600||on|||||&raquo; background_layout=&raquo;light&raquo; locked=&raquo;off&raquo; global_colors_info=&raquo;{}&raquo;][\/et_pb_post_slider][\/et_pb_column][\/et_pb_row][\/et_pb_section]<\/p>\n","protected":false},"excerpt":{"rendered":"<p>Innovativ tverrfaglig utdanning og profesjonell praksis for utsatte barn og ungdom i S\u00e1pmiArbeidspakke 3 har som m\u00e5l \u00e5 fremme barn og unges stemmer og behov i S\u00e1pmi i tr\u00e5d med FNs barnekonvensjon. Arbeidspakke 3 vil fokusere p\u00e5 tre hovedtemaer: Forvaltning og velferdstjenester for barn og unge med samisk eller annen minoritetsbakgrunn Barn og unges livssituasjoner [&hellip;]<\/p>\n","protected":false},"author":123681,"featured_media":0,"parent":428,"menu_order":3,"comment_status":"closed","ping_status":"closed","template":"","meta":{"_et_pb_use_builder":"on","_et_pb_old_content":"","_et_gb_content_width":"","footnotes":""},"class_list":["post-517","page","type-page","status-publish","hentry"],"_links":{"self":[{"href":"https:\/\/site.uit.no\/arcticyouth\/wp-json\/wp\/v2\/pages\/517","targetHints":{"allow":["GET"]}}],"collection":[{"href":"https:\/\/site.uit.no\/arcticyouth\/wp-json\/wp\/v2\/pages"}],"about":[{"href":"https:\/\/site.uit.no\/arcticyouth\/wp-json\/wp\/v2\/types\/page"}],"author":[{"embeddable":true,"href":"https:\/\/site.uit.no\/arcticyouth\/wp-json\/wp\/v2\/users\/123681"}],"replies":[{"embeddable":true,"href":"https:\/\/site.uit.no\/arcticyouth\/wp-json\/wp\/v2\/comments?post=517"}],"version-history":[{"count":3,"href":"https:\/\/site.uit.no\/arcticyouth\/wp-json\/wp\/v2\/pages\/517\/revisions"}],"predecessor-version":[{"id":1881,"href":"https:\/\/site.uit.no\/arcticyouth\/wp-json\/wp\/v2\/pages\/517\/revisions\/1881"}],"up":[{"embeddable":true,"href":"https:\/\/site.uit.no\/arcticyouth\/wp-json\/wp\/v2\/pages\/428"}],"wp:attachment":[{"href":"https:\/\/site.uit.no\/arcticyouth\/wp-json\/wp\/v2\/media?parent=517"}],"curies":[{"name":"wp","href":"https:\/\/api.w.org\/{rel}","templated":true}]}}