{"id":183,"date":"2011-08-19T11:26:14","date_gmt":"2011-08-19T09:26:14","guid":{"rendered":"https:\/\/site.uit.no\/favllis\/?page_id=183"},"modified":"2012-09-25T09:55:26","modified_gmt":"2012-09-25T07:55:26","slug":"narrativ-om-krakeboller","status":"publish","type":"page","link":"https:\/\/site.uit.no\/favllis\/bakgrunn-for-forstaelse-av-lokal-kunnskap\/narrativ-om-krakeboller\/","title":{"rendered":"Narrativ om kr\u00e5keboller"},"content":{"rendered":"<p style=\"text-align: left\">Porsangerfjorden har i l\u00f8pet av de siste ti\u00e5rene v\u00e6rt gjennom store \u00f8kologiske endringer, og lokalbefolkningen peker p\u00e5 flere forskjellige \u00e5rsaksforklaringer, og samspillet mellom dem. \u00a0Mange mener at \u00f8kningen i kr\u00e5kebollebestanden er en viktig \u00e5rsak.<\/p>\n<p>Flere av de lokale som er blitt intervjuet forteller at kr\u00e5kebollen beiter ned tareskogen, blant\u00a0en av dagens fjordfiskere\u00a0(f. 1950): \u201cKr\u00e5keboller har jo overtatt fullstendig, enorme mengder. Mange av de her rognkjeksfeltan, kor det var mye tarebotn og vi brukte \u00e5 sette rognkjeksgarn, der g\u00e5r det ikke an \u00e5 sette garn lenger, der er det bare s\u00e5nn ruggelstein og garnan b\u00e6r fast og m\u00e5 hives. Kr\u00e5kebolla har spist opp hele tareskogen.\u201d At tareskogen har blitt borte blir sett p\u00e5 som et stort problem for den \u00f8kologiske balansen, blant annet fordi fiskeyngelen ikke har noe oppholdssted, og at fisken ikke har noe sted \u00e5 gjemme seg for kobben.<\/p>\n<p>For \u00e5 forklare at bestanden av kr\u00e5kebolle har \u00f8kt peker mange p\u00e5 at flere av de \u201cnaturlige fiendene\u201d til kr\u00e5kebollen har blitt borte.\u00a0Ovennevnte fisker\u00a0forteller videre: \u201dDet er jo noen som p\u00e5st\u00e5r at steinbiten er borte og steinbiten spiste jo kr\u00e5keboller. Koffor steinbiten er borte t\u00f8r jeg ikke si noe om, men at det er en ubalanse som gj\u00f8r det, det er det ikke tvil om.\u201d At silda er borte er ogs\u00e5 en mulig faktor: \u201cEn annen ting er at n\u00e5 hevdes jo, og det er sikkert riktig, at en av \u00e5rsakene til at vi har s\u00e5 mye kr\u00e5keboller det er det at man fisket ned sildebestanden som man gjorde. Fordi at sildelarvene, n\u00e5r de vokser opp, de beiter p\u00e5 kr\u00e5kebollerogna. Kr\u00e5kebollelarvene. Og det er jo ikke umulig \u00e5 tenkes at det kan v\u00e6re en av \u00e5rsakene til at vi har mye kr\u00e5keboller, fordi at vi har jo fisket ned sildebestanden. Det er en av \u00e5rsakene, kanskje ikke bare eneste \u00e5rsaken, men en av \u00e5rsakene. Og hvis det er riktig, hvorfor tillater man da et sildefiske n\u00e5 igjen inne i fjordene, ikke sant? Hvor vi har en s\u00e5nn enorm mengde med kr\u00e5keboller. Hvorfor ikke la den silden v\u00e6re? La den vokse opp s\u00e5 den kan beite p\u00e5 de her kr\u00e5kebollelarvene. Hvis det er riktig.\u201d<\/p>\n<p><a href=\"https:\/\/maps.google.com\/maps\/ms?msid=202714061890854860887.0004c774dbc1030581c03&amp;msa=0&amp;ie=UTF8&amp;t=h&amp;source=embed&amp;ll=70.359629,25.510254&amp;spn=0.22456,1.056747&amp;z=11&amp;vpsrc=6&amp;iwloc=0004c7751cb8881cb7959\">Klikk her for \u00e5 finne narrativet i kartet<\/a>.<\/p>\n<p><strong>Lenker til materiale om kr\u00e5keboller<br \/>\n<\/strong>Havforskningsinstituttet &#8211; <a href=\"http:\/\/www.imr.no\/temasider\/skalldyr\/krakebolle\/nb-no\">temasider om kr\u00e5keboller<\/a><\/p>\n<p><strong>Andre narrativer fra Porsanger<br \/>\n<\/strong><a href=\"https:\/\/site.uit.no\/favllis\/bakgrunn-for-forstaelse-av-lokal-kunnskap\/narrativ-om-fahccabealli\/\">Fahccabealli \u2013 en fiskegrunne i Porsanger<\/a><br \/>\n<a href=\"https:\/\/site.uit.no\/favllis\/bakgrunn-for-forstaelse-av-lokal-kunnskap\/narrativ-om-gades\/\">G\u00e1\u0111e\u0161 \u2013 en fiskegrunne i Porsanger<\/a><br \/>\n<a href=\"https:\/\/site.uit.no\/favllis\/bakgrunn-for-forstaelse-av-lokal-kunnskap\/narrativ-om-overfiske\/\">Overbeskatning av fiskeressurser<\/a><br \/>\n<a href=\"https:\/\/site.uit.no\/favllis\/bakgrunn-for-forstaelse-av-lokal-kunnskap\/narrativ-om-ufred-pa-fjorden\/\">Ufred p\u00e5 fjorden<\/a><br \/>\n<a href=\"https:\/\/site.uit.no\/favllis\/bakgrunn-for-forstaelse-av-lokal-kunnskap\/narrativ-om-kvoteordninger\/\">Kvoteordninger<\/a><br \/>\n<a href=\"https:\/\/site.uit.no\/favllis\/bakgrunn-for-forstaelse-av-lokal-kunnskap\/narrativ-om-sel\/\">Sel<\/a><\/p>\n","protected":false},"excerpt":{"rendered":"<p>Porsangerfjorden har i l\u00f8pet av de siste ti\u00e5rene v\u00e6rt gjennom store \u00f8kologiske endringer, og lokalbefolkningen peker p\u00e5 flere forskjellige \u00e5rsaksforklaringer, og samspillet mellom dem. \u00a0Mange mener at \u00f8kningen i kr\u00e5kebollebestanden er en viktig \u00e5rsak. Flere av de lokale som er &hellip; <a href=\"https:\/\/site.uit.no\/favllis\/bakgrunn-for-forstaelse-av-lokal-kunnskap\/narrativ-om-krakeboller\/\">Continue reading <span class=\"meta-nav\">&rarr;<\/span><\/a><\/p>\n","protected":false},"author":70,"featured_media":0,"parent":19,"menu_order":0,"comment_status":"closed","ping_status":"closed","template":"onecolumn-page.php","meta":{"footnotes":""},"class_list":["post-183","page","type-page","status-publish","hentry"],"_links":{"self":[{"href":"https:\/\/site.uit.no\/favllis\/wp-json\/wp\/v2\/pages\/183","targetHints":{"allow":["GET"]}}],"collection":[{"href":"https:\/\/site.uit.no\/favllis\/wp-json\/wp\/v2\/pages"}],"about":[{"href":"https:\/\/site.uit.no\/favllis\/wp-json\/wp\/v2\/types\/page"}],"author":[{"embeddable":true,"href":"https:\/\/site.uit.no\/favllis\/wp-json\/wp\/v2\/users\/70"}],"replies":[{"embeddable":true,"href":"https:\/\/site.uit.no\/favllis\/wp-json\/wp\/v2\/comments?post=183"}],"version-history":[{"count":16,"href":"https:\/\/site.uit.no\/favllis\/wp-json\/wp\/v2\/pages\/183\/revisions"}],"predecessor-version":[{"id":313,"href":"https:\/\/site.uit.no\/favllis\/wp-json\/wp\/v2\/pages\/183\/revisions\/313"}],"up":[{"embeddable":true,"href":"https:\/\/site.uit.no\/favllis\/wp-json\/wp\/v2\/pages\/19"}],"wp:attachment":[{"href":"https:\/\/site.uit.no\/favllis\/wp-json\/wp\/v2\/media?parent=183"}],"curies":[{"name":"wp","href":"https:\/\/api.w.org\/{rel}","templated":true}]}}