{"id":2078,"date":"2013-06-24T19:27:49","date_gmt":"2013-06-24T17:27:49","guid":{"rendered":"https:\/\/site.uit.no\/favllis\/?page_id=2078"},"modified":"2015-03-12T22:15:45","modified_gmt":"2015-03-12T21:15:45","slug":"blogger-andre-tekster-og-mediaoppslag","status":"publish","type":"page","link":"https:\/\/site.uit.no\/favllis\/blogger-andre-tekster-og-mediaoppslag\/","title":{"rendered":"Blogger og mediaoppslag"},"content":{"rendered":"<p><strong><br \/>\nBlogger p\u00e5 forskning.no (om kunnskap, fiske og andre emner) <\/strong><\/p>\n<ul>\n<li><a title=\"&quot;Det hadde v\u00e6rt godt med seim\u00f8lja&quot; - p\u00e5 samefolkets dag\" href=\"http:\/\/forskning.no\/content\/det-hadde-vaert-godt-med-seimolja-pa-samefolkets-dag\">&#8220;Det hadde v\u00e6rt godt med seim\u00f8lja&#8221; &#8211;\u00a0p\u00e5 Samefolkets dag<\/a><\/li>\n<li><a title=\"N\u00e5r forskeren blir filmstjerne\" href=\"http:\/\/forskning.no\/content\/nar-forskeren-blir-filmstjerne\">N\u00e5r forskeren blir filmstjerne<\/a><\/li>\n<li><a title=\"(Steds)navnet skjemmer ingen?\" href=\"http:\/\/forskning.no\/content\/stedsnavnet-skjemmer-ingen\">(Steds)navnet skjemmer ingen?<\/a><\/li>\n<li><a title=\"Besv\u00e6rlige eksperter, statlig politikk og samiske fiskerettigheter\" href=\"http:\/\/forskning.no\/content\/besvaerlige-eksperter-statlig-politikk-og-samiske-fiskerettigheter\">Besv\u00e6rlige eksperter, statlig politikk og samiske fiskerettigheter<\/a><\/li>\n<li><a title=\"Bedre f\u00f8re var for finnmarksrypene?\" href=\"http:\/\/forskning.no\/content\/bedre-fore-var-finnmarksrypene\">Bedre f\u00f8re var for finnmarksrypene?<\/a><\/li>\n<li><a title=\"Fra Sveits til Nord-Norge\" href=\"http:\/\/forskning.no\/content\/fra-sveits-til-nord-norge\">Fra Sveits til Nord-Norge<\/a><\/li>\n<li><a title=\"Spr\u00e5kskatt opp fra havbunnen i Porsangerfjorden\" href=\"http:\/\/forskning.no\/content\/sprakskatt-opp-fra-havbunnen-i-porsangerfjorden\">Spr\u00e5kskatt opp fra havbunnen i Porsangerfjorden <\/a><\/li>\n<li><a title=\"Kunnskap i ord?\" href=\"http:\/\/forskning.no\/content\/kunnskap-i-ord\">Kunnskap i ord?<\/a><\/li>\n<li><a title=\"Hva koster en samekofte?\" href=\"http:\/\/forskning.no\/content\/hva-koster-en-samekofte\">Hva koster en samekofte?<\/a><\/li>\n<li><a title=\"Akademiske sladrekjerringer p\u00e5 agoraens bakrom\" href=\"http:\/\/forskning.no\/content\/akademiske-sladrekjerringer-pa-agoraens-bakrom\">Akademiske sladrekjerringer p\u00e5 agoraens bakrom<\/a><\/li>\n<li><a title=\"Tradisjonelle sj\u00f8samiske fiskeriord\" href=\"http:\/\/forskning.no\/content\/tradisjonelle-sjosamiske-fiskeriord\">Tradisjonelle sj\u00f8samiske fiskeriord<\/a><\/li>\n<li><a title=\"Fra fisk til krabbe i Porsangerfjorden\" href=\"http:\/\/forskning.no\/content\/fra-fisk-til-krabbe-i-porsangerfjorden\">Fra fisk til krabbe i Porsangerfjorden<\/a><\/li>\n<li><a title=\"Fiskerkunnskap og forskerkunnskap - ja takk, begge deler\" href=\"http:\/\/forskning.no\/content\/fiskerkunnskap-og-forskerkunnskap-ja-takk-begge-deler\">Fiskerkunnskap og forskerkunnskap &#8211; ja takk, begge deler<\/a><\/li>\n<li><a title=\"Samiske navn p\u00e5 fisk - hva forteller de?\" href=\"http:\/\/forskning.no\/content\/samiske-navn-pa-fisk-hva-forteller-de\">Samiske navn p\u00e5 fisk &#8211; hva forteller de?<\/a><\/li>\n<li><a title=\"Bor det sj\u00f8samer i Trondheimsfjorden?\" href=\"http:\/\/forskning.no\/content\/bor-det-sjosamer-i-trondheimsfjorden\">Bor det sj\u00f8samer i Trondheimsfjorden?<\/a><\/li>\n<\/ul>\n<p><strong>Andre oppslag p\u00e5 forskning.no<\/strong><\/p>\n<ul>\n<li><a title=\"Forskeren forteller - bilder fra Porsanger\" href=\"http:\/\/forskning.no\/fangst-kulturlandskap\/2010\/02\/forsker-pa-fjaera-og-fjorden\">Forskeren forteller &#8211; bilder fra Porsanger<\/a><\/li>\n<li><a title=\"Fjordfiske under press\" href=\"http:\/\/forskning.no\/fangst-fisk-samfunnskunnskap\/2009\/12\/fjordfiske-under-press\">Fjordfiske under press<\/a><\/li>\n<li><a title=\"Kulturlandskap under vann\" href=\"http:\/\/forskning.no\/fangst-forskningsformidling-forskningspolitikk\/2009\/02\/kulturlandskap-under-vann\">Kulturlandskap under vann<\/a><\/li>\n<li><a title=\"Det sj\u00f8samiske perspektivet\" href=\"http:\/\/forskning.no\/hav-og-fiske-naturressursforvaltning\/2008\/02\/det-sjosamiske-perspektivet\">Det sj\u00f8samiske perspektivet<\/a><\/li>\n<li><a title=\"Lokal kunnskap avgj\u00f8rende\" href=\"http:\/\/forskning.no\/fangst-fisk-havforskning-okologi\/2011\/06\/lokal-fjordkunnskap-avgjorende\">Lokal kunnskap avgj\u00f8rende<\/a><\/li>\n<\/ul>\n<p><strong>Medieoppslag<\/strong><\/p>\n<ul>\n<li><a title=\"AVVIR-20090228 side 14\" href=\"http:\/\/uit.no\/Content\/176074\/AVVIR-20090228%20side%2014.pdf\" target=\"_blank\">AVVIR-2009-02-28 side 14<\/a><\/li>\n<li><a title=\"S\u00e1gat nr 26 l\u00f8r 07022009\" href=\"http:\/\/uit.no\/Content\/176321\/S%C3%A1gat%20nr%2026%20l%C3%B8r%2007022009.pdf\" target=\"_blank\">S\u00e1gat nr 26 l\u00f8r 07-02-2009<\/a><\/li>\n<li><a title=\"S\u00e1gat nr 162 fre 31102008\" href=\"http:\/\/uit.no\/Content\/176322\/S%C3%A1gat%20nr%20162%20fre%2031102008.pdf\" target=\"_blank\">S\u00e1gat nr 162 fre 31-10-2008<\/a><\/li>\n<li><a title=\"S\u00e1gat_nr_222_171110\" href=\"http:\/\/uit.no\/Content\/213821\/S%C3%A1gat_nr_222_171110.pdf\" target=\"_blank\">S\u00e1gat_nr_222_17-11-10<\/a><\/li>\n<li><a title=\"NRK S\u00e1mi Radio om m\u00f8tet i Nesseby \" href=\"http:\/\/www.nrk.no\/kanal\/nrk_sami_radio\/1.6944308\">NRK S\u00e1mi Radio om m\u00f8tet i Nesseby<\/a> (2010)<\/li>\n<\/ul>\n<p><strong>Andres blogger p\u00e5 forskning.no om tradisjonell kunnskap<\/strong><\/p>\n<ul>\n<li><a title=\"Klima, T\u00d8K og reindriftsforskning\" href=\"http:\/\/forskning.no\/content\/klima-tok-og-reindriftsforskning\">Klima, T\u00d8K og reindriftsforskning<\/a><\/li>\n<li><a title=\"Tradisjonell kunnskap til ettertanke - n\u00e5r blir en bruksm\u00e5te tradisjonell?\" href=\"http:\/\/forskning.no\/content\/tradisjonell-kunnskap-til-ettertanke-nar-blir-en-bruksmate-tradisjonell\">Tradisjonell kunnskap til ettertanke &#8211; n\u00e5r blir en bruksm\u00e5te tradisjonell?<\/a><\/li>\n<\/ul>\n<p>&nbsp;<\/p>\n","protected":false},"excerpt":{"rendered":"<p>Blogger p\u00e5 forskning.no (om kunnskap, fiske og andre emner) &#8220;Det hadde v\u00e6rt godt med seim\u00f8lja&#8221; &#8211;\u00a0p\u00e5 Samefolkets dag N\u00e5r forskeren blir filmstjerne (Steds)navnet skjemmer ingen? Besv\u00e6rlige eksperter, statlig politikk og samiske fiskerettigheter Bedre f\u00f8re var for finnmarksrypene? Fra Sveits til &hellip; <a href=\"https:\/\/site.uit.no\/favllis\/blogger-andre-tekster-og-mediaoppslag\/\">Continue reading <span class=\"meta-nav\">&rarr;<\/span><\/a><\/p>\n","protected":false},"author":120,"featured_media":0,"parent":0,"menu_order":0,"comment_status":"closed","ping_status":"closed","template":"onecolumn-page.php","meta":{"footnotes":""},"class_list":["post-2078","page","type-page","status-publish","hentry"],"_links":{"self":[{"href":"https:\/\/site.uit.no\/favllis\/wp-json\/wp\/v2\/pages\/2078","targetHints":{"allow":["GET"]}}],"collection":[{"href":"https:\/\/site.uit.no\/favllis\/wp-json\/wp\/v2\/pages"}],"about":[{"href":"https:\/\/site.uit.no\/favllis\/wp-json\/wp\/v2\/types\/page"}],"author":[{"embeddable":true,"href":"https:\/\/site.uit.no\/favllis\/wp-json\/wp\/v2\/users\/120"}],"replies":[{"embeddable":true,"href":"https:\/\/site.uit.no\/favllis\/wp-json\/wp\/v2\/comments?post=2078"}],"version-history":[{"count":15,"href":"https:\/\/site.uit.no\/favllis\/wp-json\/wp\/v2\/pages\/2078\/revisions"}],"predecessor-version":[{"id":2538,"href":"https:\/\/site.uit.no\/favllis\/wp-json\/wp\/v2\/pages\/2078\/revisions\/2538"}],"wp:attachment":[{"href":"https:\/\/site.uit.no\/favllis\/wp-json\/wp\/v2\/media?parent=2078"}],"curies":[{"name":"wp","href":"https:\/\/api.w.org\/{rel}","templated":true}]}}