{"id":2408,"date":"2013-07-30T12:58:55","date_gmt":"2013-07-30T10:58:55","guid":{"rendered":"https:\/\/site.uit.no\/favllis\/?page_id=2408"},"modified":"2013-07-30T12:58:55","modified_gmt":"2013-07-30T10:58:55","slug":"prosjekt-porsangerfjorden-tilbake-til-livet-ptl","status":"publish","type":"page","link":"https:\/\/site.uit.no\/favllis\/prosjekt-porsangerfjorden-tilbake-til-livet-ptl\/","title":{"rendered":"Prosjekt &#8220;Porsangerfjorden tilbake til livet&#8221; (PTL)"},"content":{"rendered":"<p>Det kommunale prosjektet \u201dPorsangerfjorden tilbake til livet\u201d ble iverksatt for \u00e5 skape \u00f8kt n\u00e6ringsutvikling med utgangspunkt i fjorden. I begrunnelsen for prosjektet heter det blant annet at Porsanger har et ensidig og s\u00e5rbart n\u00e6ringsliv med mange sysselsatte innenfor service- og handelsn\u00e6ringen og innenfor samt offentlig sektor. Man viser til at kommunen er sv\u00e6rt avhengig av Forsvarets tilstedev\u00e6relse og aktiviteter i kommunen, og at omstillingen i Forsvaret de siste \u00e5rene har skapt stor usikkerhet b\u00e5de for privatpersoner og n\u00e6ringsliv. Av den grunn er det et stort behov for \u00e5 utvikle et mer robust n\u00e6ringsliv i kommunen, og prosjektet ble iverksatt for \u00e5 utrede muligheter og foresl\u00e5 tiltak for \u00e5 utvikle n\u00e6ringsliv tilknyttet fjorden, med fokus p\u00e5 fiskeri- og havbruk. Man \u00f8nsker ogs\u00e5 \u00e5 satse p\u00e5 havbruk, og vil ha forskning p\u00e5 fjordens \u00f8kologiske tilstand. Dertil \u00f8kt uttak av sel, og en fors\u00f8ksordning med lokal forvaltning av fjorden (Porsanger kommune 2003).<\/p>\n<p>I en rapport fra prosjektet\u00a0pekes det p\u00e5 at fjorden som en gang var fiskerik og utgjorde livsnerven for befolkningen langs fjorden,\u00a0 i\u00a0 dag er n\u00e6rmest tom for fisk og i \u00f8kologisk ubalanse. Dette har svekket n\u00e6ringsgrunnlaget i vesentlig grad, og\u00a0 bygdene langs fjorden sliter med \u00e5 opprettholde en sunn befolkningsstruktur.<\/p>\n<p>I rapporten som er utarbeidet blant annet av en marinbiolog, understrekes det at \u00e5rsakene til den \u00f8kologiske ubalansen i Porsangerfjorden er sammensatt. Mulige \u00e5rsaker til reduserte mengder yngel antas \u00e5 v\u00e6re at sel og snurrevadfiske over flere \u00e5r har redusert gytefiskbestandene, og at tareskogen som skulle v\u00e6rt oppvekstomr\u00e5det for yngel er spist opp av kr\u00e5keboller. \u00c5rsakssammenhengen er ikke dokumentert, men mange observasjoner p\u00e5 mange felt over flere \u00e5r gj\u00f8r den sannsynlig (Porsanger kommune 2003).<\/p>\n<p>Presentasjon av prosjektet p\u00e5 Porsanger kommunes nettsider finner du <a title=\"her\" href=\"http:\/\/www.porsanger.no\/porsangerfjorden.39824.no.html\">her<\/a>.<\/p>\n","protected":false},"excerpt":{"rendered":"<p>Det kommunale prosjektet \u201dPorsangerfjorden tilbake til livet\u201d ble iverksatt for \u00e5 skape \u00f8kt n\u00e6ringsutvikling med utgangspunkt i fjorden. I begrunnelsen for prosjektet heter det blant annet at Porsanger har et ensidig og s\u00e5rbart n\u00e6ringsliv med mange sysselsatte innenfor service- og &hellip; <a href=\"https:\/\/site.uit.no\/favllis\/prosjekt-porsangerfjorden-tilbake-til-livet-ptl\/\">Continue reading <span class=\"meta-nav\">&rarr;<\/span><\/a><\/p>\n","protected":false},"author":120,"featured_media":0,"parent":0,"menu_order":0,"comment_status":"closed","ping_status":"closed","template":"onecolumn-page.php","meta":{"footnotes":""},"class_list":["post-2408","page","type-page","status-publish","hentry"],"_links":{"self":[{"href":"https:\/\/site.uit.no\/favllis\/wp-json\/wp\/v2\/pages\/2408","targetHints":{"allow":["GET"]}}],"collection":[{"href":"https:\/\/site.uit.no\/favllis\/wp-json\/wp\/v2\/pages"}],"about":[{"href":"https:\/\/site.uit.no\/favllis\/wp-json\/wp\/v2\/types\/page"}],"author":[{"embeddable":true,"href":"https:\/\/site.uit.no\/favllis\/wp-json\/wp\/v2\/users\/120"}],"replies":[{"embeddable":true,"href":"https:\/\/site.uit.no\/favllis\/wp-json\/wp\/v2\/comments?post=2408"}],"version-history":[{"count":1,"href":"https:\/\/site.uit.no\/favllis\/wp-json\/wp\/v2\/pages\/2408\/revisions"}],"predecessor-version":[{"id":2409,"href":"https:\/\/site.uit.no\/favllis\/wp-json\/wp\/v2\/pages\/2408\/revisions\/2409"}],"wp:attachment":[{"href":"https:\/\/site.uit.no\/favllis\/wp-json\/wp\/v2\/media?parent=2408"}],"curies":[{"name":"wp","href":"https:\/\/api.w.org\/{rel}","templated":true}]}}