{"id":27,"date":"2024-04-09T20:56:32","date_gmt":"2024-04-09T18:56:32","guid":{"rendered":"https:\/\/site.uit.no\/opptakseksamen\/?page_id=27"},"modified":"2025-10-21T15:25:03","modified_gmt":"2025-10-21T13:25:03","slug":"fase-1","status":"publish","type":"page","link":"https:\/\/site.uit.no\/opptakseksamen\/fase-1\/","title":{"rendered":"Fase 1"},"content":{"rendered":"\n<h2 class=\"wp-block-heading\">Evaluering av opptakspr\u00f8ven<\/h2>\n\n\n\n<p>Opptakspr\u00f8ven i geh\u00f8r og teori som brukes i h\u00f8yere musikkutdanning i dag ble tatt i bruk i 2017. I prosjektets f\u00f8rste fase evalueres pr\u00f8ven gjennom analyser av innhold og oppbygning, pr\u00f8veformer og hvilket kunnskapsniv\u00e5 de m\u00e5ler, og gjennom testing av studentene som har avlagt denne pr\u00f8ven i opptaket til h\u00f8yere musikkutdanning. <\/p>\n\n\n\n<p><strong>Fase 1 har best\u00e5tt av f\u00f8lgende aktiviteter:<\/strong><\/p>\n\n\n\n<ul class=\"wp-block-list\">\n<li>Innsamling og gjennomgang av dokumentasjon fra utviklingen av opptakspr\u00f8ven som brukes i dag.<\/li>\n\n\n\n<li>Testing av f\u00f8rste\u00e5rsstudentene p\u00e5 UiS, UiT og NMH h\u00f8sten 2022, 2023 og 2024.<\/li>\n\n\n\n<li>Debatt om opptakspr\u00f8vens rolle og funksjon i geh\u00f8rkollegiet.<\/li>\n\n\n\n<li>Analyser av dagens opptakspr\u00f8ve og forhenv\u00e6rende opptakspr\u00f8ve i forhold til innhold og oppbygning, oppgaveformer, poenggivingssystem, og hvilket kunnskapsniv\u00e5 som testes.<\/li>\n<\/ul>\n\n\n\n<p><strong>Resultater:<\/strong><\/p>\n\n\n\n<ul class=\"wp-block-list\">\n<li>Artikkelen <a href=\"https:\/\/cdforskning.no\/cdf\/catalog\/book\/269\" target=\"_blank\" rel=\"noreferrer noopener\">Vurdering av geh\u00f8r- og musikkteorikompetanse i opptaket til h\u00f8yere musikkutdanning<\/a><em> <\/em>(Tollefsen, Lilja &amp; Gaustad, 2025). I Vurderingsformer og tilbakemelding i kunstfaglig utdanning (Blix et al., red., 2025 ). Cappellen Damm Forskning.<\/li>\n\n\n\n<li>Den popul\u00e6rvitenskapelige artikkelen &laquo;Opptakspr\u00f8ven under lupen&raquo; (2025, Tollefsen, Lilja &amp; Gaustad). I <a href=\"https:\/\/intranett.uit.no\/Content\/877414\/cache=20250404102739\/Podium%202025%20web.pdf\" target=\"_blank\" rel=\"noreferrer noopener\">Podium #16<\/a>: Kunstnerisk intelligens, s.19 (Tollefsen, 2025). UiT.<\/li>\n\n\n\n<li>Artikkelen <a href=\"https:\/\/site.uit.no\/opptakseksamen\/wp-content\/uploads\/sites\/516\/2025\/04\/Lilja_2024_Harmony-analysis-tasks-in-the-entrance-exams-in-Norway_postprint.pdf\" target=\"_blank\" rel=\"noreferrer noopener\">&laquo;Harmony Analysis Tasks in the Music Theory Admission Test for Higher Music Education in Norway: A Proposal for Development&raquo;<\/a> I PlaySpace, vol 3, no 1(Lilja, 2024). UiS.<\/li>\n\n\n\n<li>\u00abOpptakspr\u00f8ven i teori og geh\u00f8r til h\u00f8yere musikkutdanning \u2013 et prosjekt i fem faser\u00bb. Paperpresentasjon med p\u00e5f\u00f8lgende plenumsdebatt.<a href=\"https:\/\/www.uis.no\/en\/research\/ear-training-pedagogic-conference\" data-type=\"link\" data-id=\"https:\/\/www.uis.no\/en\/research\/ear-training-pedagogic-conference\" target=\"_blank\" rel=\"noreferrer noopener\"> Skandinavisk ghe\u00f8rpedagogisk konferanse<\/a>, Stavanger (2023, Lilja, Tollefsen &amp; Gorbe-Ferrer).<\/li>\n\n\n\n<li>\u00abLas pruebas de acceso en la ensenanza superior en Noruega.&nbsp;Primeros pasos hacia una revision sistematica\u00bb. Posterpresentasjon. Congresso internacional SATSMUS: Una aproximacion pedagogica e interdisciplinary al analisis y la teoria musical, Madrid (2023, Gorbe-Ferrer, Tollefsen &amp; Lilja).<\/li>\n\n\n\n<li><a href=\"https:\/\/site.uit.no\/opptakseksamen\/wp-content\/uploads\/sites\/516\/2024\/05\/Poster-Tollefsen-Gorbe-Ferrer-Lilja_2023_CEMPE-Poster_rev2024-4.pdf\" data-type=\"link\" data-id=\"https:\/\/site.uit.no\/opptakseksamen\/wp-content\/uploads\/sites\/516\/2024\/05\/Poster-Tollefsen-Gorbe-Ferrer-Lilja_2023_CEMPE-Poster_rev2024-4.pdf\" target=\"_blank\" rel=\"noreferrer noopener\">\u00abOpptakspr\u00f8vene til h\u00f8yere musikkutdanning\u00bb. Posterpresentasjon. Cempe\/ NMH: Connection, Collaboration &amp; Co-creation \u2013 Ways forward for higher music education, Oslo (2023, Tollefsen, Gorbe-Ferrer &amp; Lilja).<\/a><\/li>\n<\/ul>\n\n\n\n\n\n<div class=\"wp-block-group\"><div class=\"wp-block-group__inner-container is-layout-constrained wp-block-group-is-layout-constrained\">\n<figure class=\"wp-block-gallery has-nested-images columns-default is-cropped wp-block-gallery-1 is-layout-flex wp-block-gallery-is-layout-flex\">\n<figure class=\"wp-block-image size-large\"><img fetchpriority=\"high\" decoding=\"async\" width=\"768\" height=\"1024\" data-id=\"247\" src=\"https:\/\/site.uit.no\/opptakseksamen\/wp-content\/uploads\/sites\/516\/2024\/04\/Laura-og-Maria-okt-23-1-768x1024.jpg\" alt=\"\" class=\"wp-image-247\" srcset=\"https:\/\/site.uit.no\/opptakseksamen\/wp-content\/uploads\/sites\/516\/2024\/04\/Laura-og-Maria-okt-23-1-768x1024.jpg 768w, https:\/\/site.uit.no\/opptakseksamen\/wp-content\/uploads\/sites\/516\/2024\/04\/Laura-og-Maria-okt-23-1-225x300.jpg 225w, https:\/\/site.uit.no\/opptakseksamen\/wp-content\/uploads\/sites\/516\/2024\/04\/Laura-og-Maria-okt-23-1-1152x1536.jpg 1152w, https:\/\/site.uit.no\/opptakseksamen\/wp-content\/uploads\/sites\/516\/2024\/04\/Laura-og-Maria-okt-23-1.jpg 1500w\" sizes=\"(max-width: 768px) 100vw, 768px\" \/><figcaption class=\"wp-element-caption\">Laura og Maria p\u00e5 CEMPES avslutningskonferanse, Oslo 2023<\/figcaption><\/figure>\n\n\n\n<figure class=\"wp-block-image size-large\"><img decoding=\"async\" width=\"768\" height=\"1024\" data-id=\"248\" src=\"https:\/\/site.uit.no\/opptakseksamen\/wp-content\/uploads\/sites\/516\/2024\/04\/Esa-feb-23-1-768x1024.jpg\" alt=\"\" class=\"wp-image-248\" srcset=\"https:\/\/site.uit.no\/opptakseksamen\/wp-content\/uploads\/sites\/516\/2024\/04\/Esa-feb-23-1-768x1024.jpg 768w, https:\/\/site.uit.no\/opptakseksamen\/wp-content\/uploads\/sites\/516\/2024\/04\/Esa-feb-23-1-225x300.jpg 225w, https:\/\/site.uit.no\/opptakseksamen\/wp-content\/uploads\/sites\/516\/2024\/04\/Esa-feb-23-1-1152x1536.jpg 1152w, https:\/\/site.uit.no\/opptakseksamen\/wp-content\/uploads\/sites\/516\/2024\/04\/Esa-feb-23-1.jpg 1500w\" sizes=\"(max-width: 768px) 100vw, 768px\" \/><figcaption class=\"wp-element-caption\">Esa p\u00e5 Skandinavisk geh\u00f8rkonferanse, Stavanger 2023<\/figcaption><\/figure>\n\n\n\n<figure class=\"wp-block-image size-large\"><img decoding=\"async\" data-id=\"249\" src=\"https:\/\/site.uit.no\/opptakseksamen\/wp-content\/uploads\/sites\/516\/2024\/04\/Maria-feb-23-768x1024.jpg\" alt=\"\" class=\"wp-image-249\" \/><figcaption class=\"wp-element-caption\">Maria p\u00e5 Skandinavisk geh\u00f8rkonferanse, Stavanger 2023<\/figcaption><\/figure>\n<\/figure>\n<\/div><\/div>\n","protected":false},"excerpt":{"rendered":"<p>Evaluering av opptakspr\u00f8ven Opptakspr\u00f8ven i geh\u00f8r og teori som brukes i h\u00f8yere musikkutdanning i dag ble tatt i bruk i 2017. I prosjektets f\u00f8rste fase evalueres pr\u00f8ven gjennom analyser av innhold og oppbygning, pr\u00f8veformer og hvilket kunnskapsniv\u00e5 de m\u00e5ler, og gjennom testing av studentene som har avlagt denne pr\u00f8ven i [&hellip;]<\/p>\n","protected":false},"author":409,"featured_media":0,"parent":0,"menu_order":0,"comment_status":"closed","ping_status":"closed","template":"","meta":{"footnotes":""},"class_list":["post-27","page","type-page","status-publish","hentry"],"_links":{"self":[{"href":"https:\/\/site.uit.no\/opptakseksamen\/wp-json\/wp\/v2\/pages\/27","targetHints":{"allow":["GET"]}}],"collection":[{"href":"https:\/\/site.uit.no\/opptakseksamen\/wp-json\/wp\/v2\/pages"}],"about":[{"href":"https:\/\/site.uit.no\/opptakseksamen\/wp-json\/wp\/v2\/types\/page"}],"author":[{"embeddable":true,"href":"https:\/\/site.uit.no\/opptakseksamen\/wp-json\/wp\/v2\/users\/409"}],"replies":[{"embeddable":true,"href":"https:\/\/site.uit.no\/opptakseksamen\/wp-json\/wp\/v2\/comments?post=27"}],"version-history":[{"count":3,"href":"https:\/\/site.uit.no\/opptakseksamen\/wp-json\/wp\/v2\/pages\/27\/revisions"}],"predecessor-version":[{"id":517,"href":"https:\/\/site.uit.no\/opptakseksamen\/wp-json\/wp\/v2\/pages\/27\/revisions\/517"}],"wp:attachment":[{"href":"https:\/\/site.uit.no\/opptakseksamen\/wp-json\/wp\/v2\/media?parent=27"}],"curies":[{"name":"wp","href":"https:\/\/api.w.org\/{rel}","templated":true}]}}