{"id":40,"date":"2014-02-27T09:19:31","date_gmt":"2014-02-27T08:19:31","guid":{"rendered":"https:\/\/site.uit.no\/ravna\/?page_id=40"},"modified":"2024-01-18T13:42:13","modified_gmt":"2024-01-18T12:42:13","slug":"andre-publikasjoner","status":"publish","type":"page","link":"https:\/\/site.uit.no\/ravna\/andre-publikasjoner\/","title":{"rendered":"B\u00f8ker"},"content":{"rendered":"<address>\n<h6><span style=\"text-decoration: underline\"><strong>2023<\/strong><\/span><\/h6>\n<p><a href=\"https:\/\/www.routledge.com\/The-Significance-of-Sami-Rights-Law-Justice-and-Sustainability-for-the\/Cambou-Ravna\/p\/book\/9781032115986\">The Significance of S\u00e1mi Rights<\/a>\u00a0&#8211; Law, Justice, and Sustainability for the Indigenous S\u00e1mi in the Nordic Countries, Routledge,\u00a0ISBN: 9781032115986<\/p>\n<p><img fetchpriority=\"high\" decoding=\"async\" src=\"https:\/\/images.routledge.com\/common\/jackets\/amazon\/978103211\/9781032115986.jpg\" alt=\"The Significance of S\u00e1mi Rights: Law, Justice, and Sustainability for the Indigenous S\u00e1mi in the Nordic Countries book cover\" width=\"220\" height=\"337\" \/><\/p>\n<p><strong>\u00d8yvind Ravna og Gunnar Ketil Eriksen<\/strong><\/p>\n<p><a href=\"https:\/\/utdanning.cappelendamm.no\/_allmenningsretten-i-norge-oyvind-ravna-gunnar-ketil-eriksen-9788202764999\">Allmenningsretten i Norge<\/a>\u00a0&#8211; Ulike regler for like arealer, Cappelen Damm Akademisk, ISBN:\u00a09788202764999<\/p>\n<p><img decoding=\"async\" src=\"https:\/\/utdanning.cappelendamm.no\/sek-asset\/products\/9788202764999.jpg?w=325\" alt=\"Allmenningsretten i Norge av \u00d8yvind Ravna og Gunnar Ketil Eriksen (Innbundet)\" width=\"220\" height=\"313\" \/><\/p>\n<h6><span style=\"text-decoration: underline\"><strong>2019<\/strong><\/span><\/h6>\n<p><strong>Stephen Allen, Nigel Bankes og \u00d8yvind Ravna<\/strong><\/p>\n<p><a href=\"https:\/\/www.bloomsburyprofessional.com\/uk\/the-rights-of-indigenous-peoples-in-marine-areas-9781509928644\/\">The Rights of Indigenous Peoples in Marine Areas<\/a>, Hart Publishing, ISBN: 9781509928644<\/p>\n<p><img decoding=\"async\" src=\"https:\/\/media.bloomsbury.com\/rep\/bj\/9781509928644.jpg?__hstc=187102519.3ae7a15e20174f1c69da47b1de394ceb.1609849457960.1609849457960.1609849457960.1&amp;__hssc=187102519.1.1609849457960&amp;__hsfp=705124667\" alt=\"The Rights of Indigenous Peoples in Marine Areas\" width=\"220\" height=\"330\" \/><\/p>\n<p><strong>\u00d8yvind Ravna<\/strong><\/p>\n<p><a href=\"https:\/\/www.gyldendal.no\/faglitteratur\/jus\/juridiske-fag\/same-og-reindriftsrett\">Same- og Reindriftsrett<\/a>, Gyldendal Norsk Forlag, ISBN:\u00a09788205509535<\/p>\n<p><img loading=\"lazy\" decoding=\"async\" src=\"https:\/\/cdn.gyldendal.no\/remote.axd?https:\/\/ez.gyldendal.no\/var\/ezwebin_site\/storage\/images\/gyldendal\/faglitteratur\/jus\/juridiske-fag\/same-og-reindriftsrett\/14357611-1-nor-NO\/Same-og-reindriftsrett.jpg?width=300&amp;quality=80\" alt=\"Same- og reindriftsrett\" width=\"220\" height=\"323\" \/><\/p>\n<h6><span style=\"text-decoration: underline\"><strong>2018<\/strong><\/span><\/h6>\n<p><strong>\u00d8yvind Ravna<\/strong><\/p>\n<p><a href=\"https:\/\/www.orkana.no\/product\/fra-little-bighorn-til-standing-rock\">Fra Little Bighorn til Standing Rock. En moderne indianerhistorie<\/a>, Orkana Forlag, ISBN:\u00a09788281043350<\/p>\n<p><a href=\"https:\/\/fb.watch\/2TXp6-ew1N\/\">Se video om boka her!<\/a><\/p>\n<p><img loading=\"lazy\" decoding=\"async\" src=\"https:\/\/www.haugenbok.no\/sites\/default\/files\/styles\/product_zoom\/public\/products\/9788281043350.jpg?itok=W1FW5AT9\" alt=\"\" width=\"220\" height=\"261\" \/><\/p>\n<h6><span style=\"text-decoration: underline\"><strong>2014<\/strong><\/span><\/h6>\n<p><strong>\u00d8yvind Ravna<\/strong><\/p>\n<p><a href=\"https:\/\/www.orkana.no\/product\/gjennom-sibir-med-nansen\/\">Gjennom Sibir ned Nansen<\/a>.<a href=\"http:\/\/www.itromso.no\/nyheter\/article10432596.ece\">(omtale)<\/a>\u00a0Orkana Forlag 2014 ISBN 978-82-8104-250-6.<\/p>\n<p><img loading=\"lazy\" decoding=\"async\" class=\"\" src=\"https:\/\/www.orkana.no\/wp-content\/uploads\/2018\/11\/full_11e30c422cff85407134d316efa507f6.jpg\" width=\"220\" height=\"268\" \/><\/p>\n<h6><span style=\"text-decoration: underline\"><strong>2013<\/strong><\/span><\/h6>\n<p><strong>\u00d8yvind Ravna<\/strong><\/p>\n<p>Finnmarksloven og retten til jorden i Finnmark, Gyldendal Juridisk, ISBN:\u00a09788205425057<\/p>\n<p><img loading=\"lazy\" decoding=\"async\" src=\"https:\/\/www.bokkilden.no\/servlet\/VisBildeServlet?produktId=8974238&amp;width=350\" alt=\"Finnmarksloven - og retten til jorden i Finnmark - \u00d8yvind Ravna \" width=\"220\" height=\"315\" \/><\/p>\n<h6><span style=\"text-decoration: underline\"><strong>2012<\/strong><\/span><\/h6>\n<p><strong>Tore Henriksen (red.) og \u00d8yvind Ravna (red.)<\/strong><\/p>\n<p>Juss i nord: Hav, fisk og urfolk. Gyldendal Juridisk ISBN 978-82-05-43174-4<\/p>\n<p><img loading=\"lazy\" decoding=\"async\" class=\"\" src=\"https:\/\/static.bokelskere.no\/9992295ddb6ba5139f7dafb8ec338b9772d70c95f7ec2bbeb791fd2b.jpeg\" alt=\"&quot;Juss i nord - hav, fisk og urfolk&quot; av Tore Henriksen\" width=\"220\" height=\"308\" \/><\/p>\n<h6><span style=\"text-decoration: underline\"><strong>2011<\/strong><\/span><\/h6>\n<p><strong>\u00d8yvind Ravna og Jan J. Olli<\/strong><\/p>\n<p>Sedvanerettslig oppfatninger om arealbruk blant reindriftsut\u00f8vere. Kautokeino: S\u00e1mi allaskuvla,\u00a0Diedut \/ S\u00e1mi instituhtta, ISBN:\u00a09788273670274<\/p>\n<p><img loading=\"lazy\" decoding=\"async\" class=\"\" src=\"https:\/\/samas.brage.unit.no\/samas-xmlui\/bitstream\/handle\/11250\/177055\/Diedut_2011_2_FORSIDE.jpg?sequence=9&amp;isAllowed=y\" alt=\"\" width=\"220\" height=\"310\" \/><\/p>\n<h6><em><strong>2009<\/strong><\/em><\/h6>\n<p><strong>\u00d8yvind Ravna<\/strong><\/p>\n<p>Perspektiver p\u00e5 jordskifte. Gyldendal Akademisk. ISBN 978-82-05-39080-5<\/p>\n<p><img loading=\"lazy\" decoding=\"async\" class=\"\" src=\"https:\/\/cdn.gyldendal.no\/remote.axd?https:\/\/ez.gyldendal.no\/var\/ezwebin_site\/storage\/images\/gyldendal\/faglitteratur\/jus\/juridiske-fag\/perspektiver-paa-jordskifte\/584996-1-nor-NO\/Perspektiver-paa-jordskifte.jpg?width=300&amp;quality=80\" alt=\"Perspektiver p\u00e5 jordskifte\" width=\"220\" height=\"327\" \/><\/p>\n<h6><span style=\"text-decoration: underline\"><strong>2008<\/strong><\/span><\/h6>\n<p><strong>\u00d8yvind Ravna<\/strong><\/p>\n<p>Rettsutgreiing og bruksordning i reindriftsomr\u00e5der. En unders\u00f8kelse med henblikk p\u00e5 bruk av jordskiftelovgivningens virkemidler. Gyldendal Akademisk. ISBN 978-82-05-38730-0.<\/p>\n<p><img loading=\"lazy\" decoding=\"async\" class=\"\" src=\"https:\/\/pim.bibsent.no\/thumbs\/ImageImport\/97\/1000\/1000\/9788205387300.jpg\" alt=\"Rettsutgreiing og bruksordning i reindriftsomr\u00e5der : en unders\u00f8kelse med henblikk p\u00e5 bruk av jordskiftelovgivningens virkemidler : ressursperm : lese-\" width=\"220\" height=\"323\" \/><\/p>\n<h6><span style=\"text-decoration: underline\"><strong>2007<\/strong><\/span><\/h6>\n<p><strong>\u00d8yvind Ravna\u00a0(red.)<\/strong><\/p>\n<p><a href=\"https:\/\/www.universitetsforlaget.no\/areal-og-eiendomsrett-1\">Areal og eiendomsrett<\/a>, Universitetsforlaget. ISBN 978-82-15-01006-9<\/p>\n<p><img loading=\"lazy\" decoding=\"async\" class=\"\" src=\"https:\/\/www.universitetsforlaget.no\/media\/catalog\/product\/cache\/d1553489e51b9a70be60b3d458cd83ac\/9\/7\/9788215010069_b54e4508d3dd3120804212ca9df1af4f.jpg\" alt=\"Areal og eiendomsrett\" width=\"220\" height=\"310\" \/><\/p>\n<p><strong>\u00d8yvind Ravna<\/strong><\/p>\n<p>Reindriftssamer &#8211; Fire \u00e5rhundrer og \u00e5tte \u00e5rstider med Varangersiidaene \/ Boazodoallos\u00e1mit &#8211; Njeallje jahkecuodi ja g\u00e1vcci jagi\u00e1iggi V\u00e1rjjatsiiddaiguin. ISBN 978-82-90625-57-8.<\/p>\n<p><img loading=\"lazy\" decoding=\"async\" class=\"\" src=\"https:\/\/pim.bibsent.no\/thumbs\/ImageImport\/97\/1000\/1000\/9788290625578.jpg\" alt=\"Reindriftssamer : fire \u00e5rhundrer og \u00e5tte \u00e5rstider med Varangersiidaene\" width=\"220\" height=\"255\" \/><\/p>\n<\/address>\n","protected":false},"excerpt":{"rendered":"<p>2023 The Significance of S\u00e1mi Rights\u00a0&#8211; Law, Justice, and Sustainability for the Indigenous S\u00e1mi in the Nordic Countries, Routledge,\u00a0ISBN: 9781032115986 \u00d8yvind Ravna og Gunnar Ketil Eriksen Allmenningsretten i Norge\u00a0&#8211; Ulike regler for like arealer, Cappelen Damm Akademisk, ISBN:\u00a09788202764999 2019 Stephen &hellip; <a href=\"https:\/\/site.uit.no\/ravna\/andre-publikasjoner\/\">Les videre <span class=\"meta-nav\">&rarr;<\/span><\/a><\/p>\n","protected":false},"author":362,"featured_media":0,"parent":0,"menu_order":5,"comment_status":"closed","ping_status":"closed","template":"","meta":{"footnotes":""},"class_list":["post-40","page","type-page","status-publish","hentry"],"_links":{"self":[{"href":"https:\/\/site.uit.no\/ravna\/wp-json\/wp\/v2\/pages\/40","targetHints":{"allow":["GET"]}}],"collection":[{"href":"https:\/\/site.uit.no\/ravna\/wp-json\/wp\/v2\/pages"}],"about":[{"href":"https:\/\/site.uit.no\/ravna\/wp-json\/wp\/v2\/types\/page"}],"author":[{"embeddable":true,"href":"https:\/\/site.uit.no\/ravna\/wp-json\/wp\/v2\/users\/362"}],"replies":[{"embeddable":true,"href":"https:\/\/site.uit.no\/ravna\/wp-json\/wp\/v2\/comments?post=40"}],"version-history":[{"count":3,"href":"https:\/\/site.uit.no\/ravna\/wp-json\/wp\/v2\/pages\/40\/revisions"}],"predecessor-version":[{"id":129,"href":"https:\/\/site.uit.no\/ravna\/wp-json\/wp\/v2\/pages\/40\/revisions\/129"}],"wp:attachment":[{"href":"https:\/\/site.uit.no\/ravna\/wp-json\/wp\/v2\/media?parent=40"}],"curies":[{"name":"wp","href":"https:\/\/api.w.org\/{rel}","templated":true}]}}