{"id":2,"date":"2019-10-28T09:36:35","date_gmt":"2019-10-28T09:36:35","guid":{"rendered":"https:\/\/site.uit.no\/sommerseminaret2020\/?page_id=2"},"modified":"2021-06-07T17:22:24","modified_gmt":"2021-06-07T15:22:24","slug":"home","status":"publish","type":"page","link":"https:\/\/site.uit.no\/sommerseminaret2020\/","title":{"rendered":"Hjemmeside"},"content":{"rendered":"<h3 style=\"text-align: left\">UiT Norges Arktiske Universitet\u00a0arrangerer\u00a0NORKOGs Sommerseminar <span style=\"color: #000000\">10.-11. juni 2021<\/span><\/h3>\n<h5><span style=\"color: #000000\">Kognitivt sommerseminar ble f\u00f8rste gang arrangert i Bergen i 2006, og \u00e5rets arrangement i Troms\u00f8 er det niende i rekken. Seminaret arrangeres av forskningsgruppen CLEAR (Cognitive Linguistics: Empirical Approaches to Russian) og NORKOG, den norske foreningen for kognitiv lingvistikk. Sommerseminaret er en m\u00f8teplass for alle kognitive lingvister i Norge og andre som er interessert i kognitiv lingvistikk i vid forstand.<\/span><\/h5>\n<hr \/>\n<h5><span style=\"color: #000000\"><strong>Det er en glede for oss \u00e5 informere om at NORKOGs kognitive seminar, som p\u00e5 grunn av koronakrisen ikke kunne arrangeres i 2020, vil avholdes digitalt 10.-11. juni 2021.\u00a0<\/strong><\/span><\/h5>\n<h5><span style=\"color: #000000\">Alle som fikk sine sammendrag antatt til konferansen i 2020, kan holde sine planlagte foredrag i 2021, men de som \u00f8nsker \u00e5 endre tema, st\u00e5r fritt til \u00e5 gj\u00f8re det. Vi \u00f8nsker ogs\u00e5 nye deltagere velkommen. Mer informasjon vil komme senere.<\/span><\/h5>\n<h5><span style=\"color: #000000\">Arrangementskomiteen har p\u00e5 grunn av den usikre pandemisituasjonen, samt nasjonale- og lokale smitteverntiltak bestemt at NORKOGs Sommerseminar i \u00e5r vil bli avholdt digitalt.<\/span><\/h5>\n<h5><span style=\"color: #000000\">For \u00e5 unng\u00e5 misforst\u00e5elser har \u00e5rets seminar f\u00e5tt navnet NORKOGs Sommerseminar 2020\/2021.<\/span><\/h5>\n<h5>Vi \u00f8nsker \u00e5 beholde norsk (alt. skandinavisk) som arbeidsspr\u00e5k p\u00e5 sommerseminaret.<\/h5>\n<hr \/>\n<h5>Vi vil ogs\u00e5 informere om to andre begivenheter som vil finne sted i Troms\u00f8 i juni 2021, og som kan v\u00e6re av interesse for deltagerne p\u00e5 NORKOGs sommerseminar:<\/h5>\n<ol>\n<li>\n<h5><a href=\"https:\/\/site.uit.no\/clear\/sclc-2020\/\" target=\"_blank\" rel=\"noopener\">Slavic Cognitive Linguistics Conference<\/a> vil finne sted\u00a0 4.-6. Juni med Martin Haspelmath og Sergey Say som plenarforelesere.<\/h5>\n<\/li>\n<li>\n<h5>Et kurs i statistikk\u00a0<a href=\"https:\/\/site.uit.no\/sommerseminaret2020\/wp-content\/uploads\/sites\/446\/2019\/11\/Statistical-Modeling-for-Linguists.pdf\" target=\"_blank\" rel=\"noopener\">Statistical Modeling for Linguists\u00a0<\/a>arrangeres 7.-9. juni 2021.\u00a0<span style=\"color: inherit;font-family: inherit\">Underviseren er <\/span><a style=\"font-family: inherit;font-weight: bold\" href=\"https:\/\/www.birmingham.ac.uk\/staff\/profiles\/elal\/winter-bodo.aspx\" target=\"_blank\" rel=\"noopener\">Bodo Winter<\/a><span style=\"color: inherit;font-family: inherit\"> (University of Birmingham, UK).\u00a0<\/span>For mer informasjon om dette kurset, ta kontakt med den lokale arrang\u00f8ren, Gillian Ramchand (<a href=\"mailto:gillian.ramchand@uit.no\">gillian.ramchand@uit.no<\/a>).<\/h5>\n<\/li>\n<\/ol>\n<hr \/>\n<h4>Tidslinje for\u00a0NORKOGs Sommerseminar 2020\/2021:<\/h4>\n<ul>\n<li>\n<h5>08.02.2020 \u00a0 \u00a0 \u00a0 \u00a0 \u00a0 Frist for \u00e5 sende inn <a href=\"https:\/\/site.uit.no\/sommerseminaret2020\/sammendrag\/\" target=\"_blank\" rel=\"noopener\">sammendrag<\/a><\/h5>\n<\/li>\n<li>\n<h5>01.03.2020 \u00a0 \u00a0 \u00a0 \u00a0 \u00a0 Frist for \u00e5 f\u00e5 tilbakemelding om sammendrag er godtatt<\/h5>\n<\/li>\n<li>\n<h5><del>01.04.2020<\/del> \u00a0 \u00a0 \u00a0 \u00a0 \u00a0 Frist for \u00e5 <span style=\"text-decoration: underline\"><a href=\"https:\/\/nettskjema.no\/a\/sommerseminaret-2020\">registrere<\/a> <\/span>p\u00e5 forh\u00e5nd\u00a0(registrering er gratis, men bare de som registrerer p\u00e5 forh\u00e5nd, f\u00e5r gratis konferansemiddag)<\/h5>\n<\/li>\n<li>\n<h5><del>04.-05.06.2020 \u00a0 \u00a0\u00a0NORKOGs Sommerseminar 2020<\/del><\/h5>\n<\/li>\n<li>\n<h5>19.04.2021\u00a0 \u00a0 \u00a0 \u00a0 \u00a0 \u00a0Frist for \u00e5 <a href=\"https:\/\/nettskjema.no\/a\/197713\" target=\"_blank\" rel=\"noopener\">bekrefte din deltakelse<\/a> p\u00e5 seminaret<\/h5>\n<\/li>\n<li>\n<h5>10.-11.06.2021 \u00a0 \u00a0 NORKOGs Sommerseminar 2020\/2021<\/h5>\n<\/li>\n<\/ul>\n<hr \/>\n<h5><\/h5>\n<h5><\/h5>\n<p><a href=\"https:\/\/uit.no\/startsida\" target=\"_blank\" rel=\"noopener\"><img decoding=\"async\" class=\"wp-image-141 alignleft\" src=\"https:\/\/site.uit.no\/sommerseminaret2020\/wp-content\/uploads\/sites\/446\/2019\/11\/UiT_Segl_Bok_Bla_960px-300x300.png\" alt=\"\" width=\"142\" height=\"142\" srcset=\"https:\/\/site.uit.no\/sommerseminaret2020\/wp-content\/uploads\/sites\/446\/2019\/11\/UiT_Segl_Bok_Bla_960px-300x300.png 300w, https:\/\/site.uit.no\/sommerseminaret2020\/wp-content\/uploads\/sites\/446\/2019\/11\/UiT_Segl_Bok_Bla_960px-150x150.png 150w, https:\/\/site.uit.no\/sommerseminaret2020\/wp-content\/uploads\/sites\/446\/2019\/11\/UiT_Segl_Bok_Bla_960px-768x768.png 768w, https:\/\/site.uit.no\/sommerseminaret2020\/wp-content\/uploads\/sites\/446\/2019\/11\/UiT_Segl_Bok_Bla_960px.png 960w\" sizes=\"(max-width: 142px) 100vw, 142px\" \/><\/a><a href=\"https:\/\/www.hivolda.no\/forsking\/forskingsnettverk\/norkog\" target=\"_blank\" rel=\"noopener\"><img decoding=\"async\" class=\"wp-image-26 alignleft\" src=\"https:\/\/site.uit.no\/sommerseminaret2020\/wp-content\/uploads\/sites\/446\/2019\/10\/norkog_v2-300x113.jpg\" alt=\"\" width=\"343\" height=\"129\" srcset=\"https:\/\/site.uit.no\/sommerseminaret2020\/wp-content\/uploads\/sites\/446\/2019\/10\/norkog_v2-300x113.jpg 300w, https:\/\/site.uit.no\/sommerseminaret2020\/wp-content\/uploads\/sites\/446\/2019\/10\/norkog_v2.jpg 620w\" sizes=\"(max-width: 343px) 100vw, 343px\" \/><\/a><\/p>\n<p>&nbsp;<\/p>\n<p><a href=\"https:\/\/site.uit.no\/clear\/\" target=\"_blank\" rel=\"noopener\"><img decoding=\"async\" class=\"wp-image-153 alignnone\" src=\"https:\/\/site.uit.no\/sommerseminaret2020\/wp-content\/uploads\/sites\/446\/2019\/11\/clear3large-300x91.png\" alt=\"\" width=\"320\" height=\"97\" srcset=\"https:\/\/site.uit.no\/sommerseminaret2020\/wp-content\/uploads\/sites\/446\/2019\/11\/clear3large-300x91.png 300w, https:\/\/site.uit.no\/sommerseminaret2020\/wp-content\/uploads\/sites\/446\/2019\/11\/clear3large-768x232.png 768w, https:\/\/site.uit.no\/sommerseminaret2020\/wp-content\/uploads\/sites\/446\/2019\/11\/clear3large.png 779w\" sizes=\"(max-width: 320px) 100vw, 320px\" \/><\/a><\/p>\n","protected":false},"excerpt":{"rendered":"<p>UiT Norges Arktiske Universitet\u00a0arrangerer\u00a0NORKOGs Sommerseminar 10.-11. juni 2021 Kognitivt sommerseminar ble f\u00f8rste gang arrangert i Bergen i 2006, og \u00e5rets arrangement i Troms\u00f8 er det niende i rekken. Seminaret arrangeres av forskningsgruppen CLEAR (Cognitive Linguistics: Empirical Approaches to Russian) og &hellip; <a href=\"https:\/\/site.uit.no\/sommerseminaret2020\/\">Continued<\/a><\/p>\n","protected":false},"author":1052,"featured_media":0,"parent":0,"menu_order":1,"comment_status":"closed","ping_status":"open","template":"","meta":{"footnotes":""},"class_list":["post-2","page","type-page","status-publish","hentry"],"_links":{"self":[{"href":"https:\/\/site.uit.no\/sommerseminaret2020\/wp-json\/wp\/v2\/pages\/2","targetHints":{"allow":["GET"]}}],"collection":[{"href":"https:\/\/site.uit.no\/sommerseminaret2020\/wp-json\/wp\/v2\/pages"}],"about":[{"href":"https:\/\/site.uit.no\/sommerseminaret2020\/wp-json\/wp\/v2\/types\/page"}],"author":[{"embeddable":true,"href":"https:\/\/site.uit.no\/sommerseminaret2020\/wp-json\/wp\/v2\/users\/1052"}],"replies":[{"embeddable":true,"href":"https:\/\/site.uit.no\/sommerseminaret2020\/wp-json\/wp\/v2\/comments?post=2"}],"version-history":[{"count":46,"href":"https:\/\/site.uit.no\/sommerseminaret2020\/wp-json\/wp\/v2\/pages\/2\/revisions"}],"predecessor-version":[{"id":251,"href":"https:\/\/site.uit.no\/sommerseminaret2020\/wp-json\/wp\/v2\/pages\/2\/revisions\/251"}],"wp:attachment":[{"href":"https:\/\/site.uit.no\/sommerseminaret2020\/wp-json\/wp\/v2\/media?parent=2"}],"curies":[{"name":"wp","href":"https:\/\/api.w.org\/{rel}","templated":true}]}}