{"id":135,"date":"2014-11-17T09:35:02","date_gmt":"2014-11-17T08:35:02","guid":{"rendered":"https:\/\/site.uit.no\/ubkvensk\/?page_id=135"},"modified":"2014-11-17T09:39:51","modified_gmt":"2014-11-17T08:39:51","slug":"kvenseminaret-2014_presentasjonar","status":"publish","type":"page","link":"https:\/\/site.uit.no\/ubkvensk\/kvenseminaret-2014_presentasjonar\/","title":{"rendered":"Presentasjonar"},"content":{"rendered":"<p>Presentasjonane fr\u00e5 seminaret er no tilgjengelege:<\/p>\n<p><strong>Dag 1:<\/strong><\/p>\n<ul>\n<li><a href=\"https:\/\/site.uit.no\/ubkvensk\/wp-content\/uploads\/sites\/191\/2014\/11\/Raisanen_Conzett.pdf\" target=\"_blank\">Resultat fr\u00e5 ELDIA-unders\u00f8kinga v\/ Anna-Kaisa R\u00e4is\u00e4nen (Ule\u00e5borgs universitet) og Philipp Conzett (UiT Noregs arktiske universitet)<\/a><\/li>\n<li><a href=\"https:\/\/site.uit.no\/ubkvensk\/wp-content\/uploads\/sites\/191\/2014\/11\/Seppola.pdf\" target=\"_blank\">Spr\u00e5ksituasjonen for kvensk v\/ Bj\u00f8rnar Seppola (Kvenlandsforbundet)<\/a><\/li>\n<li><a href=\"https:\/\/site.uit.no\/ubkvensk\/wp-content\/uploads\/sites\/191\/2014\/11\/Keranen.pdf\" target=\"_blank\">Normering av kvensk v\/ Mari Ker\u00e4nen (UiT Noregs arktiske universitet)<\/a><\/li>\n<li><a href=\"https:\/\/site.uit.no\/ubkvensk\/wp-content\/uploads\/sites\/191\/2014\/11\/Soderholm.pdf\" target=\"_blank\">Kvensk grammatikk v\/ Eira S\u00f6derholm (UiT Noregs arktiske universitet)<\/a><\/li>\n<li><a href=\"https:\/\/site.uit.no\/ubkvensk\/wp-content\/uploads\/sites\/191\/2014\/11\/Skanke.pdf\" target=\"_blank\">Kvensk ordbok p\u00e5 nett v\/ Hilde Skanke (Kainun institutti &#8211; Kvensk institutt)<\/a><\/li>\n<li><a href=\"https:\/\/site.uit.no\/ubkvensk\/wp-content\/uploads\/sites\/191\/2014\/11\/Eriksen.pdf\" target=\"_blank\">L\u00e6reb\u00f8ker i kvensk v\/ Agnes Eriksen (Lakselv skole)<\/a><\/li>\n<li><a href=\"https:\/\/site.uit.no\/ubkvensk\/wp-content\/uploads\/sites\/191\/2014\/11\/Burman.pdf\" target=\"_blank\">Eksamen og vurdering i finsk som andrespr\u00e5k v\/ Matilda Burman (Utdanningsdirektoratet)<\/a><\/li>\n<li><a href=\"https:\/\/site.uit.no\/ubkvensk\/wp-content\/uploads\/sites\/191\/2014\/11\/Koivulehto.pdf\" target=\"_blank\">Kvensk i media v\/ Liisa Koivulehto (Ruijan Kaiku)<\/a><\/li>\n<li><a href=\"https:\/\/site.uit.no\/ubkvensk\/wp-content\/uploads\/sites\/191\/2014\/11\/Andreassen.pdf\" target=\"_blank\">Kvenske stedsnavn v\/ Irene Andreassen (Kvensk stedsnavntjeneste)<\/a><\/li>\n<li><a href=\"https:\/\/site.uit.no\/ubkvensk\/wp-content\/uploads\/sites\/191\/2014\/11\/Pasanen.pdf\" target=\"_blank\">Revitalization of Arctic minority languages &#8211; mission impossible? v\/ Annika Pasanen (Helsingfors universitet)<\/a><\/li>\n<\/ul>\n<p><strong>Dag 2:<\/strong><\/p>\n<ul>\n<li><a href=\"https:\/\/site.uit.no\/ubkvensk\/wp-content\/uploads\/sites\/191\/2014\/11\/Ryssdal.pdf\" target=\"_blank\">Nasjonal kvensk bibliotekteneste v\/ R\u00f8nnaug Ryssdal (Finnmark fylkesbibliotek)<\/a><\/li>\n<li><a href=\"https:\/\/site.uit.no\/ubkvensk\/wp-content\/uploads\/sites\/191\/2014\/11\/Niiranen.pdf\" target=\"_blank\">Kvensk i barnehagen v\/ Leena Niiranen (UiT Noregs arktiske universitet)<\/a><\/li>\n<li><a href=\"https:\/\/site.uit.no\/ubkvensk\/wp-content\/uploads\/sites\/191\/2014\/11\/Seljevold.pdf\" target=\"_blank\">Materiell kultur i revitaliseringa av kvensk: Eksempler fra etnografiske filmopptak v\/ Sirkka Seljevold (UiT Noregs arktiske universitet)<\/a><\/li>\n<li><a href=\"https:\/\/site.uit.no\/ubkvensk\/wp-content\/uploads\/sites\/191\/2014\/11\/Maliniemi.pdf\" target=\"_blank\">Kvensk litteratur v\/ Kaisa Maliniemi (Vads\u00f8 museum &#8211; Ruija kvenmuseum)<\/a><\/li>\n<li><a href=\"https:\/\/site.uit.no\/ubkvensk\/wp-content\/uploads\/sites\/191\/2014\/11\/Huss.pdf\" target=\"_blank\">Nya former av minoritetssamarbete i Sverige v\/ Leena Huss (Uppsala universitet\/UiT Noregs arktiske universitet)<\/a><\/li>\n<\/ul>\n<p><a href=\"https:\/\/site.uit.no\/ubkvensk\/wp-content\/uploads\/sites\/191\/2014\/11\/Huss.pdf\" target=\"_blank\">\u00a0<\/a><a href=\"https:\/\/site.uit.no\/ubkvensk\/kvenseminaret-2014\/\">Tilbake til hovudmenyen for seminaret<\/a><\/p>\n<p>&nbsp;<\/p>\n<p>&nbsp;<\/p>\n<p>&nbsp;<\/p>\n<p>&nbsp;<\/p>\n<p>&nbsp;<\/p>\n<p>&nbsp;<\/p>\n","protected":false},"excerpt":{"rendered":"<p>Presentasjonane fr\u00e5 seminaret er no tilgjengelege: Dag 1: Resultat fr\u00e5 ELDIA-unders\u00f8kinga v\/ Anna-Kaisa R\u00e4is\u00e4nen (Ule\u00e5borgs universitet) og Philipp Conzett (UiT Noregs arktiske universitet) Spr\u00e5ksituasjonen for kvensk v\/ Bj\u00f8rnar Seppola (Kvenlandsforbundet) Normering av kvensk v\/ Mari Ker\u00e4nen (UiT Noregs arktiske universitet) &hellip; <a href=\"https:\/\/site.uit.no\/ubkvensk\/kvenseminaret-2014_presentasjonar\/\">Les videre <span class=\"meta-nav\">&rarr;<\/span><\/a><\/p>\n","protected":false},"author":425,"featured_media":0,"parent":0,"menu_order":0,"comment_status":"closed","ping_status":"closed","template":"","meta":{"footnotes":""},"class_list":["post-135","page","type-page","status-publish","hentry"],"_links":{"self":[{"href":"https:\/\/site.uit.no\/ubkvensk\/wp-json\/wp\/v2\/pages\/135","targetHints":{"allow":["GET"]}}],"collection":[{"href":"https:\/\/site.uit.no\/ubkvensk\/wp-json\/wp\/v2\/pages"}],"about":[{"href":"https:\/\/site.uit.no\/ubkvensk\/wp-json\/wp\/v2\/types\/page"}],"author":[{"embeddable":true,"href":"https:\/\/site.uit.no\/ubkvensk\/wp-json\/wp\/v2\/users\/425"}],"replies":[{"embeddable":true,"href":"https:\/\/site.uit.no\/ubkvensk\/wp-json\/wp\/v2\/comments?post=135"}],"version-history":[{"count":5,"href":"https:\/\/site.uit.no\/ubkvensk\/wp-json\/wp\/v2\/pages\/135\/revisions"}],"predecessor-version":[{"id":157,"href":"https:\/\/site.uit.no\/ubkvensk\/wp-json\/wp\/v2\/pages\/135\/revisions\/157"}],"wp:attachment":[{"href":"https:\/\/site.uit.no\/ubkvensk\/wp-json\/wp\/v2\/media?parent=135"}],"curies":[{"name":"wp","href":"https:\/\/api.w.org\/{rel}","templated":true}]}}